{"id":1109,"date":"2017-07-25T08:28:18","date_gmt":"2017-07-25T08:28:18","guid":{"rendered":"http:\/\/localhost\/blessing\/?page_id=57"},"modified":"2025-07-19T05:28:41","modified_gmt":"2025-07-19T03:28:41","slug":"home","status":"publish","type":"page","link":"https:\/\/gorkakoscielnicka.pl\/","title":{"rendered":"Home"},"content":{"rendered":"<p>[vc_row fullwidth=&#8221;yes&#8221; css=&#8221;.vc_custom_1501668917565{padding-top: 0px !important;padding-bottom: 0px !important;}&#8221;][vc_column]\n\t\t\t<!-- START Home 1 REVOLUTION SLIDER 6.5.5 --><p class=\"rs-p-wp-fix\"><\/p>\n\t\t\t<rs-module-wrap id=\"rev_slider_1_1_wrapper\" data-source=\"gallery\" style=\"visibility:hidden;background:transparent;padding:0;margin:0px auto;margin-top:0px;margin-bottom:0px;\">\n\t\t\t\t<rs-module id=\"rev_slider_1_1\" style=\"\" data-version=\"6.5.5\">\n\t\t\t\t\t<rs-slides>\n\t\t\t\t\t\t<rs-slide style=\"position: absolute;\" data-key=\"rs-1\" data-title=\"Slide\" data-thumb=\"\/\/gorkakoscielnicka.pl\/wp-content\/uploads\/2023\/06\/IMG_0779-100x50.jpg\" data-anim=\"p:transparent;\" data-in=\"o:0;\" data-out=\"o:0;\" data-mediafilter=\"xpro2\">\n\t\t\t\t\t\t\t<img loading=\"lazy\" decoding=\"async\" src=\"\/\/gorkakoscielnicka.pl\/wp-content\/plugins\/revslider\/public\/assets\/assets\/dummy.png\" title=\"IMG_0779\" width=\"2048\" height=\"1152\" class=\"rev-slidebg tp-rs-img rs-lazyload\" data-lazyload=\"\/\/gorkakoscielnicka.pl\/wp-content\/uploads\/2023\/06\/IMG_0779.jpg\" data-no-retina>\n<!--\n\t\t\t\t\t\t\t--><rs-layer\n\t\t\t\t\t\t\t\tid=\"slider-1-slide-1-layer-1\" \n\t\t\t\t\t\t\t\tclass=\"border-v\"\n\t\t\t\t\t\t\t\tdata-type=\"text\"\n\t\t\t\t\t\t\t\tdata-rsp_ch=\"on\"\n\t\t\t\t\t\t\t\tdata-xy=\"xo:540px;y:m;\"\n\t\t\t\t\t\t\t\tdata-text=\"l:22;a:inherit;\"\n\t\t\t\t\t\t\t\tdata-frame_0=\"y:top;o:1;\"\n\t\t\t\t\t\t\t\tdata-frame_1=\"e:easeInOutCubic;st:2490;sp:800;sR:2490;\"\n\t\t\t\t\t\t\t\tdata-frame_999=\"y:top;e:easeInOutCubic;st:w;sp:400;sR:11710;\"\n\t\t\t\t\t\t\t\tstyle=\"z-index:8;font-family:'Open Sans';\"\n\t\t\t\t\t\t\t> \n\t\t\t\t\t\t\t<\/rs-layer><!--\n\n\t\t\t\t\t\t\t--><rs-layer\n\t\t\t\t\t\t\t\tid=\"slider-1-slide-1-layer-3\" \n\t\t\t\t\t\t\t\tdata-type=\"text\"\n\t\t\t\t\t\t\t\tdata-color=\"#fff\"\n\t\t\t\t\t\t\t\tdata-rsp_ch=\"on\"\n\t\t\t\t\t\t\t\tdata-xy=\"x:c;y:m;yo:227px,227px,227px,230px;\"\n\t\t\t\t\t\t\t\tdata-text=\"w:normal;s:42,42,42,25;l:47,47,47,28;ls:1,1,1,0;fw:900;a:center;\"\n\t\t\t\t\t\t\t\tdata-dim=\"w:882px,882px,882px,377px;minh:0,0,0,none;\"\n\t\t\t\t\t\t\t\tdata-frame_1=\"x:0px,0px,0px,-1px;y:0px,0px,0px,-289px;st:1450;sp:1710;sR:1450;\"\n\t\t\t\t\t\t\t\tdata-frame_999=\"o:0;st:w;sR:11840;\"\n\t\t\t\t\t\t\t\tstyle=\"z-index:11;font-family:'Roboto';\"\n\t\t\t\t\t\t\t>PARAFIA PW. WSZYSTKICH \u015aWI\u0118TYCH<br \/>\nKRAK\u00d3W - G\u00d3RKA KO\u015aCIELNICKA \n\t\t\t\t\t\t\t<\/rs-layer><!--\n\n\t\t\t\t\t\t\t--><rs-layer\n\t\t\t\t\t\t\t\tid=\"slider-1-slide-1-layer-5\" \n\t\t\t\t\t\t\t\tdata-type=\"text\"\n\t\t\t\t\t\t\t\tdata-rsp_ch=\"on\"\n\t\t\t\t\t\t\t\tdata-xy=\"x:c;yo:610px,610px,610px,342px;\"\n\t\t\t\t\t\t\t\tdata-text=\"w:normal;s:15,15,15,8;l:19,19,19,8;fw:500;\"\n\t\t\t\t\t\t\t\tdata-frame_1=\"st:3110;sR:3110;\"\n\t\t\t\t\t\t\t\tdata-frame_999=\"o:0;st:w;sR:11590;\"\n\t\t\t\t\t\t\t\tstyle=\"z-index:12;font-family:'Roboto';\"\n\t\t\t\t\t\t\t>PARAFIA ZRZESZA PARAFIAN Z KO\u015aCIELNIK, G\u00d3RKI, W\u0118GRZYNOWIC, C\u0141A, PRZYLASKU I WOLICY \n\t\t\t\t\t\t\t<\/rs-layer><!--\n\n\t\t\t\t\t\t\t--><rs-layer\n\t\t\t\t\t\t\t\tid=\"slider-1-slide-1-layer-7\" \n\t\t\t\t\t\t\t\tdata-type=\"text\"\n\t\t\t\t\t\t\t\tdata-color=\"#ff0000\"\n\t\t\t\t\t\t\t\tdata-rsp_ch=\"on\"\n\t\t\t\t\t\t\t\tdata-xy=\"x:c;yo:397px,397px,397px,16px;\"\n\t\t\t\t\t\t\t\tdata-text=\"w:nowrap;s:80,80,80,63;l:111,111,111,71;ls:-5,-5,-5,-1;fw:800;\"\n\t\t\t\t\t\t\t\tdata-dim=\"w:558px,558px,558px,480px;minh:0,0,0,none;\"\n\t\t\t\t\t\t\t\tdata-frame_1=\"x:0,0,0,0px;y:0,0,0,0px;sp:1020;\"\n\t\t\t\t\t\t\t\tdata-frame_999=\"o:0;st:w;sR:13980;\"\n\t\t\t\t\t\t\t\tstyle=\"z-index:10;font-family:'Poppins';\"\n\t\t\t\t\t\t\t>SZCZ\u0118\u015a\u0106 BO\u017bE! \n\t\t\t\t\t\t\t<\/rs-layer><!--\n-->\t\t\t\t\t\t<\/rs-slide>\n\t\t\t\t\t\t<rs-slide style=\"position: absolute;\" data-key=\"rs-2\" data-title=\"Slide\" data-thumb=\"\/\/gorkakoscielnicka.pl\/wp-content\/uploads\/2023\/04\/nggallery_import\/IMG_E0085-100x50.jpg\" data-in=\"o:0;\" data-out=\"a:false;\" data-mediafilter=\"mayfair\">\n\t\t\t\t\t\t\t<img loading=\"lazy\" decoding=\"async\" src=\"\/\/gorkakoscielnicka.pl\/wp-content\/plugins\/revslider\/public\/assets\/assets\/dummy.png\" title=\"IMG_E0085\" width=\"1600\" height=\"1200\" class=\"rev-slidebg tp-rs-img rs-lazyload\" data-lazyload=\"\/\/gorkakoscielnicka.pl\/wp-content\/uploads\/2023\/04\/nggallery_import\/IMG_E0085.JPG\" data-no-retina>\n<!--\n\t\t\t\t\t\t\t--><rs-layer\n\t\t\t\t\t\t\t\tid=\"slider-1-slide-2-layer-0\" \n\t\t\t\t\t\t\t\tdata-type=\"text\"\n\t\t\t\t\t\t\t\tdata-color=\"#0012ba\"\n\t\t\t\t\t\t\t\tdata-rsp_ch=\"on\"\n\t\t\t\t\t\t\t\tdata-xy=\"x:c;yo:381px,381px,381px,177px;\"\n\t\t\t\t\t\t\t\tdata-text=\"w:normal;s:80,80,80,37;l:90,90,90,41;ls:-4,-4,-4,-1;fw:800;\"\n\t\t\t\t\t\t\t\tdata-dim=\"minh:0px,0px,0px,none;\"\n\t\t\t\t\t\t\t\tdata-frame_999=\"o:0;st:w;\"\n\t\t\t\t\t\t\t\tstyle=\"z-index:5;font-family:'Poppins';\"\n\t\t\t\t\t\t\t>Transmisja na \u017cywo \n\t\t\t\t\t\t\t<\/rs-layer><!--\n\n\t\t\t\t\t\t\t--><a\n\t\t\t\t\t\t\t\tid=\"slider-1-slide-2-layer-2\" \n\t\t\t\t\t\t\t\tclass=\"rs-layer rev-btn\"\n\t\t\t\t\t\t\t\thref=\"https:\/\/www.youtube.com\/channel\/UC8bhUwCRlJKr3sXlTbn92Xg\/live\" target=\"_self\"\n\t\t\t\t\t\t\t\tdata-type=\"button\"\n\t\t\t\t\t\t\t\tdata-bsh=\"c:rgba(0,0,0,0.25);v:10px;b:20px,20px,20px,22px;\"\n\t\t\t\t\t\t\t\tdata-rsp_ch=\"on\"\n\t\t\t\t\t\t\t\tdata-xy=\"x:c;y:t,t,t,m;yo:491px,491px,491px,-96px;\"\n\t\t\t\t\t\t\t\tdata-text=\"w:normal;s:18,18,18,20;l:50,50,50,54;fw:500;\"\n\t\t\t\t\t\t\t\tdata-dim=\"minh:0px,0px,0px,none;\"\n\t\t\t\t\t\t\t\tdata-padding=\"r:40,40,40,47;l:40,40,40,47;\"\n\t\t\t\t\t\t\t\tdata-border=\"bor:5px,5px,5px,5px;\"\n\t\t\t\t\t\t\t\tdata-frame_0=\"x:0,0,0,0px;y:0,0,0,0px;\"\n\t\t\t\t\t\t\t\tdata-frame_1=\"x:0,0,0,0px;y:0,0,0,0px;\"\n\t\t\t\t\t\t\t\tdata-frame_999=\"o:0;st:w;\"\n\t\t\t\t\t\t\t\tdata-frame_hover=\"bgc:linear-gradient(rgba(255,149,0,1) 0%, rgba(255,94,58,1) 100%);bor:5px,5px,5px,5px;e:power1.inOut;bri:120%;\"\n\t\t\t\t\t\t\t\tstyle=\"z-index:6;background:linear-gradient(rgba(255,149,0,1) 0%, rgba(255,94,58,1) 100%);font-family:'Roboto';\"\n\t\t\t\t\t\t\t>Ogl\u0105daj \n\t\t\t\t\t\t\t<\/a><!--\n-->\t\t\t\t\t\t<\/rs-slide>\n\t\t\t\t\t\t<rs-slide style=\"position: absolute;\" data-key=\"rs-3\" data-title=\"Slide\" data-thumb=\"\/\/gorkakoscielnicka.pl\/wp-content\/uploads\/2023\/06\/nggallery_import\/num-002-100x50.jpg\" data-anim=\"p:light;\" data-in=\"o:0;\" data-out=\"o:0;\" data-mediafilter=\"mayfair\">\n\t\t\t\t\t\t\t<img loading=\"lazy\" decoding=\"async\" src=\"\/\/gorkakoscielnicka.pl\/wp-content\/plugins\/revslider\/public\/assets\/assets\/dummy.png\" title=\"num-002\" width=\"1800\" height=\"1200\" class=\"rev-slidebg tp-rs-img rs-lazyload\" data-lazyload=\"\/\/gorkakoscielnicka.pl\/wp-content\/uploads\/2023\/06\/nggallery_import\/num-002.jpg\" data-bg=\"p:0% 0%;\" data-no-retina>\n<!--\n\t\t\t\t\t\t\t--><rs-layer\n\t\t\t\t\t\t\t\tid=\"slider-1-slide-3-layer-1\" \n\t\t\t\t\t\t\t\tclass=\"border-v\"\n\t\t\t\t\t\t\t\tdata-type=\"text\"\n\t\t\t\t\t\t\t\tdata-rsp_ch=\"on\"\n\t\t\t\t\t\t\t\tdata-xy=\"xo:540px;y:m;\"\n\t\t\t\t\t\t\t\tdata-text=\"l:22;a:inherit;\"\n\t\t\t\t\t\t\t\tdata-frame_0=\"y:top;o:1;\"\n\t\t\t\t\t\t\t\tdata-frame_1=\"e:easeInOutCubic;st:400;sp:800;sR:400;\"\n\t\t\t\t\t\t\t\tdata-frame_999=\"y:top;e:easeInOutCubic;st:w;sR:13800;\"\n\t\t\t\t\t\t\t\tstyle=\"z-index:5;font-family:'Open Sans';\"\n\t\t\t\t\t\t\t> \n\t\t\t\t\t\t\t<\/rs-layer><!--\n\n\t\t\t\t\t\t\t--><rs-layer\n\t\t\t\t\t\t\t\tid=\"slider-1-slide-3-layer-4\" \n\t\t\t\t\t\t\t\tdata-type=\"text\"\n\t\t\t\t\t\t\t\tdata-color=\"#fff\"\n\t\t\t\t\t\t\t\tdata-rsp_ch=\"on\"\n\t\t\t\t\t\t\t\tdata-xy=\"x:c;y:m;yo:267px,267px,267px,124px;\"\n\t\t\t\t\t\t\t\tdata-text=\"w:normal;s:47,47,47,21;l:59,59,59,27;fw:900;\"\n\t\t\t\t\t\t\t\tdata-dim=\"minh:0,0,0,none;\"\n\t\t\t\t\t\t\t\tdata-frame_999=\"o:0;st:w;\"\n\t\t\t\t\t\t\t\tstyle=\"z-index:6;font-family:'Roboto';text-transform:uppercase;\"\n\t\t\t\t\t\t\t>SERDECZNIE ZAPRASZAMY \n\t\t\t\t\t\t\t<\/rs-layer><!--\n-->\t\t\t\t\t\t<\/rs-slide>\n\t\t\t\t\t<\/rs-slides>\n\t\t\t\t<\/rs-module>\n\t\t\t\t<script type=\"text\/javascript\">\n\t\t\t\t\tsetREVStartSize({c: 'rev_slider_1_1',rl:[1240,1240,1240,480],el:[650,650,650,720],gw:[1024,1024,1024,480],gh:[650,650,650,720],type:'standard',justify:'',layout:'fullwidth',mh:\"0px\"});if (window.RS_MODULES!==undefined && window.RS_MODULES.modules!==undefined && window.RS_MODULES.modules[\"revslider11\"]!==undefined) {window.RS_MODULES.modules[\"revslider11\"].once = false;window.revapi1 = undefined;window.RS_MODULES.checkMinimal()}\n\t\t\t\t<\/script>\n\t\t\t<\/rs-module-wrap>\n\t\t\t<!-- END REVOLUTION SLIDER -->\n[\/vc_column][\/vc_row][vc_row css=&#8221;.vc_custom_1687037486292{border-radius: 2px !important;}&#8221;][vc_column width=&#8221;1\/3&#8243;][\/vc_column][vc_column width=&#8221;1\/3&#8243; animate=&#8221;fadein&#8221; offset=&#8221;vc_col-lg-4&#8243;][\/vc_column][vc_column width=&#8221;1\/3&#8243;][vc_wp_search title=&#8221;Szukaj&#8221;][\/vc_column][\/vc_row][vc_row disable_element=&#8221;yes&#8221; fullwidth=&#8221;yes&#8221; el_class=&#8221;bg-color&#8221; css=&#8221;.vc_custom_1687032216888{padding-top: 0px !important;padding-bottom: 0px !important;}&#8221;][vc_column]\t\n\n\t<div class=\"fullwidth\">\n        <div class=\"one-fourth text-center\">\n            <div class=\"title-area wow slideInLeft\">\n                                                \n\t\t\t\t            <\/div>\n        <\/div>\n\n        <div class=\"three-fourth\">\n            <div class=\"fx custom-carousel-1\">\n\t            \t            \t   \n\t\t            \n            <\/div>\n        <\/div>\n    <\/div>\n    <div class=\"clearfix\"><\/div>\n\n[\/vc_column][\/vc_row][vc_row disable_element=&#8221;yes&#8221; css=&#8221;.vc_custom_1687032327717{padding-top: 45px !important;padding-bottom: 45px !important;background-color: #333333 !important;}&#8221;][vc_column width=&#8221;1\/2&#8243; animate=&#8221;fadeinleft&#8221;][vc_column_text el_class=&#8221;countdown-container text-center&#8221; css=&#8221;.vc_custom_1677946980426{margin-bottom: 0px !important;padding-top: 20px !important;}&#8221;]<\/p>\n<h3>DO REKOLEKCJI PARAFIALNYCH<\/h3>\n<hr>\n<h3>POZOSTA\u0141O<\/h3>\n<p>[\/vc_column_text][\/vc_column][vc_column width=&#8221;1\/2&#8243; animate=&#8221;fadeinright&#8221; delay=&#8221;.25&#8243;]\t\n\n\t<ul id=\"time-countdown-69ef5fb2d0fee\" class=\"countdown\">\n\t\t<li> \n\t\t\t<span class=\"days\">00<\/span>\n\t\t\t<p class=\"days_text\">dni<\/p>\n\t\t<\/li>\n\t\t<li>\n\t\t\t<span class=\"hours\">00<\/span>\n\t\t\t<p class=\"hours_text\">godzin<\/p>\n\t\t<\/li>\n\t\t<li> \n\t\t\t<span class=\"minutes\">00<\/span>\n\t\t\t<p class=\"minutes_text\">minut<\/p>\n\t\t<\/li>\n\t\t<li>\n\t\t\t<span class=\"seconds\">00<\/span>\n\t\t\t<p class=\"seconds_text\">sekund<\/p>\n\t\t<\/li>\n    <\/ul>\n    <script type=\"text\/javascript\">\n    \t(function($) { \"use strict\";\n        \t\/\/Timer\n\t\t    $('#time-countdown-69ef5fb2d0fee').countdown({\n\t\t        date: '03\/19\/23 00:00:00',\n\t\t        offset: 2,\n\t\t\t\tday: 'dzie\u0144',\n\t\t\t\tdays: 'dni',\n\t\t\t\thour: 'godzina',\n\t\t\t\thours: 'godzin',\n\t\t\t\tminute: 'minuta',\n\t\t\t\tminutes: 'minut',\n\t\t\t\tsecond: 'sekuna',\n\t\t\t\tseconds: 'sekund'\n\t\t    }, function () {\n\t\t        \/\/alert('WOOT WOOT, done!');\n\t\t    });\n\t    })(jQuery);\n    <\/script>\n\n[\/vc_column][\/vc_row][vc_row css=&#8221;.vc_custom_1501841232653{padding-bottom: 30px !important;background-color: #eeeeee !important;}&#8221;][vc_column offset=&#8221;vc_col-lg-offset-2 vc_col-lg-8 vc_col-md-offset-2 vc_col-md-8&#8243;][vc_custom_heading text=&#8221;Nasza Wsp\u00f3lnota&#8221; font_container=&#8221;tag:h2|text_align:center&#8221; use_theme_fonts=&#8221;yes&#8221;][vc_empty_space height=&#8221;60px&#8221;][\/vc_column][vc_column width=&#8221;1\/3&#8243; animate=&#8221;fadeinright&#8221; delay=&#8221;.5&#8243; css=&#8221;.vc_custom_1501841248003{margin-bottom: 30px !important;}&#8221;][vc_single_image image=&#8221;1167&#8243; img_size=&#8221;full&#8221; css=&#8221;.vc_custom_1636787709767{margin-bottom: 20px !important;}&#8221;][vc_custom_heading text=&#8221;Porz\u0105dek nabo\u017ce\u0144stw&#8221; font_container=&#8221;tag:h3|text_align:left&#8221; use_theme_fonts=&#8221;yes&#8221;][vc_column_text css=&#8221;.vc_custom_1636787693158{margin-bottom: 20px !important;}&#8221;]Zach\u0119camy do zapoznania si\u0119 z porz\u0105dkiem nabo\u017ce\u0144stw. Aktualne informacje co do odprawianych Mszy \u015aw. znajdziecie w zak\u0142adce &#8222;Intencje Mszy \u015aw.&#8221;. Msze \u015awi\u0119te w niedziel\u0119: 7:00 &#8211; Ko\u015bci\u00f3\u0142 Zabytkowy; 9:00 &#8211; Kaplica na Wolicy; 10:30, 12:00 i 17:00 &#8211; Ko\u015bci\u00f3\u0142 \u015bw. J\u00f3zefa[\/vc_column_text]\t\n\t\t\t<a class=\" st-btn \" href=\"https:\/\/gorkakoscielnicka.pl\/?cat=6\" title=\"Intencje Mszy \u015aw.\" target=\"_self\">Intencje Mszy \u015aw.<\/a>\t[\/vc_column][vc_column width=&#8221;1\/3&#8243; animate=&#8221;fadeinright&#8221; delay=&#8221;.75&#8243; css=&#8221;.vc_custom_1501841252640{margin-bottom: 30px !important;}&#8221;][vc_single_image image=&#8221;1172&#8243; img_size=&#8221;full&#8221; css=&#8221;.vc_custom_1636788002261{margin-bottom: 20px !important;}&#8221;][vc_custom_heading text=&#8221;Og\u0142oszenia duszpasterskie&#8221; font_container=&#8221;tag:h3|text_align:left&#8221; use_theme_fonts=&#8221;yes&#8221;][vc_column_text css=&#8221;.vc_custom_1646675921006{margin-bottom: 20px !important;}&#8221;]Aktualne og\u0142oszenia duszpasterskie na ka\u017cd\u0105 niedziele, informacje o wa\u017cnych wydarzeniach w naszej parafii, sprz\u0105taniu ko\u015bcio\u0142\u00f3w, spotkaniach, zbi\u00f3rkach.<\/p>\n<p>&nbsp;[\/vc_column_text]\t\n\t\t\t<a class=\" st-btn \" href=\"https:\/\/gorkakoscielnicka.pl\/?cat=5\" title=\"Og\u0142oszenia\" target=\"_self\">Og\u0142oszenia<\/a>\t[\/vc_column][vc_column width=&#8221;1\/3&#8243; animate=&#8221;fadeinright&#8221; delay=&#8221;1&#8243; css=&#8221;.vc_custom_1501841258653{margin-bottom: 30px !important;}&#8221;][vc_single_image image=&#8221;1176&#8243; img_size=&#8221;full&#8221; css=&#8221;.vc_custom_1636788356240{margin-bottom: 20px !important;}&#8221;][vc_custom_heading text=&#8221;Galeria&#8221; font_container=&#8221;tag:h3|text_align:left&#8221; use_theme_fonts=&#8221;yes&#8221;][vc_column_text css=&#8221;.vc_custom_1646675889376{margin-bottom: 20px !important;}&#8221;]Galeria zdj\u0119\u0107 z \u017cycia wsp\u00f3lnoty parafialnej. Zdj\u0119cia naszych wszystkich ko\u015bcio\u0142\u00f3w, dekoracji \u015bwi\u0105tecznych i inne.&nbsp;<\/p>\n<p>&nbsp;<\/p>\n<p>&nbsp;[\/vc_column_text]\t\n\t\t\t<a class=\" st-btn \" href=\"https:\/\/gorkakoscielnicka.pl\/?cat=8\" title=\"Przegl\u0105daj\" target=\"_self\">Przegl\u0105daj<\/a>\t[\/vc_column][\/vc_row][vc_row fullwidth=&#8221;yes&#8221; css=&#8221;.vc_custom_1501822695769{padding-top: 0px !important;padding-bottom: 0px !important;}&#8221; el_class=&#8221;bg-color&#8221;][vc_column]\t\n\n\t<!-- OT Latest Blog -->\n\t<div class=\"ot-blog-grid fullwidth\">\n        <div class=\"one-fourth text-center\">\n            <div class=\"title-area wow slideInLeft\">\n                <span>OSTATNIE<\/span>                <h1>WPISY<\/h1>                \n\t\t\t\t            <\/div>\n        <\/div>\n\n        <div class=\"three-fourth\">\n            <div class=\"custom-carousel-2\">\n            \t\t                <div class=\"item-blog \">\n\t                    <div class=\"inner\">\n\t                    \t\t                        \t<span class=\"date\">25 kwietnia<\/span>\n\t                        \t                        <h3><a href=\"https:\/\/gorkakoscielnicka.pl\/?p=8597\">Og\u0142oszenia duszpasterskie 26.04.2026<\/a><\/h3>\n\t                        <span class=\"desc\"><\/span>\n\t                    <\/div>\n\t                <\/div>\n                \t                <div class=\"item-blog even\">\n\t                    <div class=\"inner\">\n\t                    \t\t                        \t<span class=\"date\">25 kwietnia<\/span>\n\t                        \t                        <h3><a href=\"https:\/\/gorkakoscielnicka.pl\/?p=8591\">Intencje Mszy \u015aw. 27.04.26 &#8211; 03.05.26<\/a><\/h3>\n\t                        <span class=\"desc\"><\/span>\n\t                    <\/div>\n\t                <\/div>\n                \t                <div class=\"item-blog \">\n\t                    <div class=\"inner\">\n\t                    \t\t                        \t<span class=\"date\">19 kwietnia<\/span>\n\t                        \t                        <h3><a href=\"https:\/\/gorkakoscielnicka.pl\/?p=8586\">Og\u0142oszenia duszpasterskie 19.04.2026<\/a><\/h3>\n\t                        <span class=\"desc\"><\/span>\n\t                    <\/div>\n\t                <\/div>\n                \t                <div class=\"item-blog even\">\n\t                    <div class=\"inner\">\n\t                    \t\t                        \t<span class=\"date\">19 kwietnia<\/span>\n\t                        \t                        <h3><a href=\"https:\/\/gorkakoscielnicka.pl\/?p=8581\">Intencje Mszy \u015aw. 20.04.26 &#8211; 26.04.26<\/a><\/h3>\n\t                        <span class=\"desc\"><\/span>\n\t                    <\/div>\n\t                <\/div>\n                \t                <div class=\"item-blog \">\n\t                    <div class=\"inner\">\n\t                    \t\t                        \t<span class=\"date\">11 kwietnia<\/span>\n\t                        \t                        <h3><a href=\"https:\/\/gorkakoscielnicka.pl\/?p=8577\">Og\u0142oszenia duszpasterskie 12.04.2026<\/a><\/h3>\n\t                        <span class=\"desc\"><\/span>\n\t                    <\/div>\n\t                <\/div>\n                \t                <div class=\"item-blog even\">\n\t                    <div class=\"inner\">\n\t                    \t\t                        \t<span class=\"date\">11 kwietnia<\/span>\n\t                        \t                        <h3><a href=\"https:\/\/gorkakoscielnicka.pl\/?p=8573\">Intencje Mszy \u015aw. 13.04.26 &#8211; 19.04.26<\/a><\/h3>\n\t                        <span class=\"desc\"><\/span>\n\t                    <\/div>\n\t                <\/div>\n                \t                <div class=\"item-blog \">\n\t                    <div class=\"inner\">\n\t                    \t\t                        \t<span class=\"date\">4 kwietnia<\/span>\n\t                        \t                        <h3><a href=\"https:\/\/gorkakoscielnicka.pl\/?p=8568\">Intencje Mszy \u015aw. 06.04.26 &#8211; 12.04.26<\/a><\/h3>\n\t                        <span class=\"desc\"><\/span>\n\t                    <\/div>\n\t                <\/div>\n                \t                <div class=\"item-blog even\">\n\t                    <div class=\"inner\">\n\t                    \t\t                        \t<span class=\"date\">4 kwietnia<\/span>\n\t                        \t                        <h3><a href=\"https:\/\/gorkakoscielnicka.pl\/?p=8564\">Og\u0142oszenia duszpasterskie 05.04.2026<\/a><\/h3>\n\t                        <span class=\"desc\"><\/span>\n\t                    <\/div>\n\t                <\/div>\n                \t                <div class=\"item-blog \">\n\t                    <div class=\"inner\">\n\t                    \t\t                        \t<span class=\"date\">1 kwietnia<\/span>\n\t                        \t                        <h3><a href=\"https:\/\/gorkakoscielnicka.pl\/?p=8561\">\u015ap. Antonii Odziewa<\/a><\/h3>\n\t                        <span class=\"desc\"><\/span>\n\t                    <\/div>\n\t                <\/div>\n                \t                <div class=\"item-blog even\">\n\t                    <div class=\"inner\">\n\t                    \t\t                        \t<span class=\"date\">31 marca<\/span>\n\t                        \t                        <h3><a href=\"https:\/\/gorkakoscielnicka.pl\/?p=8557\">\u015ap. Stanis\u0142aw Konieczny<\/a><\/h3>\n\t                        <span class=\"desc\"><\/span>\n\t                    <\/div>\n\t                <\/div>\n                \t                <div class=\"item-blog \">\n\t                    <div class=\"inner\">\n\t                    \t\t                        \t<span class=\"date\">30 marca<\/span>\n\t                        \t                        <h3><a href=\"https:\/\/gorkakoscielnicka.pl\/?p=8554\">\u015ap. Roman Bodaj<\/a><\/h3>\n\t                        <span class=\"desc\"><\/span>\n\t                    <\/div>\n\t                <\/div>\n                \t                <div class=\"item-blog even\">\n\t                    <div class=\"inner\">\n\t                    \t\t                        \t<span class=\"date\">28 marca<\/span>\n\t                        \t                        <h3><a href=\"https:\/\/gorkakoscielnicka.pl\/?p=8550\">\u015ap. Stefan Rzepecki<\/a><\/h3>\n\t                        <span class=\"desc\"><\/span>\n\t                    <\/div>\n\t                <\/div>\n                \t                <div class=\"item-blog \">\n\t                    <div class=\"inner\">\n\t                    \t\t                        \t<span class=\"date\">27 marca<\/span>\n\t                        \t                        <h3><a href=\"https:\/\/gorkakoscielnicka.pl\/?p=8545\">Og\u0142oszenia duszpasterskie 29.03.2026<\/a><\/h3>\n\t                        <span class=\"desc\"><\/span>\n\t                    <\/div>\n\t                <\/div>\n                \t                <div class=\"item-blog even\">\n\t                    <div class=\"inner\">\n\t                    \t\t                        \t<span class=\"date\">27 marca<\/span>\n\t                        \t                        <h3><a href=\"https:\/\/gorkakoscielnicka.pl\/?p=8539\">Intencje Mszy \u015aw. 30.03.26 &#8211; 05.04.26<\/a><\/h3>\n\t                        <span class=\"desc\"><\/span>\n\t                    <\/div>\n\t                <\/div>\n                \t                <div class=\"item-blog \">\n\t                    <div class=\"inner\">\n\t                    \t\t                        \t<span class=\"date\">26 marca<\/span>\n\t                        \t                        <h3><a href=\"https:\/\/gorkakoscielnicka.pl\/?p=8536\">\u015ap. Teresa Sikora<\/a><\/h3>\n\t                        <span class=\"desc\"><\/span>\n\t                    <\/div>\n\t                <\/div>\n                \t                <div class=\"item-blog even\">\n\t                    <div class=\"inner\">\n\t                    \t\t                        \t<span class=\"date\">21 marca<\/span>\n\t                        \t                        <h3><a href=\"https:\/\/gorkakoscielnicka.pl\/?p=8528\">Og\u0142oszenia duszpasterskie 22.03.2026<\/a><\/h3>\n\t                        <span class=\"desc\"><\/span>\n\t                    <\/div>\n\t                <\/div>\n                \t                <div class=\"item-blog \">\n\t                    <div class=\"inner\">\n\t                    \t\t                        \t<span class=\"date\">21 marca<\/span>\n\t                        \t                        <h3><a href=\"https:\/\/gorkakoscielnicka.pl\/?p=8524\">Intencje Mszy \u015aw. 23.03.26 &#8211; 29.03.26<\/a><\/h3>\n\t                        <span class=\"desc\"><\/span>\n\t                    <\/div>\n\t                <\/div>\n                \t                <div class=\"item-blog even\">\n\t                    <div class=\"inner\">\n\t                    \t\t                        \t<span class=\"date\">19 marca<\/span>\n\t                        \t                        <h3><a href=\"https:\/\/gorkakoscielnicka.pl\/?p=8532\">\u015ap. Piotr Sierant<\/a><\/h3>\n\t                        <span class=\"desc\"><\/span>\n\t                    <\/div>\n\t                <\/div>\n                \t                <div class=\"item-blog \">\n\t                    <div class=\"inner\">\n\t                    \t\t                        \t<span class=\"date\">16 marca<\/span>\n\t                        \t                        <h3><a href=\"https:\/\/gorkakoscielnicka.pl\/?p=8521\">\u015ap. Janusz Sowa<\/a><\/h3>\n\t                        <span class=\"desc\"><\/span>\n\t                    <\/div>\n\t                <\/div>\n                \t                <div class=\"item-blog even\">\n\t                    <div class=\"inner\">\n\t                    \t\t                        \t<span class=\"date\">14 marca<\/span>\n\t                        \t                        <h3><a href=\"https:\/\/gorkakoscielnicka.pl\/?p=8516\">Intencje Mszy \u015aw. 16.03.26 &#8211; 22.03.26<\/a><\/h3>\n\t                        <span class=\"desc\"><\/span>\n\t                    <\/div>\n\t                <\/div>\n                \t                <div class=\"item-blog \">\n\t                    <div class=\"inner\">\n\t                    \t\t                        \t<span class=\"date\">14 marca<\/span>\n\t                        \t                        <h3><a href=\"https:\/\/gorkakoscielnicka.pl\/?p=8512\">Og\u0142oszenia duszpasterskie 15.03.2026<\/a><\/h3>\n\t                        <span class=\"desc\"><\/span>\n\t                    <\/div>\n\t                <\/div>\n                \t                <div class=\"item-blog even\">\n\t                    <div class=\"inner\">\n\t                    \t\t                        \t<span class=\"date\">7 marca<\/span>\n\t                        \t                        <h3><a href=\"https:\/\/gorkakoscielnicka.pl\/?p=8508\">Intencje Mszy \u015aw. 09.03.26 &#8211; 15.03.26<\/a><\/h3>\n\t                        <span class=\"desc\"><\/span>\n\t                    <\/div>\n\t                <\/div>\n                \t                <div class=\"item-blog \">\n\t                    <div class=\"inner\">\n\t                    \t\t                        \t<span class=\"date\">7 marca<\/span>\n\t                        \t                        <h3><a href=\"https:\/\/gorkakoscielnicka.pl\/?p=8504\">Og\u0142oszenia duszpasterskie 08.03.2026<\/a><\/h3>\n\t                        <span class=\"desc\"><\/span>\n\t                    <\/div>\n\t                <\/div>\n                \t                <div class=\"item-blog even\">\n\t                    <div class=\"inner\">\n\t                    \t\t                        \t<span class=\"date\">1 marca<\/span>\n\t                        \t                        <h3><a href=\"https:\/\/gorkakoscielnicka.pl\/?p=8497\">Intencje Mszy \u015aw. 02.03.26 &#8211; 08.03.26<\/a><\/h3>\n\t                        <span class=\"desc\"><\/span>\n\t                    <\/div>\n\t                <\/div>\n                \t                <div class=\"item-blog \">\n\t                    <div class=\"inner\">\n\t                    \t\t                        \t<span class=\"date\">1 marca<\/span>\n\t                        \t                        <h3><a href=\"https:\/\/gorkakoscielnicka.pl\/?p=8493\">Og\u0142oszenia duszpasterskie 01.03.2026<\/a><\/h3>\n\t                        <span class=\"desc\"><\/span>\n\t                    <\/div>\n\t                <\/div>\n                \t                <div class=\"item-blog even\">\n\t                    <div class=\"inner\">\n\t                    \t\t                        \t<span class=\"date\">21 lutego<\/span>\n\t                        \t                        <h3><a href=\"https:\/\/gorkakoscielnicka.pl\/?p=8490\">\u015ap. Stanis\u0142aw Lorek<\/a><\/h3>\n\t                        <span class=\"desc\"><\/span>\n\t                    <\/div>\n\t                <\/div>\n                \t                <div class=\"item-blog \">\n\t                    <div class=\"inner\">\n\t                    \t\t                        \t<span class=\"date\">21 lutego<\/span>\n\t                        \t                        <h3><a href=\"https:\/\/gorkakoscielnicka.pl\/?p=8485\">Og\u0142oszenia duszpasterskie 22.02.2026<\/a><\/h3>\n\t                        <span class=\"desc\"><\/span>\n\t                    <\/div>\n\t                <\/div>\n                \t                <div class=\"item-blog even\">\n\t                    <div class=\"inner\">\n\t                    \t\t                        \t<span class=\"date\">21 lutego<\/span>\n\t                        \t                        <h3><a href=\"https:\/\/gorkakoscielnicka.pl\/?p=8481\">Intencje Mszy \u015aw. 23.02.26 &#8211; 01.03.26<\/a><\/h3>\n\t                        <span class=\"desc\"><\/span>\n\t                    <\/div>\n\t                <\/div>\n                \t                <div class=\"item-blog \">\n\t                    <div class=\"inner\">\n\t                    \t\t                        \t<span class=\"date\">14 lutego<\/span>\n\t                        \t                        <h3><a href=\"https:\/\/gorkakoscielnicka.pl\/?p=8474\">Intencje Mszy \u015aw. 16.02.26 &#8211; 22.02.26<\/a><\/h3>\n\t                        <span class=\"desc\"><\/span>\n\t                    <\/div>\n\t                <\/div>\n                \t                <div class=\"item-blog even\">\n\t                    <div class=\"inner\">\n\t                    \t\t                        \t<span class=\"date\">14 lutego<\/span>\n\t                        \t                        <h3><a href=\"https:\/\/gorkakoscielnicka.pl\/?p=8470\">Og\u0142oszenia duszpasterskie 15.02.2026<\/a><\/h3>\n\t                        <span class=\"desc\"><\/span>\n\t                    <\/div>\n\t                <\/div>\n                \t                <div class=\"item-blog \">\n\t                    <div class=\"inner\">\n\t                    \t\t                        \t<span class=\"date\">12 lutego<\/span>\n\t                        \t                        <h3><a href=\"https:\/\/gorkakoscielnicka.pl\/?p=8478\">\u015ap. Maria Oleniacz<\/a><\/h3>\n\t                        <span class=\"desc\"><\/span>\n\t                    <\/div>\n\t                <\/div>\n                \t                <div class=\"item-blog even\">\n\t                    <div class=\"inner\">\n\t                    \t\t                        \t<span class=\"date\">7 lutego<\/span>\n\t                        \t                        <h3><a href=\"https:\/\/gorkakoscielnicka.pl\/?p=8463\">\u015ap. J\u00f3zefa Palichleb<\/a><\/h3>\n\t                        <span class=\"desc\"><\/span>\n\t                    <\/div>\n\t                <\/div>\n                \t                <div class=\"item-blog \">\n\t                    <div class=\"inner\">\n\t                    \t\t                        \t<span class=\"date\">7 lutego<\/span>\n\t                        \t                        <h3><a href=\"https:\/\/gorkakoscielnicka.pl\/?p=8460\">Og\u0142oszenia duszpasterskie 08.02.2026<\/a><\/h3>\n\t                        <span class=\"desc\"><\/span>\n\t                    <\/div>\n\t                <\/div>\n                \t                <div class=\"item-blog even\">\n\t                    <div class=\"inner\">\n\t                    \t\t                        \t<span class=\"date\">7 lutego<\/span>\n\t                        \t                        <h3><a href=\"https:\/\/gorkakoscielnicka.pl\/?p=8456\">Intencje Mszy \u015aw. 09.02.26 &#8211; 15.02.26<\/a><\/h3>\n\t                        <span class=\"desc\"><\/span>\n\t                    <\/div>\n\t                <\/div>\n                \t                <div class=\"item-blog \">\n\t                    <div class=\"inner\">\n\t                    \t\t                        \t<span class=\"date\">4 lutego<\/span>\n\t                        \t                        <h3><a href=\"https:\/\/gorkakoscielnicka.pl\/?p=8452\">\u015ap. Marian Machnik<\/a><\/h3>\n\t                        <span class=\"desc\"><\/span>\n\t                    <\/div>\n\t                <\/div>\n                \t                <div class=\"item-blog even\">\n\t                    <div class=\"inner\">\n\t                    \t\t                        \t<span class=\"date\">31 stycznia<\/span>\n\t                        \t                        <h3><a href=\"https:\/\/gorkakoscielnicka.pl\/?p=8443\">Intencje Mszy \u015aw. 02.02.26 &#8211; 08.02.26<\/a><\/h3>\n\t                        <span class=\"desc\"><\/span>\n\t                    <\/div>\n\t                <\/div>\n                \t                <div class=\"item-blog \">\n\t                    <div class=\"inner\">\n\t                    \t\t                        \t<span class=\"date\">31 stycznia<\/span>\n\t                        \t                        <h3><a href=\"https:\/\/gorkakoscielnicka.pl\/?p=8438\">Og\u0142oszenia duszpasterskie 01.02.2026<\/a><\/h3>\n\t                        <span class=\"desc\"><\/span>\n\t                    <\/div>\n\t                <\/div>\n                \t                <div class=\"item-blog even\">\n\t                    <div class=\"inner\">\n\t                    \t\t                        \t<span class=\"date\">23 stycznia<\/span>\n\t                        \t                        <h3><a href=\"https:\/\/gorkakoscielnicka.pl\/?p=8436\">Og\u0142oszenia duszpasterskie 25.01.2026<\/a><\/h3>\n\t                        <span class=\"desc\"><\/span>\n\t                    <\/div>\n\t                <\/div>\n                \t                <div class=\"item-blog \">\n\t                    <div class=\"inner\">\n\t                    \t\t                        \t<span class=\"date\">23 stycznia<\/span>\n\t                        \t                        <h3><a href=\"https:\/\/gorkakoscielnicka.pl\/?p=8426\">Intencje Mszy \u015aw. 26.01.26 &#8211; 01.02.26<\/a><\/h3>\n\t                        <span class=\"desc\"><\/span>\n\t                    <\/div>\n\t                <\/div>\n                \t                <div class=\"item-blog even\">\n\t                    <div class=\"inner\">\n\t                    \t\t                        \t<span class=\"date\">18 stycznia<\/span>\n\t                        \t                        <h3><a href=\"https:\/\/gorkakoscielnicka.pl\/?p=8421\">Og\u0142oszenia duszpasterskie 18.01.26<\/a><\/h3>\n\t                        <span class=\"desc\"><\/span>\n\t                    <\/div>\n\t                <\/div>\n                \t                <div class=\"item-blog \">\n\t                    <div class=\"inner\">\n\t                    \t\t                        \t<span class=\"date\">18 stycznia<\/span>\n\t                        \t                        <h3><a href=\"https:\/\/gorkakoscielnicka.pl\/?p=8415\">Intencje Mszy \u015aw. 19.01.26 &#8211; 25.01.26<\/a><\/h3>\n\t                        <span class=\"desc\"><\/span>\n\t                    <\/div>\n\t                <\/div>\n                \t                <div class=\"item-blog even\">\n\t                    <div class=\"inner\">\n\t                    \t\t                        \t<span class=\"date\">10 stycznia<\/span>\n\t                        \t                        <h3><a href=\"https:\/\/gorkakoscielnicka.pl\/?p=8411\">Og\u0142oszenia duszpasterskie 11.01.26<\/a><\/h3>\n\t                        <span class=\"desc\"><\/span>\n\t                    <\/div>\n\t                <\/div>\n                \t                <div class=\"item-blog \">\n\t                    <div class=\"inner\">\n\t                    \t\t                        \t<span class=\"date\">10 stycznia<\/span>\n\t                        \t                        <h3><a href=\"https:\/\/gorkakoscielnicka.pl\/?p=8408\">Intencje Mszy \u015aw. 12.01.26 &#8211; 18.01.26<\/a><\/h3>\n\t                        <span class=\"desc\"><\/span>\n\t                    <\/div>\n\t                <\/div>\n                \t                <div class=\"item-blog even\">\n\t                    <div class=\"inner\">\n\t                    \t\t                        \t<span class=\"date\">5 stycznia<\/span>\n\t                        \t                        <h3><a href=\"https:\/\/gorkakoscielnicka.pl\/?p=8399\">\u015ap. Julian Sendor<\/a><\/h3>\n\t                        <span class=\"desc\"><\/span>\n\t                    <\/div>\n\t                <\/div>\n                \t                <div class=\"item-blog \">\n\t                    <div class=\"inner\">\n\t                    \t\t                        \t<span class=\"date\">3 stycznia<\/span>\n\t                        \t                        <h3><a href=\"https:\/\/gorkakoscielnicka.pl\/?p=8395\">\u015ap. Jan Alojzy Palichleb<\/a><\/h3>\n\t                        <span class=\"desc\"><\/span>\n\t                    <\/div>\n\t                <\/div>\n                \t                <div class=\"item-blog even\">\n\t                    <div class=\"inner\">\n\t                    \t\t                        \t<span class=\"date\">3 stycznia<\/span>\n\t                        \t                        <h3><a href=\"https:\/\/gorkakoscielnicka.pl\/?p=8389\">intencje Mszy \u015aw 5.01.25 &#8211; 11.01.25<\/a><\/h3>\n\t                        <span class=\"desc\"><\/span>\n\t                    <\/div>\n\t                <\/div>\n                \t                <div class=\"item-blog \">\n\t                    <div class=\"inner\">\n\t                    \t\t                        \t<span class=\"date\">3 stycznia<\/span>\n\t                        \t                        <h3><a href=\"https:\/\/gorkakoscielnicka.pl\/?p=8385\">Og\u0142oszenia duszpasterskie 4.01.2026<\/a><\/h3>\n\t                        <span class=\"desc\"><\/span>\n\t                    <\/div>\n\t                <\/div>\n                \t                <div class=\"item-blog even\">\n\t                    <div class=\"inner\">\n\t                    \t\t                        \t<span class=\"date\">27 grudnia<\/span>\n\t                        \t                        <h3><a href=\"https:\/\/gorkakoscielnicka.pl\/?p=8380\">Og\u0142oszenia duszpasterskie 28.12.2025<\/a><\/h3>\n\t                        <span class=\"desc\"><\/span>\n\t                    <\/div>\n\t                <\/div>\n                \t                <div class=\"item-blog \">\n\t                    <div class=\"inner\">\n\t                    \t\t                        \t<span class=\"date\">27 grudnia<\/span>\n\t                        \t                        <h3><a href=\"https:\/\/gorkakoscielnicka.pl\/?p=8373\">Intencje Mszy \u015aw. 29.12.25 &#8211; 04.01.26<\/a><\/h3>\n\t                        <span class=\"desc\"><\/span>\n\t                    <\/div>\n\t                <\/div>\n                \t                <div class=\"item-blog even\">\n\t                    <div class=\"inner\">\n\t                    \t\t                        \t<span class=\"date\">20 grudnia<\/span>\n\t                        \t                        <h3><a href=\"https:\/\/gorkakoscielnicka.pl\/?p=8368\">Og\u0142oszenia duszpasterskie 21.12.2025<\/a><\/h3>\n\t                        <span class=\"desc\"><\/span>\n\t                    <\/div>\n\t                <\/div>\n                \t                <div class=\"item-blog \">\n\t                    <div class=\"inner\">\n\t                    \t\t                        \t<span class=\"date\">20 grudnia<\/span>\n\t                        \t                        <h3><a href=\"https:\/\/gorkakoscielnicka.pl\/?p=8363\">Intencje Mszy \u015aw. 22.12.25 &#8211; 28.12.25<\/a><\/h3>\n\t                        <span class=\"desc\"><\/span>\n\t                    <\/div>\n\t                <\/div>\n                \t                <div class=\"item-blog even\">\n\t                    <div class=\"inner\">\n\t                    \t\t                        \t<span class=\"date\">13 grudnia<\/span>\n\t                        \t                        <h3><a href=\"https:\/\/gorkakoscielnicka.pl\/?p=8358\">Og\u0142oszenia duszpasterskie 14.12.2025<\/a><\/h3>\n\t                        <span class=\"desc\"><\/span>\n\t                    <\/div>\n\t                <\/div>\n                \t                <div class=\"item-blog \">\n\t                    <div class=\"inner\">\n\t                    \t\t                        \t<span class=\"date\">13 grudnia<\/span>\n\t                        \t                        <h3><a href=\"https:\/\/gorkakoscielnicka.pl\/?p=8353\">Intencje Mszy \u015aw. 15.12.25 &#8211; 21.12.25<\/a><\/h3>\n\t                        <span class=\"desc\"><\/span>\n\t                    <\/div>\n\t                <\/div>\n                \t                <div class=\"item-blog even\">\n\t                    <div class=\"inner\">\n\t                    \t\t                        \t<span class=\"date\">6 grudnia<\/span>\n\t                        \t                        <h3><a href=\"https:\/\/gorkakoscielnicka.pl\/?p=8349\">Og\u0142oszenia duszpasterskie 07.12.2025<\/a><\/h3>\n\t                        <span class=\"desc\"><\/span>\n\t                    <\/div>\n\t                <\/div>\n                \t                <div class=\"item-blog \">\n\t                    <div class=\"inner\">\n\t                    \t\t                        \t<span class=\"date\">6 grudnia<\/span>\n\t                        \t                        <h3><a href=\"https:\/\/gorkakoscielnicka.pl\/?p=8343\">Intencje Mszy \u015aw. 08.12.25 &#8211; 14.12.25<\/a><\/h3>\n\t                        <span class=\"desc\"><\/span>\n\t                    <\/div>\n\t                <\/div>\n                \t                <div class=\"item-blog even\">\n\t                    <div class=\"inner\">\n\t                    \t\t                        \t<span class=\"date\">29 listopada<\/span>\n\t                        \t                        <h3><a href=\"https:\/\/gorkakoscielnicka.pl\/?p=8337\">Intencje Mszy \u015aw. 01.12.25 &#8211; 07.12.25<\/a><\/h3>\n\t                        <span class=\"desc\"><\/span>\n\t                    <\/div>\n\t                <\/div>\n                \t                <div class=\"item-blog \">\n\t                    <div class=\"inner\">\n\t                    \t\t                        \t<span class=\"date\">29 listopada<\/span>\n\t                        \t                        <h3><a href=\"https:\/\/gorkakoscielnicka.pl\/?p=8333\">Og\u0142oszenia duszpasterskie 30.11.2025<\/a><\/h3>\n\t                        <span class=\"desc\"><\/span>\n\t                    <\/div>\n\t                <\/div>\n                \t                <div class=\"item-blog even\">\n\t                    <div class=\"inner\">\n\t                    \t\t                        \t<span class=\"date\">22 listopada<\/span>\n\t                        \t                        <h3><a href=\"https:\/\/gorkakoscielnicka.pl\/?p=8327\">Og\u0142oszenia duszpasterskie 23.11.2025<\/a><\/h3>\n\t                        <span class=\"desc\"><\/span>\n\t                    <\/div>\n\t                <\/div>\n                \t                <div class=\"item-blog \">\n\t                    <div class=\"inner\">\n\t                    \t\t                        \t<span class=\"date\">22 listopada<\/span>\n\t                        \t                        <h3><a href=\"https:\/\/gorkakoscielnicka.pl\/?p=8322\">Intencje Mszy \u015aw. 24.11.25 &#8211; 30.11.25<\/a><\/h3>\n\t                        <span class=\"desc\"><\/span>\n\t                    <\/div>\n\t                <\/div>\n                \t                <div class=\"item-blog even\">\n\t                    <div class=\"inner\">\n\t                    \t\t                        \t<span class=\"date\">15 listopada<\/span>\n\t                        \t                        <h3><a href=\"https:\/\/gorkakoscielnicka.pl\/?p=8288\">Og\u0142oszenia duszpasterskie 16.11.2025<\/a><\/h3>\n\t                        <span class=\"desc\"><\/span>\n\t                    <\/div>\n\t                <\/div>\n                \t                <div class=\"item-blog \">\n\t                    <div class=\"inner\">\n\t                    \t\t                        \t<span class=\"date\">15 listopada<\/span>\n\t                        \t                        <h3><a href=\"https:\/\/gorkakoscielnicka.pl\/?p=8283\">Intencje Mszy \u015aw. 17.11.25 &#8211; 23.11.25<\/a><\/h3>\n\t                        <span class=\"desc\"><\/span>\n\t                    <\/div>\n\t                <\/div>\n                \t                <div class=\"item-blog even\">\n\t                    <div class=\"inner\">\n\t                    \t\t                        \t<span class=\"date\">8 listopada<\/span>\n\t                        \t                        <h3><a href=\"https:\/\/gorkakoscielnicka.pl\/?p=8277\">Intencje Mszy \u015aw. 10.11.25 &#8211; 16.11.25<\/a><\/h3>\n\t                        <span class=\"desc\"><\/span>\n\t                    <\/div>\n\t                <\/div>\n                \t                <div class=\"item-blog \">\n\t                    <div class=\"inner\">\n\t                    \t\t                        \t<span class=\"date\">8 listopada<\/span>\n\t                        \t                        <h3><a href=\"https:\/\/gorkakoscielnicka.pl\/?p=8271\">Og\u0142oszenia duszpasterskie 09.11.2025<\/a><\/h3>\n\t                        <span class=\"desc\"><\/span>\n\t                    <\/div>\n\t                <\/div>\n                \t                <div class=\"item-blog even\">\n\t                    <div class=\"inner\">\n\t                    \t\t                        \t<span class=\"date\">2 listopada<\/span>\n\t                        \t                        <h3><a href=\"https:\/\/gorkakoscielnicka.pl\/?p=8267\">Og\u0142oszenia duszpasterskie 02.11.2025<\/a><\/h3>\n\t                        <span class=\"desc\"><\/span>\n\t                    <\/div>\n\t                <\/div>\n                \t                <div class=\"item-blog \">\n\t                    <div class=\"inner\">\n\t                    \t\t                        \t<span class=\"date\">2 listopada<\/span>\n\t                        \t                        <h3><a href=\"https:\/\/gorkakoscielnicka.pl\/?p=8262\">Intencje Mszy \u015aw. 03.11.25 &#8211; 09.11.25<\/a><\/h3>\n\t                        <span class=\"desc\"><\/span>\n\t                    <\/div>\n\t                <\/div>\n                \t                <div class=\"item-blog even\">\n\t                    <div class=\"inner\">\n\t                    \t\t                        \t<span class=\"date\">1 listopada<\/span>\n\t                        \t                        <h3><a href=\"https:\/\/gorkakoscielnicka.pl\/?p=8319\">2025 Wszystkich \u015awi\u0119tych<\/a><\/h3>\n\t                        <span class=\"desc\">Fot. Ks. S. Palichleb...<\/span>\n\t                    <\/div>\n\t                <\/div>\n                \t                <div class=\"item-blog \">\n\t                    <div class=\"inner\">\n\t                    \t\t                        \t<span class=\"date\">26 pa\u017adziernika<\/span>\n\t                        \t                        <h3><a href=\"https:\/\/gorkakoscielnicka.pl\/?p=8257\">Og\u0142oszenia duszpasterskie 26.11.2025<\/a><\/h3>\n\t                        <span class=\"desc\"><\/span>\n\t                    <\/div>\n\t                <\/div>\n                \t                <div class=\"item-blog even\">\n\t                    <div class=\"inner\">\n\t                    \t\t                        \t<span class=\"date\">26 pa\u017adziernika<\/span>\n\t                        \t                        <h3><a href=\"https:\/\/gorkakoscielnicka.pl\/?p=8249\">Intencje Mszy \u015aw. 27.10.25 &#8211; 02.11.25<\/a><\/h3>\n\t                        <span class=\"desc\"><\/span>\n\t                    <\/div>\n\t                <\/div>\n                \t                <div class=\"item-blog \">\n\t                    <div class=\"inner\">\n\t                    \t\t                        \t<span class=\"date\">18 pa\u017adziernika<\/span>\n\t                        \t                        <h3><a href=\"https:\/\/gorkakoscielnicka.pl\/?p=8245\">Og\u0142oszenia duszpasterskie 19.10.2025<\/a><\/h3>\n\t                        <span class=\"desc\"><\/span>\n\t                    <\/div>\n\t                <\/div>\n                \t                <div class=\"item-blog even\">\n\t                    <div class=\"inner\">\n\t                    \t\t                        \t<span class=\"date\">18 pa\u017adziernika<\/span>\n\t                        \t                        <h3><a href=\"https:\/\/gorkakoscielnicka.pl\/?p=8239\">Intencje Mszy \u015aw. 20.10.25 &#8211; 26.10.25<\/a><\/h3>\n\t                        <span class=\"desc\"><\/span>\n\t                    <\/div>\n\t                <\/div>\n                \t                <div class=\"item-blog \">\n\t                    <div class=\"inner\">\n\t                    \t\t                        \t<span class=\"date\">11 pa\u017adziernika<\/span>\n\t                        \t                        <h3><a href=\"https:\/\/gorkakoscielnicka.pl\/?p=8234\">Og\u0142oszenia duszpasterskie 12.10.2025<\/a><\/h3>\n\t                        <span class=\"desc\"><\/span>\n\t                    <\/div>\n\t                <\/div>\n                \t                <div class=\"item-blog even\">\n\t                    <div class=\"inner\">\n\t                    \t\t                        \t<span class=\"date\">11 pa\u017adziernika<\/span>\n\t                        \t                        <h3><a href=\"https:\/\/gorkakoscielnicka.pl\/?p=8229\">Intencje Mszy \u015aw. 13.10.25 &#8211; 19.10.25<\/a><\/h3>\n\t                        <span class=\"desc\"><\/span>\n\t                    <\/div>\n\t                <\/div>\n                \t                <div class=\"item-blog \">\n\t                    <div class=\"inner\">\n\t                    \t\t                        \t<span class=\"date\">5 pa\u017adziernika<\/span>\n\t                        \t                        <h3><a href=\"https:\/\/gorkakoscielnicka.pl\/?p=8223\">Og\u0142oszenia duszpasterskie 05.10.2025<\/a><\/h3>\n\t                        <span class=\"desc\"><\/span>\n\t                    <\/div>\n\t                <\/div>\n                \t                <div class=\"item-blog even\">\n\t                    <div class=\"inner\">\n\t                    \t\t                        \t<span class=\"date\">5 pa\u017adziernika<\/span>\n\t                        \t                        <h3><a href=\"https:\/\/gorkakoscielnicka.pl\/?p=8218\">Intencje Mszy \u015aw. 6.10.25 &#8211; 12.10.25<\/a><\/h3>\n\t                        <span class=\"desc\"><\/span>\n\t                    <\/div>\n\t                <\/div>\n                \t                <div class=\"item-blog \">\n\t                    <div class=\"inner\">\n\t                    \t\t                        \t<span class=\"date\">27 wrze\u015bnia<\/span>\n\t                        \t                        <h3><a href=\"https:\/\/gorkakoscielnicka.pl\/?p=8212\">Intencje Mszy \u015aw. 29.09.25 &#8211; 05.10.25<\/a><\/h3>\n\t                        <span class=\"desc\"><\/span>\n\t                    <\/div>\n\t                <\/div>\n                \t                <div class=\"item-blog even\">\n\t                    <div class=\"inner\">\n\t                    \t\t                        \t<span class=\"date\">27 wrze\u015bnia<\/span>\n\t                        \t                        <h3><a href=\"https:\/\/gorkakoscielnicka.pl\/?p=8208\">Og\u0142oszenia duszpasterskie 28.09.2025<\/a><\/h3>\n\t                        <span class=\"desc\"><\/span>\n\t                    <\/div>\n\t                <\/div>\n                \t                <div class=\"item-blog \">\n\t                    <div class=\"inner\">\n\t                    \t\t                        \t<span class=\"date\">20 wrze\u015bnia<\/span>\n\t                        \t                        <h3><a href=\"https:\/\/gorkakoscielnicka.pl\/?p=8204\">Og\u0142oszenia duszpasterskie 21.09.2025<\/a><\/h3>\n\t                        <span class=\"desc\"><\/span>\n\t                    <\/div>\n\t                <\/div>\n                \t                <div class=\"item-blog even\">\n\t                    <div class=\"inner\">\n\t                    \t\t                        \t<span class=\"date\">20 wrze\u015bnia<\/span>\n\t                        \t                        <h3><a href=\"https:\/\/gorkakoscielnicka.pl\/?p=8198\">Intencje Mszy \u015aw. 22.09.25 &#8211; 28.09.25<\/a><\/h3>\n\t                        <span class=\"desc\"><\/span>\n\t                    <\/div>\n\t                <\/div>\n                \t                <div class=\"item-blog \">\n\t                    <div class=\"inner\">\n\t                    \t\t                        \t<span class=\"date\">14 wrze\u015bnia<\/span>\n\t                        \t                        <h3><a href=\"https:\/\/gorkakoscielnicka.pl\/?p=8191\">Intencje Pogrzebowe + Ks. J\u00f3zef Hojnowski<\/a><\/h3>\n\t                        <span class=\"desc\"><\/span>\n\t                    <\/div>\n\t                <\/div>\n                \t                <div class=\"item-blog even\">\n\t                    <div class=\"inner\">\n\t                    \t\t                        \t<span class=\"date\">14 wrze\u015bnia<\/span>\n\t                        \t                        <h3><a href=\"https:\/\/gorkakoscielnicka.pl\/?p=8186\">Intencje Mszy \u015aw. 15.09.25 &#8211; 21.09.25<\/a><\/h3>\n\t                        <span class=\"desc\"><\/span>\n\t                    <\/div>\n\t                <\/div>\n                \t                <div class=\"item-blog \">\n\t                    <div class=\"inner\">\n\t                    \t\t                        \t<span class=\"date\">14 wrze\u015bnia<\/span>\n\t                        \t                        <h3><a href=\"https:\/\/gorkakoscielnicka.pl\/?p=8180\">Og\u0142oszenia duszpasterskie 14.09.2025<\/a><\/h3>\n\t                        <span class=\"desc\"><\/span>\n\t                    <\/div>\n\t                <\/div>\n                \t                <div class=\"item-blog even\">\n\t                    <div class=\"inner\">\n\t                    \t\t                        \t<span class=\"date\">6 wrze\u015bnia<\/span>\n\t                        \t                        <h3><a href=\"https:\/\/gorkakoscielnicka.pl\/?p=8169\">Og\u0142oszenia duszpasterskie 07.09.2025<\/a><\/h3>\n\t                        <span class=\"desc\"><\/span>\n\t                    <\/div>\n\t                <\/div>\n                \t                <div class=\"item-blog \">\n\t                    <div class=\"inner\">\n\t                    \t\t                        \t<span class=\"date\">6 wrze\u015bnia<\/span>\n\t                        \t                        <h3><a href=\"https:\/\/gorkakoscielnicka.pl\/?p=8164\">Intencje Mszy \u015aw. 08.09.25 &#8211; 14.09.25<\/a><\/h3>\n\t                        <span class=\"desc\"><\/span>\n\t                    <\/div>\n\t                <\/div>\n                \t                <div class=\"item-blog even\">\n\t                    <div class=\"inner\">\n\t                    \t\t                        \t<span class=\"date\">1 wrze\u015bnia<\/span>\n\t                        \t                        <h3><a href=\"https:\/\/gorkakoscielnicka.pl\/?p=8161\">2025 &#8211; Pogrzeb ks. J\u00f3zefa Hojnowskiego &#8211; Importa do ko\u015bcio\u0142a \u015bw. J\u00f3zefa. Fot. W. Ru\u015bniak<\/a><\/h3>\n\t                        <span class=\"desc\"><\/span>\n\t                    <\/div>\n\t                <\/div>\n                \t                <div class=\"item-blog \">\n\t                    <div class=\"inner\">\n\t                    \t\t                        \t<span class=\"date\">31 sierpnia<\/span>\n\t                        \t                        <h3><a href=\"https:\/\/gorkakoscielnicka.pl\/?p=8082\">Og\u0142oszenia duszpasterskie 31.08.2025<\/a><\/h3>\n\t                        <span class=\"desc\"><\/span>\n\t                    <\/div>\n\t                <\/div>\n                \t                <div class=\"item-blog even\">\n\t                    <div class=\"inner\">\n\t                    \t\t                        \t<span class=\"date\">31 sierpnia<\/span>\n\t                        \t                        <h3><a href=\"https:\/\/gorkakoscielnicka.pl\/?p=8077\">Intencje 01.09.25 &#8211; 07.09.25<\/a><\/h3>\n\t                        <span class=\"desc\"><\/span>\n\t                    <\/div>\n\t                <\/div>\n                \t                <div class=\"item-blog \">\n\t                    <div class=\"inner\">\n\t                    \t\t                        \t<span class=\"date\">23 sierpnia<\/span>\n\t                        \t                        <h3><a href=\"https:\/\/gorkakoscielnicka.pl\/?p=8044\">Og\u0142oszenia duszpasterskie 24.08.2025<\/a><\/h3>\n\t                        <span class=\"desc\"><\/span>\n\t                    <\/div>\n\t                <\/div>\n                \t                <div class=\"item-blog even\">\n\t                    <div class=\"inner\">\n\t                    \t\t                        \t<span class=\"date\">23 sierpnia<\/span>\n\t                        \t                        <h3><a href=\"https:\/\/gorkakoscielnicka.pl\/?p=8038\">Intencje Mszy \u015aw. 25.08.25 &#8211; 31.08.25<\/a><\/h3>\n\t                        <span class=\"desc\"><\/span>\n\t                    <\/div>\n\t                <\/div>\n                \t                <div class=\"item-blog \">\n\t                    <div class=\"inner\">\n\t                    \t\t                        \t<span class=\"date\">16 sierpnia<\/span>\n\t                        \t                        <h3><a href=\"https:\/\/gorkakoscielnicka.pl\/?p=8028\">Og\u0142oszenia duszpasterskie 17.08.2025<\/a><\/h3>\n\t                        <span class=\"desc\"><\/span>\n\t                    <\/div>\n\t                <\/div>\n                \t                <div class=\"item-blog even\">\n\t                    <div class=\"inner\">\n\t                    \t\t                        \t<span class=\"date\">15 sierpnia<\/span>\n\t                        \t                        <h3><a href=\"https:\/\/gorkakoscielnicka.pl\/?p=8032\">Intencje Mszy \u015aw. 18.08.25 &#8211; 24.08.25<\/a><\/h3>\n\t                        <span class=\"desc\"><\/span>\n\t                    <\/div>\n\t                <\/div>\n                \t                <div class=\"item-blog \">\n\t                    <div class=\"inner\">\n\t                    \t\t                        \t<span class=\"date\">10 sierpnia<\/span>\n\t                        \t                        <h3><a href=\"https:\/\/gorkakoscielnicka.pl\/?p=8025\">Og\u0142oszenia duszpasterskie 10.08.2025<\/a><\/h3>\n\t                        <span class=\"desc\"><\/span>\n\t                    <\/div>\n\t                <\/div>\n                \t                <div class=\"item-blog even\">\n\t                    <div class=\"inner\">\n\t                    \t\t                        \t<span class=\"date\">10 sierpnia<\/span>\n\t                        \t                        <h3><a href=\"https:\/\/gorkakoscielnicka.pl\/?p=8018\">Intencje Mszy \u015aw. 11.08.25 &#8211; 17.08.25<\/a><\/h3>\n\t                        <span class=\"desc\"><\/span>\n\t                    <\/div>\n\t                <\/div>\n                \t                <div class=\"item-blog \">\n\t                    <div class=\"inner\">\n\t                    \t\t                        \t<span class=\"date\">2 sierpnia<\/span>\n\t                        \t                        <h3><a href=\"https:\/\/gorkakoscielnicka.pl\/?p=8011\">Intencje Mszy \u015aw. 04.08.25 &#8211; 10.08.25<\/a><\/h3>\n\t                        <span class=\"desc\"><\/span>\n\t                    <\/div>\n\t                <\/div>\n                \t                <div class=\"item-blog even\">\n\t                    <div class=\"inner\">\n\t                    \t\t                        \t<span class=\"date\">2 sierpnia<\/span>\n\t                        \t                        <h3><a href=\"https:\/\/gorkakoscielnicka.pl\/?p=8007\">Og\u0142oszenia duszpasterskie 03.08.2025<\/a><\/h3>\n\t                        <span class=\"desc\"><\/span>\n\t                    <\/div>\n\t                <\/div>\n                \t                <div class=\"item-blog \">\n\t                    <div class=\"inner\">\n\t                    \t\t                        \t<span class=\"date\">26 lipca<\/span>\n\t                        \t                        <h3><a href=\"https:\/\/gorkakoscielnicka.pl\/?p=8004\">Og\u0142oszenia duszpasterskie 27.07.2025<\/a><\/h3>\n\t                        <span class=\"desc\"><\/span>\n\t                    <\/div>\n\t                <\/div>\n                \t                <div class=\"item-blog even\">\n\t                    <div class=\"inner\">\n\t                    \t\t                        \t<span class=\"date\">26 lipca<\/span>\n\t                        \t                        <h3><a href=\"https:\/\/gorkakoscielnicka.pl\/?p=7995\">Intencje Mszy \u015aw. 28.07.25 &#8211; 03.08.25<\/a><\/h3>\n\t                        <span class=\"desc\"><\/span>\n\t                    <\/div>\n\t                <\/div>\n                \t                <div class=\"item-blog \">\n\t                    <div class=\"inner\">\n\t                    \t\t                        \t<span class=\"date\">19 lipca<\/span>\n\t                        \t                        <h3><a href=\"https:\/\/gorkakoscielnicka.pl\/?p=7977\">Og\u0142oszenia duszpasterskie 20.07.2025<\/a><\/h3>\n\t                        <span class=\"desc\"><\/span>\n\t                    <\/div>\n\t                <\/div>\n                \t                <div class=\"item-blog even\">\n\t                    <div class=\"inner\">\n\t                    \t\t                        \t<span class=\"date\">19 lipca<\/span>\n\t                        \t                        <h3><a href=\"https:\/\/gorkakoscielnicka.pl\/?p=7972\">Intencje Mszy \u015aw. 21.07.25 &#8211; 27.07.25<\/a><\/h3>\n\t                        <span class=\"desc\"><\/span>\n\t                    <\/div>\n\t                <\/div>\n                \t                <div class=\"item-blog \">\n\t                    <div class=\"inner\">\n\t                    \t\t                        \t<span class=\"date\">12 lipca<\/span>\n\t                        \t                        <h3><a href=\"https:\/\/gorkakoscielnicka.pl\/?p=7968\">Og\u0142oszenia duszpasterskie 13.07.2025<\/a><\/h3>\n\t                        <span class=\"desc\"><\/span>\n\t                    <\/div>\n\t                <\/div>\n                \t                <div class=\"item-blog even\">\n\t                    <div class=\"inner\">\n\t                    \t\t                        \t<span class=\"date\">12 lipca<\/span>\n\t                        \t                        <h3><a href=\"https:\/\/gorkakoscielnicka.pl\/?p=7962\">Intencje Mszy \u015aw. 14.07.25 &#8211; 20.07.25<\/a><\/h3>\n\t                        <span class=\"desc\"><\/span>\n\t                    <\/div>\n\t                <\/div>\n                \t                <div class=\"item-blog \">\n\t                    <div class=\"inner\">\n\t                    \t\t                        \t<span class=\"date\">5 lipca<\/span>\n\t                        \t                        <h3><a href=\"https:\/\/gorkakoscielnicka.pl\/?p=7505\">Og\u0142oszenia duszpasterskie 06.07.2025<\/a><\/h3>\n\t                        <span class=\"desc\"><\/span>\n\t                    <\/div>\n\t                <\/div>\n                \t                <div class=\"item-blog even\">\n\t                    <div class=\"inner\">\n\t                    \t\t                        \t<span class=\"date\">5 lipca<\/span>\n\t                        \t                        <h3><a href=\"https:\/\/gorkakoscielnicka.pl\/?p=7499\">Intencje Mszy \u015aw. 07.07.25 &#8211; 13.07.25<\/a><\/h3>\n\t                        <span class=\"desc\"><\/span>\n\t                    <\/div>\n\t                <\/div>\n                \t                <div class=\"item-blog \">\n\t                    <div class=\"inner\">\n\t                    \t\t                        \t<span class=\"date\">29 czerwca<\/span>\n\t                        \t                        <h3><a href=\"https:\/\/gorkakoscielnicka.pl\/?p=7495\">Og\u0142oszenia duszpasterskie 29.06.2025<\/a><\/h3>\n\t                        <span class=\"desc\"><\/span>\n\t                    <\/div>\n\t                <\/div>\n                \t                <div class=\"item-blog even\">\n\t                    <div class=\"inner\">\n\t                    \t\t                        \t<span class=\"date\">29 czerwca<\/span>\n\t                        \t                        <h3><a href=\"https:\/\/gorkakoscielnicka.pl\/?p=7489\">Intencje Mszy \u015aw. 30.06.25 &#8211; 06.07.25<\/a><\/h3>\n\t                        <span class=\"desc\"><\/span>\n\t                    <\/div>\n\t                <\/div>\n                \t                <div class=\"item-blog \">\n\t                    <div class=\"inner\">\n\t                    \t\t                        \t<span class=\"date\">23 czerwca<\/span>\n\t                        \t                        <h3><a href=\"https:\/\/gorkakoscielnicka.pl\/?p=7891\">2025 Bierzmowanie &#8211; Bp. Janusz Mastalski<\/a><\/h3>\n\t                        <span class=\"desc\"><\/span>\n\t                    <\/div>\n\t                <\/div>\n                \t                <div class=\"item-blog even\">\n\t                    <div class=\"inner\">\n\t                    \t\t                        \t<span class=\"date\">21 czerwca<\/span>\n\t                        \t                        <h3><a href=\"https:\/\/gorkakoscielnicka.pl\/?p=7486\">Og\u0142oszenia duszpasterskie 22.06.2025<\/a><\/h3>\n\t                        <span class=\"desc\"><\/span>\n\t                    <\/div>\n\t                <\/div>\n                \t                <div class=\"item-blog \">\n\t                    <div class=\"inner\">\n\t                    \t\t                        \t<span class=\"date\">21 czerwca<\/span>\n\t                        \t                        <h3><a href=\"https:\/\/gorkakoscielnicka.pl\/?p=7480\">Intencje Mszy \u015aw. 23.06.25 &#8211; 29.06.25<\/a><\/h3>\n\t                        <span class=\"desc\"><\/span>\n\t                    <\/div>\n\t                <\/div>\n                \t                <div class=\"item-blog even\">\n\t                    <div class=\"inner\">\n\t                    \t\t                        \t<span class=\"date\">19 czerwca<\/span>\n\t                        \t                        <h3><a href=\"https:\/\/gorkakoscielnicka.pl\/?p=7932\">2025 Bo\u017ce Cia\u0142o<\/a><\/h3>\n\t                        <span class=\"desc\"><\/span>\n\t                    <\/div>\n\t                <\/div>\n                \t                <div class=\"item-blog \">\n\t                    <div class=\"inner\">\n\t                    \t\t                        \t<span class=\"date\">14 czerwca<\/span>\n\t                        \t                        <h3><a href=\"https:\/\/gorkakoscielnicka.pl\/?p=7477\">Og\u0142oszenia duszpasterskie 15.06.2025<\/a><\/h3>\n\t                        <span class=\"desc\"><\/span>\n\t                    <\/div>\n\t                <\/div>\n                \t                <div class=\"item-blog even\">\n\t                    <div class=\"inner\">\n\t                    \t\t                        \t<span class=\"date\">14 czerwca<\/span>\n\t                        \t                        <h3><a href=\"https:\/\/gorkakoscielnicka.pl\/?p=7470\">Intencje Mszy \u015aw. 16.06.25 &#8211; 22.06.25<\/a><\/h3>\n\t                        <span class=\"desc\"><\/span>\n\t                    <\/div>\n\t                <\/div>\n                \t                <div class=\"item-blog \">\n\t                    <div class=\"inner\">\n\t                    \t\t                        \t<span class=\"date\">8 czerwca<\/span>\n\t                        \t                        <h3><a href=\"https:\/\/gorkakoscielnicka.pl\/?p=7467\">Intencje Mszy \u015aw. 09.06.25 &#8211; 15.06.25<\/a><\/h3>\n\t                        <span class=\"desc\"><\/span>\n\t                    <\/div>\n\t                <\/div>\n                \t                <div class=\"item-blog even\">\n\t                    <div class=\"inner\">\n\t                    \t\t                        \t<span class=\"date\">8 czerwca<\/span>\n\t                        \t                        <h3><a href=\"https:\/\/gorkakoscielnicka.pl\/?p=7456\">Og\u0142oszenia duszpasterskie 08.06.2025<\/a><\/h3>\n\t                        <span class=\"desc\"><\/span>\n\t                    <\/div>\n\t                <\/div>\n                \t                <div class=\"item-blog \">\n\t                    <div class=\"inner\">\n\t                    \t\t                        \t<span class=\"date\">31 maja<\/span>\n\t                        \t                        <h3><a href=\"https:\/\/gorkakoscielnicka.pl\/?p=7452\">Og\u0142oszenia duszpasterskie 01.06.2025<\/a><\/h3>\n\t                        <span class=\"desc\"><\/span>\n\t                    <\/div>\n\t                <\/div>\n                \t                <div class=\"item-blog even\">\n\t                    <div class=\"inner\">\n\t                    \t\t                        \t<span class=\"date\">31 maja<\/span>\n\t                        \t                        <h3><a href=\"https:\/\/gorkakoscielnicka.pl\/?p=7447\">Intencje Mszy \u015aw. 02.06.25 &#8211; 08.06.25<\/a><\/h3>\n\t                        <span class=\"desc\"><\/span>\n\t                    <\/div>\n\t                <\/div>\n                \t                <div class=\"item-blog \">\n\t                    <div class=\"inner\">\n\t                    \t\t                        \t<span class=\"date\">24 maja<\/span>\n\t                        \t                        <h3><a href=\"https:\/\/gorkakoscielnicka.pl\/?p=7442\">Og\u0142oszenia duszpasterskie 25.05.2025<\/a><\/h3>\n\t                        <span class=\"desc\"><\/span>\n\t                    <\/div>\n\t                <\/div>\n                \t                <div class=\"item-blog even\">\n\t                    <div class=\"inner\">\n\t                    \t\t                        \t<span class=\"date\">24 maja<\/span>\n\t                        \t                        <h3><a href=\"https:\/\/gorkakoscielnicka.pl\/?p=7435\">Intencje Mszy \u015aw. 26.05.25 &#8211; 01.05.25<\/a><\/h3>\n\t                        <span class=\"desc\"><\/span>\n\t                    <\/div>\n\t                <\/div>\n                \t                <div class=\"item-blog \">\n\t                    <div class=\"inner\">\n\t                    \t\t                        \t<span class=\"date\">17 maja<\/span>\n\t                        \t                        <h3><a href=\"https:\/\/gorkakoscielnicka.pl\/?p=7431\">Og\u0142oszenia duszpasterskie 18.05.2025<\/a><\/h3>\n\t                        <span class=\"desc\"><\/span>\n\t                    <\/div>\n\t                <\/div>\n                \t                <div class=\"item-blog even\">\n\t                    <div class=\"inner\">\n\t                    \t\t                        \t<span class=\"date\">17 maja<\/span>\n\t                        \t                        <h3><a href=\"https:\/\/gorkakoscielnicka.pl\/?p=7426\">Intencje Mszy \u015aw. 19.05.25 &#8211; 25.05.25<\/a><\/h3>\n\t                        <span class=\"desc\"><\/span>\n\t                    <\/div>\n\t                <\/div>\n                \t                <div class=\"item-blog \">\n\t                    <div class=\"inner\">\n\t                    \t\t                        \t<span class=\"date\">10 maja<\/span>\n\t                        \t                        <h3><a href=\"https:\/\/gorkakoscielnicka.pl\/?p=7420\">Og\u0142oszenia duszpasterskie 11.05.2025<\/a><\/h3>\n\t                        <span class=\"desc\"><\/span>\n\t                    <\/div>\n\t                <\/div>\n                \t                <div class=\"item-blog even\">\n\t                    <div class=\"inner\">\n\t                    \t\t                        \t<span class=\"date\">10 maja<\/span>\n\t                        \t                        <h3><a href=\"https:\/\/gorkakoscielnicka.pl\/?p=7415\">Intencje Mszy \u015aw. 12.05.25 &#8211; 18.05.25<\/a><\/h3>\n\t                        <span class=\"desc\"><\/span>\n\t                    <\/div>\n\t                <\/div>\n                \t                <div class=\"item-blog \">\n\t                    <div class=\"inner\">\n\t                    \t\t                        \t<span class=\"date\">4 maja<\/span>\n\t                        \t                        <h3><a href=\"https:\/\/gorkakoscielnicka.pl\/?p=7411\">Og\u0142oszenia duszpasterskie 04.05.2025<\/a><\/h3>\n\t                        <span class=\"desc\"><\/span>\n\t                    <\/div>\n\t                <\/div>\n                \t                <div class=\"item-blog even\">\n\t                    <div class=\"inner\">\n\t                    \t\t                        \t<span class=\"date\">4 maja<\/span>\n\t                        \t                        <h3><a href=\"https:\/\/gorkakoscielnicka.pl\/?p=7404\">Intencje Mszy \u015aw. 05.05.25 &#8211; 11.05.25<\/a><\/h3>\n\t                        <span class=\"desc\"><\/span>\n\t                    <\/div>\n\t                <\/div>\n                \t                <div class=\"item-blog \">\n\t                    <div class=\"inner\">\n\t                    \t\t                        \t<span class=\"date\">26 kwietnia<\/span>\n\t                        \t                        <h3><a href=\"https:\/\/gorkakoscielnicka.pl\/?p=7397\">Og\u0142oszenia duszpasterskie 27.04.2025<\/a><\/h3>\n\t                        <span class=\"desc\"><\/span>\n\t                    <\/div>\n\t                <\/div>\n                \t                <div class=\"item-blog even\">\n\t                    <div class=\"inner\">\n\t                    \t\t                        \t<span class=\"date\">26 kwietnia<\/span>\n\t                        \t                        <h3><a href=\"https:\/\/gorkakoscielnicka.pl\/?p=7392\">Intencje Mszy \u015aw. 28.04.25 &#8211; 04.05.25<\/a><\/h3>\n\t                        <span class=\"desc\"><\/span>\n\t                    <\/div>\n\t                <\/div>\n                \t                <div class=\"item-blog \">\n\t                    <div class=\"inner\">\n\t                    \t\t                        \t<span class=\"date\">19 kwietnia<\/span>\n\t                        \t                        <h3><a href=\"https:\/\/gorkakoscielnicka.pl\/?p=7387\">Og\u0142oszenia duszpasterskie 20.04.2025<\/a><\/h3>\n\t                        <span class=\"desc\"><\/span>\n\t                    <\/div>\n\t                <\/div>\n                \t                <div class=\"item-blog even\">\n\t                    <div class=\"inner\">\n\t                    \t\t                        \t<span class=\"date\">19 kwietnia<\/span>\n\t                        \t                        <h3><a href=\"https:\/\/gorkakoscielnicka.pl\/?p=7381\">Intencje Mszy \u015aw. 21.04.25 &#8211; 27.04.25<\/a><\/h3>\n\t                        <span class=\"desc\"><\/span>\n\t                    <\/div>\n\t                <\/div>\n                \t                <div class=\"item-blog \">\n\t                    <div class=\"inner\">\n\t                    \t\t                        \t<span class=\"date\">19 kwietnia<\/span>\n\t                        \t                        <h3><a href=\"https:\/\/gorkakoscielnicka.pl\/?p=7872\">2025 Triduum<\/a><\/h3>\n\t                        <span class=\"desc\"><\/span>\n\t                    <\/div>\n\t                <\/div>\n                \t                <div class=\"item-blog even\">\n\t                    <div class=\"inner\">\n\t                    \t\t                        \t<span class=\"date\">13 kwietnia<\/span>\n\t                        \t                        <h3><a href=\"https:\/\/gorkakoscielnicka.pl\/?p=7702\">2025 Droga Krzy\u017cowa<\/a><\/h3>\n\t                        <span class=\"desc\">fot. B. Kubica, K....<\/span>\n\t                    <\/div>\n\t                <\/div>\n                \t                <div class=\"item-blog \">\n\t                    <div class=\"inner\">\n\t                    \t\t                        \t<span class=\"date\">13 kwietnia<\/span>\n\t                        \t                        <h3><a href=\"https:\/\/gorkakoscielnicka.pl\/?p=7764\">2025 Niedziela Palmowa<\/a><\/h3>\n\t                        <span class=\"desc\"><\/span>\n\t                    <\/div>\n\t                <\/div>\n                \t                <div class=\"item-blog even\">\n\t                    <div class=\"inner\">\n\t                    \t\t                        \t<span class=\"date\">12 kwietnia<\/span>\n\t                        \t                        <h3><a href=\"https:\/\/gorkakoscielnicka.pl\/?p=7378\">Og\u0142oszenia duszpasterskie 13.04.2025<\/a><\/h3>\n\t                        <span class=\"desc\"><\/span>\n\t                    <\/div>\n\t                <\/div>\n                \t                <div class=\"item-blog \">\n\t                    <div class=\"inner\">\n\t                    \t\t                        \t<span class=\"date\">12 kwietnia<\/span>\n\t                        \t                        <h3><a href=\"https:\/\/gorkakoscielnicka.pl\/?p=7371\">Intencje Mszy \u015aw. 14.04.25 &#8211; 20.04.25<\/a><\/h3>\n\t                        <span class=\"desc\"><\/span>\n\t                    <\/div>\n\t                <\/div>\n                \t                <div class=\"item-blog even\">\n\t                    <div class=\"inner\">\n\t                    \t\t                        \t<span class=\"date\">6 kwietnia<\/span>\n\t                        \t                        <h3><a href=\"https:\/\/gorkakoscielnicka.pl\/?p=7368\">Og\u0142oszenia duszpasterskie 06.04.2025<\/a><\/h3>\n\t                        <span class=\"desc\"><\/span>\n\t                    <\/div>\n\t                <\/div>\n                \t                <div class=\"item-blog \">\n\t                    <div class=\"inner\">\n\t                    \t\t                        \t<span class=\"date\">6 kwietnia<\/span>\n\t                        \t                        <h3><a href=\"https:\/\/gorkakoscielnicka.pl\/?p=7361\">Intencje Mszy \u015aw. 07.04.25 &#8211; 13.04.25<\/a><\/h3>\n\t                        <span class=\"desc\"><\/span>\n\t                    <\/div>\n\t                <\/div>\n                \t                <div class=\"item-blog even\">\n\t                    <div class=\"inner\">\n\t                    \t\t                        \t<span class=\"date\">30 marca<\/span>\n\t                        \t                        <h3><a href=\"https:\/\/gorkakoscielnicka.pl\/?p=7358\">Rekolekcje wielkopostne 2025<\/a><\/h3>\n\t                        <span class=\"desc\"><\/span>\n\t                    <\/div>\n\t                <\/div>\n                \t                <div class=\"item-blog \">\n\t                    <div class=\"inner\">\n\t                    \t\t                        \t<span class=\"date\">30 marca<\/span>\n\t                        \t                        <h3><a href=\"https:\/\/gorkakoscielnicka.pl\/?p=7356\">Og\u0142oszenia duszpasterskie 30.03.25<\/a><\/h3>\n\t                        <span class=\"desc\"><\/span>\n\t                    <\/div>\n\t                <\/div>\n                \t                <div class=\"item-blog even\">\n\t                    <div class=\"inner\">\n\t                    \t\t                        \t<span class=\"date\">30 marca<\/span>\n\t                        \t                        <h3><a href=\"https:\/\/gorkakoscielnicka.pl\/?p=7346\">Intencje Mszy \u015aw. 31.03.25 &#8211; 06.04.25<\/a><\/h3>\n\t                        <span class=\"desc\"><\/span>\n\t                    <\/div>\n\t                <\/div>\n                \t                <div class=\"item-blog \">\n\t                    <div class=\"inner\">\n\t                    \t\t                        \t<span class=\"date\">23 marca<\/span>\n\t                        \t                        <h3><a href=\"https:\/\/gorkakoscielnicka.pl\/?p=7957\">2025 Odpust ku czci \u015bw. J\u00f3zefa<\/a><\/h3>\n\t                        <span class=\"desc\"><\/span>\n\t                    <\/div>\n\t                <\/div>\n                \t                <div class=\"item-blog even\">\n\t                    <div class=\"inner\">\n\t                    \t\t                        \t<span class=\"date\">23 marca<\/span>\n\t                        \t                        <h3><a href=\"https:\/\/gorkakoscielnicka.pl\/?p=7342\">Og\u0142oszenia duszpasterskie 23.03.25<\/a><\/h3>\n\t                        <span class=\"desc\"><\/span>\n\t                    <\/div>\n\t                <\/div>\n                \t                <div class=\"item-blog \">\n\t                    <div class=\"inner\">\n\t                    \t\t                        \t<span class=\"date\">23 marca<\/span>\n\t                        \t                        <h3><a href=\"https:\/\/gorkakoscielnicka.pl\/?p=7336\">Intencje Mszy \u015aw. 24.03.25 &#8211; 30.03.25<\/a><\/h3>\n\t                        <span class=\"desc\"><\/span>\n\t                    <\/div>\n\t                <\/div>\n                \t                <div class=\"item-blog even\">\n\t                    <div class=\"inner\">\n\t                    \t\t                        \t<span class=\"date\">16 marca<\/span>\n\t                        \t                        <h3><a href=\"https:\/\/gorkakoscielnicka.pl\/?p=7333\">Og\u0142oszenia duszpasterskie 16.03.2025<\/a><\/h3>\n\t                        <span class=\"desc\"><\/span>\n\t                    <\/div>\n\t                <\/div>\n                \t                <div class=\"item-blog \">\n\t                    <div class=\"inner\">\n\t                    \t\t                        \t<span class=\"date\">16 marca<\/span>\n\t                        \t                        <h3><a href=\"https:\/\/gorkakoscielnicka.pl\/?p=7327\">Intencje Mszy \u015aw. 17.03.25 &#8211; 23.03.25<\/a><\/h3>\n\t                        <span class=\"desc\"><\/span>\n\t                    <\/div>\n\t                <\/div>\n                \t                <div class=\"item-blog even\">\n\t                    <div class=\"inner\">\n\t                    \t\t                        \t<span class=\"date\">9 marca<\/span>\n\t                        \t                        <h3><a href=\"https:\/\/gorkakoscielnicka.pl\/?p=7322\">Og\u0142oszenia duszpasterskie 09.03.2025<\/a><\/h3>\n\t                        <span class=\"desc\"><\/span>\n\t                    <\/div>\n\t                <\/div>\n                \t                <div class=\"item-blog \">\n\t                    <div class=\"inner\">\n\t                    \t\t                        \t<span class=\"date\">9 marca<\/span>\n\t                        \t                        <h3><a href=\"https:\/\/gorkakoscielnicka.pl\/?p=7317\">Intencje Mszy \u015aw. 10.03.25 &#8211; 16.03.25<\/a><\/h3>\n\t                        <span class=\"desc\"><\/span>\n\t                    <\/div>\n\t                <\/div>\n                \t                <div class=\"item-blog even\">\n\t                    <div class=\"inner\">\n\t                    \t\t                        \t<span class=\"date\">2 marca<\/span>\n\t                        \t                        <h3><a href=\"https:\/\/gorkakoscielnicka.pl\/?p=7314\">Og\u0142oszenia duszpasterskie 02.03.2025<\/a><\/h3>\n\t                        <span class=\"desc\"><\/span>\n\t                    <\/div>\n\t                <\/div>\n                \t                <div class=\"item-blog \">\n\t                    <div class=\"inner\">\n\t                    \t\t                        \t<span class=\"date\">2 marca<\/span>\n\t                        \t                        <h3><a href=\"https:\/\/gorkakoscielnicka.pl\/?p=7308\">Intencje Mszy \u015aw. 02.03.25 &#8211; 09.03.25<\/a><\/h3>\n\t                        <span class=\"desc\"><\/span>\n\t                    <\/div>\n\t                <\/div>\n                \t                <div class=\"item-blog even\">\n\t                    <div class=\"inner\">\n\t                    \t\t                        \t<span class=\"date\">23 lutego<\/span>\n\t                        \t                        <h3><a href=\"https:\/\/gorkakoscielnicka.pl\/?p=7302\">Og\u0142oszenia duszpasterskie 23.02.2024<\/a><\/h3>\n\t                        <span class=\"desc\"><\/span>\n\t                    <\/div>\n\t                <\/div>\n                \t                <div class=\"item-blog \">\n\t                    <div class=\"inner\">\n\t                    \t\t                        \t<span class=\"date\">23 lutego<\/span>\n\t                        \t                        <h3><a href=\"https:\/\/gorkakoscielnicka.pl\/?p=7297\">Intencje Mszy \u015aw. 24.02.25 &#8211; 02.03.25<\/a><\/h3>\n\t                        <span class=\"desc\"><\/span>\n\t                    <\/div>\n\t                <\/div>\n                \t                <div class=\"item-blog even\">\n\t                    <div class=\"inner\">\n\t                    \t\t                        \t<span class=\"date\">16 lutego<\/span>\n\t                        \t                        <h3><a href=\"https:\/\/gorkakoscielnicka.pl\/?p=7294\">Og\u0142oszenia duszpasterskie 16.02.2025<\/a><\/h3>\n\t                        <span class=\"desc\"><\/span>\n\t                    <\/div>\n\t                <\/div>\n                \t                <div class=\"item-blog \">\n\t                    <div class=\"inner\">\n\t                    \t\t                        \t<span class=\"date\">16 lutego<\/span>\n\t                        \t                        <h3><a href=\"https:\/\/gorkakoscielnicka.pl\/?p=7288\">Intencje Mszy \u015aw. 17.02.25 &#8211; 22.02.25<\/a><\/h3>\n\t                        <span class=\"desc\"><\/span>\n\t                    <\/div>\n\t                <\/div>\n                \t                <div class=\"item-blog even\">\n\t                    <div class=\"inner\">\n\t                    \t\t                        \t<span class=\"date\">8 lutego<\/span>\n\t                        \t                        <h3><a href=\"https:\/\/gorkakoscielnicka.pl\/?p=7283\">Og\u0142oszenia duszpasterskie 09.02.2025<\/a><\/h3>\n\t                        <span class=\"desc\"><\/span>\n\t                    <\/div>\n\t                <\/div>\n                \t                <div class=\"item-blog \">\n\t                    <div class=\"inner\">\n\t                    \t\t                        \t<span class=\"date\">8 lutego<\/span>\n\t                        \t                        <h3><a href=\"https:\/\/gorkakoscielnicka.pl\/?p=7276\">Intencje Mszy \u015aw. 10.02.25 &#8211; 16.02.25<\/a><\/h3>\n\t                        <span class=\"desc\"><\/span>\n\t                    <\/div>\n\t                <\/div>\n                \t                <div class=\"item-blog even\">\n\t                    <div class=\"inner\">\n\t                    \t\t                        \t<span class=\"date\">1 lutego<\/span>\n\t                        \t                        <h3><a href=\"https:\/\/gorkakoscielnicka.pl\/?p=7273\">Og\u0142oszenia duszpasterskie 02.02.2025<\/a><\/h3>\n\t                        <span class=\"desc\"><\/span>\n\t                    <\/div>\n\t                <\/div>\n                \t                <div class=\"item-blog \">\n\t                    <div class=\"inner\">\n\t                    \t\t                        \t<span class=\"date\">1 lutego<\/span>\n\t                        \t                        <h3><a href=\"https:\/\/gorkakoscielnicka.pl\/?p=7266\">Intencje Mszy \u015aw. 03.02.25 &#8211; 09.02.25<\/a><\/h3>\n\t                        <span class=\"desc\"><\/span>\n\t                    <\/div>\n\t                <\/div>\n                \t                <div class=\"item-blog even\">\n\t                    <div class=\"inner\">\n\t                    \t\t                        \t<span class=\"date\">25 stycznia<\/span>\n\t                        \t                        <h3><a href=\"https:\/\/gorkakoscielnicka.pl\/?p=7260\">Og\u0142oszenia duszpasterskie 26.01.2025<\/a><\/h3>\n\t                        <span class=\"desc\"><\/span>\n\t                    <\/div>\n\t                <\/div>\n                \t                <div class=\"item-blog \">\n\t                    <div class=\"inner\">\n\t                    \t\t                        \t<span class=\"date\">25 stycznia<\/span>\n\t                        \t                        <h3><a href=\"https:\/\/gorkakoscielnicka.pl\/?p=7254\">Intencje Mszy \u015aw. 27.01.25 &#8211; 02.01.25<\/a><\/h3>\n\t                        <span class=\"desc\"><\/span>\n\t                    <\/div>\n\t                <\/div>\n                \t                <div class=\"item-blog even\">\n\t                    <div class=\"inner\">\n\t                    \t\t                        \t<span class=\"date\">18 stycznia<\/span>\n\t                        \t                        <h3><a href=\"https:\/\/gorkakoscielnicka.pl\/?p=7241\">Og\u0142oszenia duszpasterskie 19.01.2025<\/a><\/h3>\n\t                        <span class=\"desc\"><\/span>\n\t                    <\/div>\n\t                <\/div>\n                \t                <div class=\"item-blog \">\n\t                    <div class=\"inner\">\n\t                    \t\t                        \t<span class=\"date\">18 stycznia<\/span>\n\t                        \t                        <h3><a href=\"https:\/\/gorkakoscielnicka.pl\/?p=7236\">Intencje Mszy \u015aw. 20.01.25 &#8211; 26.01.25<\/a><\/h3>\n\t                        <span class=\"desc\"><\/span>\n\t                    <\/div>\n\t                <\/div>\n                \t                <div class=\"item-blog even\">\n\t                    <div class=\"inner\">\n\t                    \t\t                        \t<span class=\"date\">11 stycznia<\/span>\n\t                        \t                        <h3><a href=\"https:\/\/gorkakoscielnicka.pl\/?p=7233\">Og\u0142oszenia duszpasterskie 12.01.2025<\/a><\/h3>\n\t                        <span class=\"desc\"><\/span>\n\t                    <\/div>\n\t                <\/div>\n                \t                <div class=\"item-blog \">\n\t                    <div class=\"inner\">\n\t                    \t\t                        \t<span class=\"date\">11 stycznia<\/span>\n\t                        \t                        <h3><a href=\"https:\/\/gorkakoscielnicka.pl\/?p=7227\">Intencje Mszy \u015aw. 13.01.25 &#8211; 19.01.25<\/a><\/h3>\n\t                        <span class=\"desc\"><\/span>\n\t                    <\/div>\n\t                <\/div>\n                \t                <div class=\"item-blog even\">\n\t                    <div class=\"inner\">\n\t                    \t\t                        \t<span class=\"date\">4 stycznia<\/span>\n\t                        \t                        <h3><a href=\"https:\/\/gorkakoscielnicka.pl\/?p=7222\">Og\u0142oszenia duszpasterskie 05.01.2025<\/a><\/h3>\n\t                        <span class=\"desc\"><\/span>\n\t                    <\/div>\n\t                <\/div>\n                \t                <div class=\"item-blog \">\n\t                    <div class=\"inner\">\n\t                    \t\t                        \t<span class=\"date\">4 stycznia<\/span>\n\t                        \t                        <h3><a href=\"https:\/\/gorkakoscielnicka.pl\/?p=7216\">Intencje Mszy \u015aw. 06.01.25 &#8211; 12.01.25<\/a><\/h3>\n\t                        <span class=\"desc\"><\/span>\n\t                    <\/div>\n\t                <\/div>\n                \t                <div class=\"item-blog even\">\n\t                    <div class=\"inner\">\n\t                    \t\t                        \t<span class=\"date\">28 grudnia<\/span>\n\t                        \t                        <h3><a href=\"https:\/\/gorkakoscielnicka.pl\/?p=7211\">Og\u0142oszenia duszpasterskie 29.12.2024<\/a><\/h3>\n\t                        <span class=\"desc\"><\/span>\n\t                    <\/div>\n\t                <\/div>\n                \t                <div class=\"item-blog \">\n\t                    <div class=\"inner\">\n\t                    \t\t                        \t<span class=\"date\">28 grudnia<\/span>\n\t                        \t                        <h3><a href=\"https:\/\/gorkakoscielnicka.pl\/?p=7205\">Intencje Mszy \u015aw. 30.12.24 &#8211; 05.01.25<\/a><\/h3>\n\t                        <span class=\"desc\"><\/span>\n\t                    <\/div>\n\t                <\/div>\n                \t                <div class=\"item-blog even\">\n\t                    <div class=\"inner\">\n\t                    \t\t                        \t<span class=\"date\">21 grudnia<\/span>\n\t                        \t                        <h3><a href=\"https:\/\/gorkakoscielnicka.pl\/?p=7201\">Og\u0142oszenia duszpasterskie 22.12.2024<\/a><\/h3>\n\t                        <span class=\"desc\"><\/span>\n\t                    <\/div>\n\t                <\/div>\n                \t                <div class=\"item-blog \">\n\t                    <div class=\"inner\">\n\t                    \t\t                        \t<span class=\"date\">21 grudnia<\/span>\n\t                        \t                        <h3><a href=\"https:\/\/gorkakoscielnicka.pl\/?p=7194\">Intencje Mszy \u015aw. 23.12.24 &#8211; 29.12.24<\/a><\/h3>\n\t                        <span class=\"desc\"><\/span>\n\t                    <\/div>\n\t                <\/div>\n                \t                <div class=\"item-blog even\">\n\t                    <div class=\"inner\">\n\t                    \t\t                        \t<span class=\"date\">15 grudnia<\/span>\n\t                        \t                        <h3><a href=\"https:\/\/gorkakoscielnicka.pl\/?p=7063\">Wypominki 2024 &#8211; stan na 15.12.24<\/a><\/h3>\n\t                        <span class=\"desc\">Wypominki najlepiej przegl\u0105da\u0107 na...<\/span>\n\t                    <\/div>\n\t                <\/div>\n                \t                <div class=\"item-blog \">\n\t                    <div class=\"inner\">\n\t                    \t\t                        \t<span class=\"date\">13 grudnia<\/span>\n\t                        \t                        <h3><a href=\"https:\/\/gorkakoscielnicka.pl\/?p=7174\">Intencje Mszy \u015aw. 16.12.24 &#8211; 22.12.24<\/a><\/h3>\n\t                        <span class=\"desc\"><\/span>\n\t                    <\/div>\n\t                <\/div>\n                \t                <div class=\"item-blog even\">\n\t                    <div class=\"inner\">\n\t                    \t\t                        \t<span class=\"date\">13 grudnia<\/span>\n\t                        \t                        <h3><a href=\"https:\/\/gorkakoscielnicka.pl\/?p=7170\">Og\u0142oszenia duszpasterskie 15.12.2024<\/a><\/h3>\n\t                        <span class=\"desc\"><\/span>\n\t                    <\/div>\n\t                <\/div>\n                \t                <div class=\"item-blog \">\n\t                    <div class=\"inner\">\n\t                    \t\t                        \t<span class=\"date\">8 grudnia<\/span>\n\t                        \t                        <h3><a href=\"https:\/\/gorkakoscielnicka.pl\/?p=7166\">Archiwalne zdj\u0119cia<\/a><\/h3>\n\t                        <span class=\"desc\">Zdj\u0119cia udost\u0119pni\u0142 p. Wojciech...<\/span>\n\t                    <\/div>\n\t                <\/div>\n                \t                <div class=\"item-blog even\">\n\t                    <div class=\"inner\">\n\t                    \t\t                        \t<span class=\"date\">8 grudnia<\/span>\n\t                        \t                        <h3><a href=\"https:\/\/gorkakoscielnicka.pl\/?p=7076\">Og\u0142oszenia duszpasterskie 08.12.2024<\/a><\/h3>\n\t                        <span class=\"desc\"><\/span>\n\t                    <\/div>\n\t                <\/div>\n                \t                <div class=\"item-blog \">\n\t                    <div class=\"inner\">\n\t                    \t\t                        \t<span class=\"date\">8 grudnia<\/span>\n\t                        \t                        <h3><a href=\"https:\/\/gorkakoscielnicka.pl\/?p=7070\">Intencje Mszy \u015aw. 09.12.24 &#8211; 15.12.24<\/a><\/h3>\n\t                        <span class=\"desc\"><\/span>\n\t                    <\/div>\n\t                <\/div>\n                \t                <div class=\"item-blog even\">\n\t                    <div class=\"inner\">\n\t                    \t\t                        \t<span class=\"date\">30 listopada<\/span>\n\t                        \t                        <h3><a href=\"https:\/\/gorkakoscielnicka.pl\/?p=7056\">Og\u0142oszenia duszpasterskie 01.12.2024<\/a><\/h3>\n\t                        <span class=\"desc\"><\/span>\n\t                    <\/div>\n\t                <\/div>\n                \t                <div class=\"item-blog \">\n\t                    <div class=\"inner\">\n\t                    \t\t                        \t<span class=\"date\">30 listopada<\/span>\n\t                        \t                        <h3><a href=\"https:\/\/gorkakoscielnicka.pl\/?p=7051\">Intencje Mszy \u015aw. 02.12.24 &#8211; 08.12.24<\/a><\/h3>\n\t                        <span class=\"desc\"><\/span>\n\t                    <\/div>\n\t                <\/div>\n                \t                <div class=\"item-blog even\">\n\t                    <div class=\"inner\">\n\t                    \t\t                        \t<span class=\"date\">23 listopada<\/span>\n\t                        \t                        <h3><a href=\"https:\/\/gorkakoscielnicka.pl\/?p=7046\">Og\u0142oszenia duszpasterskie 24.11.2024<\/a><\/h3>\n\t                        <span class=\"desc\"><\/span>\n\t                    <\/div>\n\t                <\/div>\n                \t                <div class=\"item-blog \">\n\t                    <div class=\"inner\">\n\t                    \t\t                        \t<span class=\"date\">23 listopada<\/span>\n\t                        \t                        <h3><a href=\"https:\/\/gorkakoscielnicka.pl\/?p=7040\">Intencje Mszy \u015aw. 25.11.24 &#8211; 01.12.24<\/a><\/h3>\n\t                        <span class=\"desc\"><\/span>\n\t                    <\/div>\n\t                <\/div>\n                \t                <div class=\"item-blog even\">\n\t                    <div class=\"inner\">\n\t                    \t\t                        \t<span class=\"date\">16 listopada<\/span>\n\t                        \t                        <h3><a href=\"https:\/\/gorkakoscielnicka.pl\/?p=7033\">Og\u0142oszenia duszpasterskie 17.11.2024<\/a><\/h3>\n\t                        <span class=\"desc\"><\/span>\n\t                    <\/div>\n\t                <\/div>\n                \t                <div class=\"item-blog \">\n\t                    <div class=\"inner\">\n\t                    \t\t                        \t<span class=\"date\">16 listopada<\/span>\n\t                        \t                        <h3><a href=\"https:\/\/gorkakoscielnicka.pl\/?p=7027\">Intencje Mszy \u015aw. 18.11.24 &#8211; 24.11.24<\/a><\/h3>\n\t                        <span class=\"desc\"><\/span>\n\t                    <\/div>\n\t                <\/div>\n                \t                <div class=\"item-blog even\">\n\t                    <div class=\"inner\">\n\t                    \t\t                        \t<span class=\"date\">10 listopada<\/span>\n\t                        \t                        <h3><a href=\"https:\/\/gorkakoscielnicka.pl\/?p=7022\">Og\u0142oszenia duszpasterskie 10.11.2024<\/a><\/h3>\n\t                        <span class=\"desc\"><\/span>\n\t                    <\/div>\n\t                <\/div>\n                \t                <div class=\"item-blog \">\n\t                    <div class=\"inner\">\n\t                    \t\t                        \t<span class=\"date\">10 listopada<\/span>\n\t                        \t                        <h3><a href=\"https:\/\/gorkakoscielnicka.pl\/?p=7017\">Intencje Mszy \u015aw. 11.11.24 &#8211; 17.11.24<\/a><\/h3>\n\t                        <span class=\"desc\"><\/span>\n\t                    <\/div>\n\t                <\/div>\n                \t                <div class=\"item-blog even\">\n\t                    <div class=\"inner\">\n\t                    \t\t                        \t<span class=\"date\">2 listopada<\/span>\n\t                        \t                        <h3><a href=\"https:\/\/gorkakoscielnicka.pl\/?p=7011\">Og\u0142oszenia duszpasterskie 03.11.2024<\/a><\/h3>\n\t                        <span class=\"desc\"><\/span>\n\t                    <\/div>\n\t                <\/div>\n                \t                <div class=\"item-blog \">\n\t                    <div class=\"inner\">\n\t                    \t\t                        \t<span class=\"date\">2 listopada<\/span>\n\t                        \t                        <h3><a href=\"https:\/\/gorkakoscielnicka.pl\/?p=7005\">Intencje Mszy \u015aw. 04.11.24 &#8211; 10.11.24<\/a><\/h3>\n\t                        <span class=\"desc\"><\/span>\n\t                    <\/div>\n\t                <\/div>\n                \t                <div class=\"item-blog even\">\n\t                    <div class=\"inner\">\n\t                    \t\t                        \t<span class=\"date\">1 listopada<\/span>\n\t                        \t                        <h3><a href=\"https:\/\/gorkakoscielnicka.pl\/?p=6994\">2024 Wszystkich \u015awi\u0119tych<\/a><\/h3>\n\t                        <span class=\"desc\">Fot. Ks. S. Palichleb,...<\/span>\n\t                    <\/div>\n\t                <\/div>\n                \t                <div class=\"item-blog \">\n\t                    <div class=\"inner\">\n\t                    \t\t                        \t<span class=\"date\">27 pa\u017adziernika<\/span>\n\t                        \t                        <h3><a href=\"https:\/\/gorkakoscielnicka.pl\/?p=6758\">Og\u0142oszenia duszpasterskie 27.10.2024<\/a><\/h3>\n\t                        <span class=\"desc\"><\/span>\n\t                    <\/div>\n\t                <\/div>\n                \t                <div class=\"item-blog even\">\n\t                    <div class=\"inner\">\n\t                    \t\t                        \t<span class=\"date\">27 pa\u017adziernika<\/span>\n\t                        \t                        <h3><a href=\"https:\/\/gorkakoscielnicka.pl\/?p=6755\">Intencje Mszy \u015aw. 28.10.24 &#8211; 03.11.24<\/a><\/h3>\n\t                        <span class=\"desc\"><\/span>\n\t                    <\/div>\n\t                <\/div>\n                \t                <div class=\"item-blog \">\n\t                    <div class=\"inner\">\n\t                    \t\t                        \t<span class=\"date\">19 pa\u017adziernika<\/span>\n\t                        \t                        <h3><a href=\"https:\/\/gorkakoscielnicka.pl\/?p=6749\">Standardy ochrony ma\u0142oletnich<\/a><\/h3>\n\t                        <span class=\"desc\">Standardy Ochrony Ma\u0142oletnich STANDARDY...<\/span>\n\t                    <\/div>\n\t                <\/div>\n                \t                <div class=\"item-blog even\">\n\t                    <div class=\"inner\">\n\t                    \t\t                        \t<span class=\"date\">19 pa\u017adziernika<\/span>\n\t                        \t                        <h3><a href=\"https:\/\/gorkakoscielnicka.pl\/?p=6745\">Og\u0142oszenia duszpasterskie 20.10.2024<\/a><\/h3>\n\t                        <span class=\"desc\"><\/span>\n\t                    <\/div>\n\t                <\/div>\n                \t                <div class=\"item-blog \">\n\t                    <div class=\"inner\">\n\t                    \t\t                        \t<span class=\"date\">19 pa\u017adziernika<\/span>\n\t                        \t                        <h3><a href=\"https:\/\/gorkakoscielnicka.pl\/?p=6739\">Intencje Mszy \u015aw. 21.10.24 &#8211; 27.10.24<\/a><\/h3>\n\t                        <span class=\"desc\"><\/span>\n\t                    <\/div>\n\t                <\/div>\n                \t                <div class=\"item-blog even\">\n\t                    <div class=\"inner\">\n\t                    \t\t                        \t<span class=\"date\">13 pa\u017adziernika<\/span>\n\t                        \t                        <h3><a href=\"https:\/\/gorkakoscielnicka.pl\/?p=6735\">Og\u0142oszenia duszpasterskie 13.10.2024<\/a><\/h3>\n\t                        <span class=\"desc\"><\/span>\n\t                    <\/div>\n\t                <\/div>\n                \t                <div class=\"item-blog \">\n\t                    <div class=\"inner\">\n\t                    \t\t                        \t<span class=\"date\">13 pa\u017adziernika<\/span>\n\t                        \t                        <h3><a href=\"https:\/\/gorkakoscielnicka.pl\/?p=6730\">Intencje Mszy \u015aw. 14.10.24 &#8211; 20.10.24<\/a><\/h3>\n\t                        <span class=\"desc\"><\/span>\n\t                    <\/div>\n\t                <\/div>\n                \t                <div class=\"item-blog even\">\n\t                    <div class=\"inner\">\n\t                    \t\t                        \t<span class=\"date\">5 pa\u017adziernika<\/span>\n\t                        \t                        <h3><a href=\"https:\/\/gorkakoscielnicka.pl\/?p=6725\">Og\u0142oszenia duszpasterskie 06.10.2024<\/a><\/h3>\n\t                        <span class=\"desc\"><\/span>\n\t                    <\/div>\n\t                <\/div>\n                \t                <div class=\"item-blog \">\n\t                    <div class=\"inner\">\n\t                    \t\t                        \t<span class=\"date\">5 pa\u017adziernika<\/span>\n\t                        \t                        <h3><a href=\"https:\/\/gorkakoscielnicka.pl\/?p=6719\">Intencje Mszy \u015aw. 07.10.24 &#8211; 13.10.24<\/a><\/h3>\n\t                        <span class=\"desc\"><\/span>\n\t                    <\/div>\n\t                <\/div>\n                \t                <div class=\"item-blog even\">\n\t                    <div class=\"inner\">\n\t                    \t\t                        \t<span class=\"date\">29 wrze\u015bnia<\/span>\n\t                        \t                        <h3><a href=\"https:\/\/gorkakoscielnicka.pl\/?p=7003\">2024 Wprowadzenie Relikwii b\u0142. ks. Micha\u0142a Rapacza<\/a><\/h3>\n\t                        <span class=\"desc\">Wprowadzenia dokona\u0142 ks. Micha\u0142...<\/span>\n\t                    <\/div>\n\t                <\/div>\n                \t                <div class=\"item-blog \">\n\t                    <div class=\"inner\">\n\t                    \t\t                        \t<span class=\"date\">28 wrze\u015bnia<\/span>\n\t                        \t                        <h3><a href=\"https:\/\/gorkakoscielnicka.pl\/?p=6714\">Og\u0142oszenia duszpasterskie 29.09.2024<\/a><\/h3>\n\t                        <span class=\"desc\"><\/span>\n\t                    <\/div>\n\t                <\/div>\n                \t                <div class=\"item-blog even\">\n\t                    <div class=\"inner\">\n\t                    \t\t                        \t<span class=\"date\">28 wrze\u015bnia<\/span>\n\t                        \t                        <h3><a href=\"https:\/\/gorkakoscielnicka.pl\/?p=6710\">Intencje Mszy \u015aw. 29.09.24 &#8211; 06.10.24<\/a><\/h3>\n\t                        <span class=\"desc\"><\/span>\n\t                    <\/div>\n\t                <\/div>\n                \t                <div class=\"item-blog \">\n\t                    <div class=\"inner\">\n\t                    \t\t                        \t<span class=\"date\">21 wrze\u015bnia<\/span>\n\t                        \t                        <h3><a href=\"https:\/\/gorkakoscielnicka.pl\/?p=6699\">Og\u0142oszenia duszpasterskie 22.09.2024<\/a><\/h3>\n\t                        <span class=\"desc\"><\/span>\n\t                    <\/div>\n\t                <\/div>\n                \t                <div class=\"item-blog even\">\n\t                    <div class=\"inner\">\n\t                    \t\t                        \t<span class=\"date\">21 wrze\u015bnia<\/span>\n\t                        \t                        <h3><a href=\"https:\/\/gorkakoscielnicka.pl\/?p=6692\">Intencje Mszy \u015aw. 23.09.24 &#8211; 29.09.24<\/a><\/h3>\n\t                        <span class=\"desc\"><\/span>\n\t                    <\/div>\n\t                <\/div>\n                \t                <div class=\"item-blog \">\n\t                    <div class=\"inner\">\n\t                    \t\t                        \t<span class=\"date\">14 wrze\u015bnia<\/span>\n\t                        \t                        <h3><a href=\"https:\/\/gorkakoscielnicka.pl\/?p=6687\">Og\u0142oszenia duszpasterskie 15.09.2024<\/a><\/h3>\n\t                        <span class=\"desc\"><\/span>\n\t                    <\/div>\n\t                <\/div>\n                \t                <div class=\"item-blog even\">\n\t                    <div class=\"inner\">\n\t                    \t\t                        \t<span class=\"date\">14 wrze\u015bnia<\/span>\n\t                        \t                        <h3><a href=\"https:\/\/gorkakoscielnicka.pl\/?p=6682\">Intencje Mszy \u015aw. 16.09.24 &#8211; 22.09.24<\/a><\/h3>\n\t                        <span class=\"desc\"><\/span>\n\t                    <\/div>\n\t                <\/div>\n                \t                <div class=\"item-blog \">\n\t                    <div class=\"inner\">\n\t                    \t\t                        \t<span class=\"date\">6 wrze\u015bnia<\/span>\n\t                        \t                        <h3><a href=\"https:\/\/gorkakoscielnicka.pl\/?p=6676\">Og\u0142oszenia duszpasterskie 08.09.2024<\/a><\/h3>\n\t                        <span class=\"desc\"><\/span>\n\t                    <\/div>\n\t                <\/div>\n                \t                <div class=\"item-blog even\">\n\t                    <div class=\"inner\">\n\t                    \t\t                        \t<span class=\"date\">6 wrze\u015bnia<\/span>\n\t                        \t                        <h3><a href=\"https:\/\/gorkakoscielnicka.pl\/?p=6670\">Intencje Mszy \u015aw. 09.09.24 &#8211; 15.09.24<\/a><\/h3>\n\t                        <span class=\"desc\"><\/span>\n\t                    <\/div>\n\t                <\/div>\n                \t                <div class=\"item-blog \">\n\t                    <div class=\"inner\">\n\t                    \t\t                        \t<span class=\"date\">1 wrze\u015bnia<\/span>\n\t                        \t                        <h3><a href=\"https:\/\/gorkakoscielnicka.pl\/?p=6657\">Og\u0142oszenia duszpasterskie 01.09.2024<\/a><\/h3>\n\t                        <span class=\"desc\"><\/span>\n\t                    <\/div>\n\t                <\/div>\n                \t                <div class=\"item-blog even\">\n\t                    <div class=\"inner\">\n\t                    \t\t                        \t<span class=\"date\">1 wrze\u015bnia<\/span>\n\t                        \t                        <h3><a href=\"https:\/\/gorkakoscielnicka.pl\/?p=6654\">Intencje Mszy \u015aw. 02.09.24 &#8211; 08.09.24<\/a><\/h3>\n\t                        <span class=\"desc\"><\/span>\n\t                    <\/div>\n\t                <\/div>\n                \t                <div class=\"item-blog \">\n\t                    <div class=\"inner\">\n\t                    \t\t                        \t<span class=\"date\">25 sierpnia<\/span>\n\t                        \t                        <h3><a href=\"https:\/\/gorkakoscielnicka.pl\/?p=6997\">2024 Odpust Wolica<\/a><\/h3>\n\t                        <span class=\"desc\">Kazanie odpustowe wyg\u0142osi\u0142 ks....<\/span>\n\t                    <\/div>\n\t                <\/div>\n                \t                <div class=\"item-blog even\">\n\t                    <div class=\"inner\">\n\t                    \t\t                        \t<span class=\"date\">25 sierpnia<\/span>\n\t                        \t                        <h3><a href=\"https:\/\/gorkakoscielnicka.pl\/?p=6651\">Og\u0142oszenia duszpasterskie 25.08.2024<\/a><\/h3>\n\t                        <span class=\"desc\"><\/span>\n\t                    <\/div>\n\t                <\/div>\n                \t                <div class=\"item-blog \">\n\t                    <div class=\"inner\">\n\t                    \t\t                        \t<span class=\"date\">25 sierpnia<\/span>\n\t                        \t                        <h3><a href=\"https:\/\/gorkakoscielnicka.pl\/?p=6644\">Intencje Mszy \u015aw. 26.08.24 &#8211; 01.09.24<\/a><\/h3>\n\t                        <span class=\"desc\"><\/span>\n\t                    <\/div>\n\t                <\/div>\n                \t                <div class=\"item-blog even\">\n\t                    <div class=\"inner\">\n\t                    \t\t                        \t<span class=\"date\">18 sierpnia<\/span>\n\t                        \t                        <h3><a href=\"https:\/\/gorkakoscielnicka.pl\/?p=6641\">Og\u0142oszenia duszpasterskie 18.08.2024<\/a><\/h3>\n\t                        <span class=\"desc\"><\/span>\n\t                    <\/div>\n\t                <\/div>\n                \t                <div class=\"item-blog \">\n\t                    <div class=\"inner\">\n\t                    \t\t                        \t<span class=\"date\">18 sierpnia<\/span>\n\t                        \t                        <h3><a href=\"https:\/\/gorkakoscielnicka.pl\/?p=6634\">Intencje Mszy \u015aw. 19.08.24 &#8211; 25.08.24<\/a><\/h3>\n\t                        <span class=\"desc\"><\/span>\n\t                    <\/div>\n\t                <\/div>\n                \t                <div class=\"item-blog even\">\n\t                    <div class=\"inner\">\n\t                    \t\t                        \t<span class=\"date\">10 sierpnia<\/span>\n\t                        \t                        <h3><a href=\"https:\/\/gorkakoscielnicka.pl\/?p=6625\">Og\u0142oszenia duszpasterskie 11.08.2024<\/a><\/h3>\n\t                        <span class=\"desc\"><\/span>\n\t                    <\/div>\n\t                <\/div>\n                \t                <div class=\"item-blog \">\n\t                    <div class=\"inner\">\n\t                    \t\t                        \t<span class=\"date\">10 sierpnia<\/span>\n\t                        \t                        <h3><a href=\"https:\/\/gorkakoscielnicka.pl\/?p=6618\">Intencje Mszy \u015aw. 12.08.24 &#8211; 18.08.24<\/a><\/h3>\n\t                        <span class=\"desc\"><\/span>\n\t                    <\/div>\n\t                <\/div>\n                \t                <div class=\"item-blog even\">\n\t                    <div class=\"inner\">\n\t                    \t\t                        \t<span class=\"date\">3 sierpnia<\/span>\n\t                        \t                        <h3><a href=\"https:\/\/gorkakoscielnicka.pl\/?p=6615\">Og\u0142oszenia duszpasterskie 04.08.2024<\/a><\/h3>\n\t                        <span class=\"desc\"><\/span>\n\t                    <\/div>\n\t                <\/div>\n                \t                <div class=\"item-blog \">\n\t                    <div class=\"inner\">\n\t                    \t\t                        \t<span class=\"date\">3 sierpnia<\/span>\n\t                        \t                        <h3><a href=\"https:\/\/gorkakoscielnicka.pl\/?p=6609\">Intencje Mszy \u015aw. 05.08.24 &#8211; 11.08.24<\/a><\/h3>\n\t                        <span class=\"desc\"><\/span>\n\t                    <\/div>\n\t                <\/div>\n                \t                <div class=\"item-blog even\">\n\t                    <div class=\"inner\">\n\t                    \t\t                        \t<span class=\"date\">27 lipca<\/span>\n\t                        \t                        <h3><a href=\"https:\/\/gorkakoscielnicka.pl\/?p=6605\">Og\u0142oszenia duszpasterskie 28.07.2024<\/a><\/h3>\n\t                        <span class=\"desc\"><\/span>\n\t                    <\/div>\n\t                <\/div>\n                \t                <div class=\"item-blog \">\n\t                    <div class=\"inner\">\n\t                    \t\t                        \t<span class=\"date\">27 lipca<\/span>\n\t                        \t                        <h3><a href=\"https:\/\/gorkakoscielnicka.pl\/?p=6597\">Intencje Mszy \u015aw. 29.07.24 &#8211; 04.08.24<\/a><\/h3>\n\t                        <span class=\"desc\"><\/span>\n\t                    <\/div>\n\t                <\/div>\n                \t                <div class=\"item-blog even\">\n\t                    <div class=\"inner\">\n\t                    \t\t                        \t<span class=\"date\">21 lipca<\/span>\n\t                        \t                        <h3><a href=\"https:\/\/gorkakoscielnicka.pl\/?p=6594\">Og\u0142oszenia duszpasterskie<\/a><\/h3>\n\t                        <span class=\"desc\"><\/span>\n\t                    <\/div>\n\t                <\/div>\n                \t                <div class=\"item-blog \">\n\t                    <div class=\"inner\">\n\t                    \t\t                        \t<span class=\"date\">21 lipca<\/span>\n\t                        \t                        <h3><a href=\"https:\/\/gorkakoscielnicka.pl\/?p=6586\">Intencje Mszy \u015aw. 22.07.24 &#8211; 28.07.24<\/a><\/h3>\n\t                        <span class=\"desc\"><\/span>\n\t                    <\/div>\n\t                <\/div>\n                \t                <div class=\"item-blog even\">\n\t                    <div class=\"inner\">\n\t                    \t\t                        \t<span class=\"date\">13 lipca<\/span>\n\t                        \t                        <h3><a href=\"https:\/\/gorkakoscielnicka.pl\/?p=6584\">Og\u0142oszenia duszpasterskie 14.07.2024<\/a><\/h3>\n\t                        <span class=\"desc\"><\/span>\n\t                    <\/div>\n\t                <\/div>\n                \t                <div class=\"item-blog \">\n\t                    <div class=\"inner\">\n\t                    \t\t                        \t<span class=\"date\">13 lipca<\/span>\n\t                        \t                        <h3><a href=\"https:\/\/gorkakoscielnicka.pl\/?p=6577\">Intencje Mszy \u015aw. 15.07.24 &#8211; 21.07.24<\/a><\/h3>\n\t                        <span class=\"desc\"><\/span>\n\t                    <\/div>\n\t                <\/div>\n                \t                <div class=\"item-blog even\">\n\t                    <div class=\"inner\">\n\t                    \t\t                        \t<span class=\"date\">6 lipca<\/span>\n\t                        \t                        <h3><a href=\"https:\/\/gorkakoscielnicka.pl\/?p=6572\">Og\u0142oszenia duszpasterskie 07.07.2024<\/a><\/h3>\n\t                        <span class=\"desc\"><\/span>\n\t                    <\/div>\n\t                <\/div>\n                \t                <div class=\"item-blog \">\n\t                    <div class=\"inner\">\n\t                    \t\t                        \t<span class=\"date\">6 lipca<\/span>\n\t                        \t                        <h3><a href=\"https:\/\/gorkakoscielnicka.pl\/?p=6565\">Intencje Mszy \u015aw. 08.07.24 &#8211; 14.07.24<\/a><\/h3>\n\t                        <span class=\"desc\"><\/span>\n\t                    <\/div>\n\t                <\/div>\n                \t                <div class=\"item-blog even\">\n\t                    <div class=\"inner\">\n\t                    \t\t                        \t<span class=\"date\">30 czerwca<\/span>\n\t                        \t                        <h3><a href=\"https:\/\/gorkakoscielnicka.pl\/?p=6563\">Intencje Mszy \u015aw. 01.07.24 &#8211; 07.07.24<\/a><\/h3>\n\t                        <span class=\"desc\"><\/span>\n\t                    <\/div>\n\t                <\/div>\n                \t                <div class=\"item-blog \">\n\t                    <div class=\"inner\">\n\t                    \t\t                        \t<span class=\"date\">30 czerwca<\/span>\n\t                        \t                        <h3><a href=\"https:\/\/gorkakoscielnicka.pl\/?p=6556\">Og\u0142oszenia duszpasterskie 30.06.2024<\/a><\/h3>\n\t                        <span class=\"desc\"><\/span>\n\t                    <\/div>\n\t                <\/div>\n                \t                <div class=\"item-blog even\">\n\t                    <div class=\"inner\">\n\t                    \t\t                        \t<span class=\"date\">23 czerwca<\/span>\n\t                        \t                        <h3><a href=\"https:\/\/gorkakoscielnicka.pl\/?p=6552\">Og\u0142oszenia duszpasterskie 23.06.2024<\/a><\/h3>\n\t                        <span class=\"desc\"><\/span>\n\t                    <\/div>\n\t                <\/div>\n                \t                <div class=\"item-blog \">\n\t                    <div class=\"inner\">\n\t                    \t\t                        \t<span class=\"date\">23 czerwca<\/span>\n\t                        \t                        <h3><a href=\"https:\/\/gorkakoscielnicka.pl\/?p=6545\">Intencje Mszy \u015aw. 24.06.24 &#8211; 30.06.24<\/a><\/h3>\n\t                        <span class=\"desc\"><\/span>\n\t                    <\/div>\n\t                <\/div>\n                \t                <div class=\"item-blog even\">\n\t                    <div class=\"inner\">\n\t                    \t\t                        \t<span class=\"date\">15 czerwca<\/span>\n\t                        \t                        <h3><a href=\"https:\/\/gorkakoscielnicka.pl\/?p=6541\">Og\u0142oszenia duszpasterskie 16.06.2024<\/a><\/h3>\n\t                        <span class=\"desc\"><\/span>\n\t                    <\/div>\n\t                <\/div>\n                \t                <div class=\"item-blog \">\n\t                    <div class=\"inner\">\n\t                    \t\t                        \t<span class=\"date\">15 czerwca<\/span>\n\t                        \t                        <h3><a href=\"https:\/\/gorkakoscielnicka.pl\/?p=6535\">Intencje Mszy \u015aw. 17.06.24 &#8211; 23.06.24<\/a><\/h3>\n\t                        <span class=\"desc\"><\/span>\n\t                    <\/div>\n\t                <\/div>\n                \t                <div class=\"item-blog even\">\n\t                    <div class=\"inner\">\n\t                    \t\t                        \t<span class=\"date\">9 czerwca<\/span>\n\t                        \t                        <h3><a href=\"https:\/\/gorkakoscielnicka.pl\/?p=6531\">Og\u0142oszenia duszpasterskie 09.06.2024<\/a><\/h3>\n\t                        <span class=\"desc\"><\/span>\n\t                    <\/div>\n\t                <\/div>\n                \t                <div class=\"item-blog \">\n\t                    <div class=\"inner\">\n\t                    \t\t                        \t<span class=\"date\">9 czerwca<\/span>\n\t                        \t                        <h3><a href=\"https:\/\/gorkakoscielnicka.pl\/?p=6524\">Intencje Mszy \u015aw. 10.06.24 &#8211; 16.06.24<\/a><\/h3>\n\t                        <span class=\"desc\"><\/span>\n\t                    <\/div>\n\t                <\/div>\n                \t                <div class=\"item-blog even\">\n\t                    <div class=\"inner\">\n\t                    \t\t                        \t<span class=\"date\">2 czerwca<\/span>\n\t                        \t                        <h3><a href=\"https:\/\/gorkakoscielnicka.pl\/?p=6520\">Og\u0142oszenia duszpasterskie 02.06.2024<\/a><\/h3>\n\t                        <span class=\"desc\"><\/span>\n\t                    <\/div>\n\t                <\/div>\n                \t                <div class=\"item-blog \">\n\t                    <div class=\"inner\">\n\t                    \t\t                        \t<span class=\"date\">2 czerwca<\/span>\n\t                        \t                        <h3><a href=\"https:\/\/gorkakoscielnicka.pl\/?p=6514\">Intencje Mszy \u015aw. 03.06.24 &#8211; 09.06.24<\/a><\/h3>\n\t                        <span class=\"desc\"><\/span>\n\t                    <\/div>\n\t                <\/div>\n                \t                <div class=\"item-blog even\">\n\t                    <div class=\"inner\">\n\t                    \t\t                        \t<span class=\"date\">30 maja<\/span>\n\t                        \t                        <h3><a href=\"https:\/\/gorkakoscielnicka.pl\/?p=7000\">2024 Bo\u017ce Cia\u0142o<\/a><\/h3>\n\t                        <span class=\"desc\"><\/span>\n\t                    <\/div>\n\t                <\/div>\n                \t                <div class=\"item-blog \">\n\t                    <div class=\"inner\">\n\t                    \t\t                        \t<span class=\"date\">26 maja<\/span>\n\t                        \t                        <h3><a href=\"https:\/\/gorkakoscielnicka.pl\/?p=6509\">Og\u0142oszenia duszpasterskie 26.05.24<\/a><\/h3>\n\t                        <span class=\"desc\"><\/span>\n\t                    <\/div>\n\t                <\/div>\n                \t                <div class=\"item-blog even\">\n\t                    <div class=\"inner\">\n\t                    \t\t                        \t<span class=\"date\">26 maja<\/span>\n\t                        \t                        <h3><a href=\"https:\/\/gorkakoscielnicka.pl\/?p=6498\">Intencje Mszy \u015aw. 27.05.24 &#8211; 02.06.24<\/a><\/h3>\n\t                        <span class=\"desc\"><\/span>\n\t                    <\/div>\n\t                <\/div>\n                \t                <div class=\"item-blog \">\n\t                    <div class=\"inner\">\n\t                    \t\t                        \t<span class=\"date\">18 maja<\/span>\n\t                        \t                        <h3><a href=\"https:\/\/gorkakoscielnicka.pl\/?p=6493\">Og\u0142oszenia duszpasterskie 19.05.2024<\/a><\/h3>\n\t                        <span class=\"desc\"><\/span>\n\t                    <\/div>\n\t                <\/div>\n                \t                <div class=\"item-blog even\">\n\t                    <div class=\"inner\">\n\t                    \t\t                        \t<span class=\"date\">18 maja<\/span>\n\t                        \t                        <h3><a href=\"https:\/\/gorkakoscielnicka.pl\/?p=6481\">Intencje Mszy \u015aw. 20.05.24 &#8211; 27.05.24<\/a><\/h3>\n\t                        <span class=\"desc\"><\/span>\n\t                    <\/div>\n\t                <\/div>\n                \t                <div class=\"item-blog \">\n\t                    <div class=\"inner\">\n\t                    \t\t                        \t<span class=\"date\">11 maja<\/span>\n\t                        \t                        <h3><a href=\"https:\/\/gorkakoscielnicka.pl\/?p=6474\">Og\u0142oszenia duszpasterskie 12.05.2024<\/a><\/h3>\n\t                        <span class=\"desc\"><\/span>\n\t                    <\/div>\n\t                <\/div>\n                \t                <div class=\"item-blog even\">\n\t                    <div class=\"inner\">\n\t                    \t\t                        \t<span class=\"date\">11 maja<\/span>\n\t                        \t                        <h3><a href=\"https:\/\/gorkakoscielnicka.pl\/?p=6466\">Intencje Mszy \u015aw. 13.05.24 &#8211; 19.05.24<\/a><\/h3>\n\t                        <span class=\"desc\"><\/span>\n\t                    <\/div>\n\t                <\/div>\n                \t                <div class=\"item-blog \">\n\t                    <div class=\"inner\">\n\t                    \t\t                        \t<span class=\"date\">5 maja<\/span>\n\t                        \t                        <h3><a href=\"https:\/\/gorkakoscielnicka.pl\/?p=6460\">Og\u0142oszenia duszpasterskie 05.05.2024<\/a><\/h3>\n\t                        <span class=\"desc\"><\/span>\n\t                    <\/div>\n\t                <\/div>\n                \t                <div class=\"item-blog even\">\n\t                    <div class=\"inner\">\n\t                    \t\t                        \t<span class=\"date\">5 maja<\/span>\n\t                        \t                        <h3><a href=\"https:\/\/gorkakoscielnicka.pl\/?p=6455\">Intencje Mszy \u015aw. 06.05.24 &#8211; 12.05.24<\/a><\/h3>\n\t                        <span class=\"desc\"><\/span>\n\t                    <\/div>\n\t                <\/div>\n                \t                <div class=\"item-blog \">\n\t                    <div class=\"inner\">\n\t                    \t\t                        \t<span class=\"date\">28 kwietnia<\/span>\n\t                        \t                        <h3><a href=\"https:\/\/gorkakoscielnicka.pl\/?p=6452\">Og\u0142oszenia duszpasterskie 28.04.2024<\/a><\/h3>\n\t                        <span class=\"desc\"><\/span>\n\t                    <\/div>\n\t                <\/div>\n                \t                <div class=\"item-blog even\">\n\t                    <div class=\"inner\">\n\t                    \t\t                        \t<span class=\"date\">28 kwietnia<\/span>\n\t                        \t                        <h3><a href=\"https:\/\/gorkakoscielnicka.pl\/?p=6450\">Intencje Mszy \u015aw. 29.04.24 &#8211; 05.05.24<\/a><\/h3>\n\t                        <span class=\"desc\"><\/span>\n\t                    <\/div>\n\t                <\/div>\n                \t                <div class=\"item-blog \">\n\t                    <div class=\"inner\">\n\t                    \t\t                        \t<span class=\"date\">21 kwietnia<\/span>\n\t                        \t                        <h3><a href=\"https:\/\/gorkakoscielnicka.pl\/?p=6438\">Og\u0142oszenia duszpasterskie 21.04.2024<\/a><\/h3>\n\t                        <span class=\"desc\"><\/span>\n\t                    <\/div>\n\t                <\/div>\n                \t                <div class=\"item-blog even\">\n\t                    <div class=\"inner\">\n\t                    \t\t                        \t<span class=\"date\">21 kwietnia<\/span>\n\t                        \t                        <h3><a href=\"https:\/\/gorkakoscielnicka.pl\/?p=6431\">Intencje Mszy \u015aw. 22.04.24 &#8211; 28.04.24<\/a><\/h3>\n\t                        <span class=\"desc\"><\/span>\n\t                    <\/div>\n\t                <\/div>\n                \t                <div class=\"item-blog \">\n\t                    <div class=\"inner\">\n\t                    \t\t                        \t<span class=\"date\">13 kwietnia<\/span>\n\t                        \t                        <h3><a href=\"https:\/\/gorkakoscielnicka.pl\/?p=6425\">Og\u0142oszenia duszpasterskie 14.04.2024<\/a><\/h3>\n\t                        <span class=\"desc\"><\/span>\n\t                    <\/div>\n\t                <\/div>\n                \t                <div class=\"item-blog even\">\n\t                    <div class=\"inner\">\n\t                    \t\t                        \t<span class=\"date\">13 kwietnia<\/span>\n\t                        \t                        <h3><a href=\"https:\/\/gorkakoscielnicka.pl\/?p=6418\">Intencje Mszy \u015aw. 15.04.24 &#8211; 21.04.24<\/a><\/h3>\n\t                        <span class=\"desc\"><\/span>\n\t                    <\/div>\n\t                <\/div>\n                \t                <div class=\"item-blog \">\n\t                    <div class=\"inner\">\n\t                    \t\t                        \t<span class=\"date\">7 kwietnia<\/span>\n\t                        \t                        <h3><a href=\"https:\/\/gorkakoscielnicka.pl\/?p=6414\">Og\u0142oszenia duszpasterskie 07.04.2024<\/a><\/h3>\n\t                        <span class=\"desc\"><\/span>\n\t                    <\/div>\n\t                <\/div>\n                \t                <div class=\"item-blog even\">\n\t                    <div class=\"inner\">\n\t                    \t\t                        \t<span class=\"date\">7 kwietnia<\/span>\n\t                        \t                        <h3><a href=\"https:\/\/gorkakoscielnicka.pl\/?p=6407\">Intencje Mszy \u015aw. 08.04.24 &#8211; 14.04.24<\/a><\/h3>\n\t                        <span class=\"desc\"><\/span>\n\t                    <\/div>\n\t                <\/div>\n                \t                <div class=\"item-blog \">\n\t                    <div class=\"inner\">\n\t                    \t\t                        \t<span class=\"date\">31 marca<\/span>\n\t                        \t                        <h3><a href=\"https:\/\/gorkakoscielnicka.pl\/?p=6401\">2024 Niedziela Zmartwychwstania<\/a><\/h3>\n\t                        <span class=\"desc\">Fot. B. Kubica, D....<\/span>\n\t                    <\/div>\n\t                <\/div>\n                \t                <div class=\"item-blog even\">\n\t                    <div class=\"inner\">\n\t                    \t\t                        \t<span class=\"date\">30 marca<\/span>\n\t                        \t                        <h3><a href=\"https:\/\/gorkakoscielnicka.pl\/?p=6277\">2024 Wielka Sobota<\/a><\/h3>\n\t                        <span class=\"desc\"><\/span>\n\t                    <\/div>\n\t                <\/div>\n                \t                <div class=\"item-blog \">\n\t                    <div class=\"inner\">\n\t                    \t\t                        \t<span class=\"date\">30 marca<\/span>\n\t                        \t                        <h3><a href=\"https:\/\/gorkakoscielnicka.pl\/?p=6207\">Og\u0142oszenia duszpasterskie 31.03.2024<\/a><\/h3>\n\t                        <span class=\"desc\"><\/span>\n\t                    <\/div>\n\t                <\/div>\n                \t                <div class=\"item-blog even\">\n\t                    <div class=\"inner\">\n\t                    \t\t                        \t<span class=\"date\">30 marca<\/span>\n\t                        \t                        <h3><a href=\"https:\/\/gorkakoscielnicka.pl\/?p=6200\">Intencje Mszy \u015aw. 01.04.24 &#8211; 07.04.24<\/a><\/h3>\n\t                        <span class=\"desc\"><\/span>\n\t                    <\/div>\n\t                <\/div>\n                \t                <div class=\"item-blog \">\n\t                    <div class=\"inner\">\n\t                    \t\t                        \t<span class=\"date\">29 marca<\/span>\n\t                        \t                        <h3><a href=\"https:\/\/gorkakoscielnicka.pl\/?p=6197\">2024 Wielki Pi\u0105tek<\/a><\/h3>\n\t                        <span class=\"desc\">Godzina Konania &#8211; Ko\u015bcielniki...<\/span>\n\t                    <\/div>\n\t                <\/div>\n                \t                <div class=\"item-blog even\">\n\t                    <div class=\"inner\">\n\t                    \t\t                        \t<span class=\"date\">29 marca<\/span>\n\t                        \t                        <h3><a href=\"https:\/\/gorkakoscielnicka.pl\/?p=6101\">2024 Wielki Czwartek<\/a><\/h3>\n\t                        <span class=\"desc\">Podczas uroczystej Mszy \u015awi\u0119tej...<\/span>\n\t                    <\/div>\n\t                <\/div>\n                \t                <div class=\"item-blog \">\n\t                    <div class=\"inner\">\n\t                    \t\t                        \t<span class=\"date\">24 marca<\/span>\n\t                        \t                        <h3><a href=\"https:\/\/gorkakoscielnicka.pl\/?p=6025\">2024 Droga Krzy\u017cowa<\/a><\/h3>\n\t                        <span class=\"desc\">Jak co roku, odby\u0142a...<\/span>\n\t                    <\/div>\n\t                <\/div>\n                \t                <div class=\"item-blog even\">\n\t                    <div class=\"inner\">\n\t                    \t\t                        \t<span class=\"date\">23 marca<\/span>\n\t                        \t                        <h3><a href=\"https:\/\/gorkakoscielnicka.pl\/?p=5870\">Og\u0142oszenia duszpasterskie 24.03.2024<\/a><\/h3>\n\t                        <span class=\"desc\"><\/span>\n\t                    <\/div>\n\t                <\/div>\n                \t                <div class=\"item-blog \">\n\t                    <div class=\"inner\">\n\t                    \t\t                        \t<span class=\"date\">23 marca<\/span>\n\t                        \t                        <h3><a href=\"https:\/\/gorkakoscielnicka.pl\/?p=5859\">Intencje Mszy \u015aw. 25.03.24 &#8211; 31.03.24<\/a><\/h3>\n\t                        <span class=\"desc\"><\/span>\n\t                    <\/div>\n\t                <\/div>\n                \t                <div class=\"item-blog even\">\n\t                    <div class=\"inner\">\n\t                    \t\t                        \t<span class=\"date\">19 marca<\/span>\n\t                        \t                        <h3><a href=\"https:\/\/gorkakoscielnicka.pl\/?p=5928\">2024 Odpust \u015aw. J\u00f3zefa &#8211; Ko\u015bcielniki<\/a><\/h3>\n\t                        <span class=\"desc\">Uroczysto\u015bci odpustowe w Naszej...<\/span>\n\t                    <\/div>\n\t                <\/div>\n                \t                <div class=\"item-blog \">\n\t                    <div class=\"inner\">\n\t                    \t\t                        \t<span class=\"date\">16 marca<\/span>\n\t                        \t                        <h3><a href=\"https:\/\/gorkakoscielnicka.pl\/?p=5856\">Og\u0142oszenia duszpasterskie 17.03.2024<\/a><\/h3>\n\t                        <span class=\"desc\"><\/span>\n\t                    <\/div>\n\t                <\/div>\n                \t                <div class=\"item-blog even\">\n\t                    <div class=\"inner\">\n\t                    \t\t                        \t<span class=\"date\">16 marca<\/span>\n\t                        \t                        <h3><a href=\"https:\/\/gorkakoscielnicka.pl\/?p=5849\">Intencje Mszy \u015aw. 18.03.24 &#8211; 24.03.24<\/a><\/h3>\n\t                        <span class=\"desc\"><\/span>\n\t                    <\/div>\n\t                <\/div>\n                \t                <div class=\"item-blog \">\n\t                    <div class=\"inner\">\n\t                    \t\t                        \t<span class=\"date\">13 marca<\/span>\n\t                        \t                        <h3><a href=\"https:\/\/gorkakoscielnicka.pl\/?p=5925\">2024 Rekolekcje Wielkopostne<\/a><\/h3>\n\t                        <span class=\"desc\">W dnich 10.03.24 &#8211;...<\/span>\n\t                    <\/div>\n\t                <\/div>\n                \t                <div class=\"item-blog even\">\n\t                    <div class=\"inner\">\n\t                    \t\t                        \t<span class=\"date\">9 marca<\/span>\n\t                        \t                        <h3><a href=\"https:\/\/gorkakoscielnicka.pl\/?p=5838\">Og\u0142oszenia duszpasterskie 10.03.2024<\/a><\/h3>\n\t                        <span class=\"desc\"><\/span>\n\t                    <\/div>\n\t                <\/div>\n                \t                <div class=\"item-blog \">\n\t                    <div class=\"inner\">\n\t                    \t\t                        \t<span class=\"date\">9 marca<\/span>\n\t                        \t                        <h3><a href=\"https:\/\/gorkakoscielnicka.pl\/?p=5831\">Intencje Mszy \u015aw. 11.03.24 &#8211; 17.03.24<\/a><\/h3>\n\t                        <span class=\"desc\"><\/span>\n\t                    <\/div>\n\t                <\/div>\n                \t                <div class=\"item-blog even\">\n\t                    <div class=\"inner\">\n\t                    \t\t                        \t<span class=\"date\">2 marca<\/span>\n\t                        \t                        <h3><a href=\"https:\/\/gorkakoscielnicka.pl\/?p=5827\">Rekolekcje Wielkopostne 2024<\/a><\/h3>\n\t                        <span class=\"desc\"><\/span>\n\t                    <\/div>\n\t                <\/div>\n                \t                <div class=\"item-blog \">\n\t                    <div class=\"inner\">\n\t                    \t\t                        \t<span class=\"date\">2 marca<\/span>\n\t                        \t                        <h3><a href=\"https:\/\/gorkakoscielnicka.pl\/?p=5825\">Og\u0142oszenia duszpasterskie 03.03.2024<\/a><\/h3>\n\t                        <span class=\"desc\"><\/span>\n\t                    <\/div>\n\t                <\/div>\n                \t                <div class=\"item-blog even\">\n\t                    <div class=\"inner\">\n\t                    \t\t                        \t<span class=\"date\">2 marca<\/span>\n\t                        \t                        <h3><a href=\"https:\/\/gorkakoscielnicka.pl\/?p=5818\">Intencje Mszy \u015awi\u0119tych 04.03.24 &#8211; 10.03.24<\/a><\/h3>\n\t                        <span class=\"desc\"><\/span>\n\t                    <\/div>\n\t                <\/div>\n                \t                <div class=\"item-blog \">\n\t                    <div class=\"inner\">\n\t                    \t\t                        \t<span class=\"date\">24 lutego<\/span>\n\t                        \t                        <h3><a href=\"https:\/\/gorkakoscielnicka.pl\/?p=5813\">Og\u0142oszenia duszpasterskie 25.02.24<\/a><\/h3>\n\t                        <span class=\"desc\"><\/span>\n\t                    <\/div>\n\t                <\/div>\n                \t                <div class=\"item-blog even\">\n\t                    <div class=\"inner\">\n\t                    \t\t                        \t<span class=\"date\">24 lutego<\/span>\n\t                        \t                        <h3><a href=\"https:\/\/gorkakoscielnicka.pl\/?p=5803\">Intencje Mszy \u015aw. 25.02.24 &#8211; 03.03.24<\/a><\/h3>\n\t                        <span class=\"desc\"><\/span>\n\t                    <\/div>\n\t                <\/div>\n                \t                <div class=\"item-blog \">\n\t                    <div class=\"inner\">\n\t                    \t\t                        \t<span class=\"date\">17 lutego<\/span>\n\t                        \t                        <h3><a href=\"https:\/\/gorkakoscielnicka.pl\/?p=5798\">Og\u0142oszenia duszpasterskie 18.02.2024<\/a><\/h3>\n\t                        <span class=\"desc\"><\/span>\n\t                    <\/div>\n\t                <\/div>\n                \t                <div class=\"item-blog even\">\n\t                    <div class=\"inner\">\n\t                    \t\t                        \t<span class=\"date\">17 lutego<\/span>\n\t                        \t                        <h3><a href=\"https:\/\/gorkakoscielnicka.pl\/?p=5791\">Intencje Mszy \u015aw. 19.02.24 &#8211; 25.02.24<\/a><\/h3>\n\t                        <span class=\"desc\"><\/span>\n\t                    <\/div>\n\t                <\/div>\n                \t                <div class=\"item-blog \">\n\t                    <div class=\"inner\">\n\t                    \t\t                        \t<span class=\"date\">10 lutego<\/span>\n\t                        \t                        <h3><a href=\"https:\/\/gorkakoscielnicka.pl\/?p=5785\">Og\u0142oszenia duszpasterskie 11.02.2024<\/a><\/h3>\n\t                        <span class=\"desc\"><\/span>\n\t                    <\/div>\n\t                <\/div>\n                \t                <div class=\"item-blog even\">\n\t                    <div class=\"inner\">\n\t                    \t\t                        \t<span class=\"date\">10 lutego<\/span>\n\t                        \t                        <h3><a href=\"https:\/\/gorkakoscielnicka.pl\/?p=5779\">Intencje Mszy \u015aw. 12.02.24 &#8211; 18.02.24<\/a><\/h3>\n\t                        <span class=\"desc\"><\/span>\n\t                    <\/div>\n\t                <\/div>\n                \t                <div class=\"item-blog \">\n\t                    <div class=\"inner\">\n\t                    \t\t                        \t<span class=\"date\">3 lutego<\/span>\n\t                        \t                        <h3><a href=\"https:\/\/gorkakoscielnicka.pl\/?p=5775\">Og\u0142oszenia duszpasterskie 04.02.2024<\/a><\/h3>\n\t                        <span class=\"desc\"><\/span>\n\t                    <\/div>\n\t                <\/div>\n                \t                <div class=\"item-blog even\">\n\t                    <div class=\"inner\">\n\t                    \t\t                        \t<span class=\"date\">3 lutego<\/span>\n\t                        \t                        <h3><a href=\"https:\/\/gorkakoscielnicka.pl\/?p=5768\">Intencje Mszy \u015aw. 05.02.24 &#8211; 11.02.24<\/a><\/h3>\n\t                        <span class=\"desc\"><\/span>\n\t                    <\/div>\n\t                <\/div>\n                \t                <div class=\"item-blog \">\n\t                    <div class=\"inner\">\n\t                    \t\t                        \t<span class=\"date\">27 stycznia<\/span>\n\t                        \t                        <h3><a href=\"https:\/\/gorkakoscielnicka.pl\/?p=5765\">Og\u0142oszenia duszpasterskie 28.01.2024<\/a><\/h3>\n\t                        <span class=\"desc\"><\/span>\n\t                    <\/div>\n\t                <\/div>\n                \t                <div class=\"item-blog even\">\n\t                    <div class=\"inner\">\n\t                    \t\t                        \t<span class=\"date\">27 stycznia<\/span>\n\t                        \t                        <h3><a href=\"https:\/\/gorkakoscielnicka.pl\/?p=5758\">Intencje Mszy \u015aw. 29.01.24 &#8211; 04.02.24<\/a><\/h3>\n\t                        <span class=\"desc\"><\/span>\n\t                    <\/div>\n\t                <\/div>\n                \t                <div class=\"item-blog \">\n\t                    <div class=\"inner\">\n\t                    \t\t                        \t<span class=\"date\">21 stycznia<\/span>\n\t                        \t                        <h3><a href=\"https:\/\/gorkakoscielnicka.pl\/?p=5754\">Og\u0142oszenia duszpasterskie 21.01.2024<\/a><\/h3>\n\t                        <span class=\"desc\"><\/span>\n\t                    <\/div>\n\t                <\/div>\n                \t                <div class=\"item-blog even\">\n\t                    <div class=\"inner\">\n\t                    \t\t                        \t<span class=\"date\">21 stycznia<\/span>\n\t                        \t                        <h3><a href=\"https:\/\/gorkakoscielnicka.pl\/?p=5747\">Intencje Mszy \u015aw. 22.01.24 &#8211; 28.01.24<\/a><\/h3>\n\t                        <span class=\"desc\"><\/span>\n\t                    <\/div>\n\t                <\/div>\n                \t                <div class=\"item-blog \">\n\t                    <div class=\"inner\">\n\t                    \t\t                        \t<span class=\"date\">13 stycznia<\/span>\n\t                        \t                        <h3><a href=\"https:\/\/gorkakoscielnicka.pl\/?p=5744\">Og\u0142oszenia duszpasterskie 14.01.2024<\/a><\/h3>\n\t                        <span class=\"desc\"><\/span>\n\t                    <\/div>\n\t                <\/div>\n                \t                <div class=\"item-blog even\">\n\t                    <div class=\"inner\">\n\t                    \t\t                        \t<span class=\"date\">13 stycznia<\/span>\n\t                        \t                        <h3><a href=\"https:\/\/gorkakoscielnicka.pl\/?p=5737\">Intencje Mszy \u015aw. 15.01.24 &#8211; 21.01.24<\/a><\/h3>\n\t                        <span class=\"desc\"><\/span>\n\t                    <\/div>\n\t                <\/div>\n                \t                <div class=\"item-blog \">\n\t                    <div class=\"inner\">\n\t                    \t\t                        \t<span class=\"date\">5 stycznia<\/span>\n\t                        \t                        <h3><a href=\"https:\/\/gorkakoscielnicka.pl\/?p=5734\">Og\u0142oszenia duszpasterskie 07.01.2024<\/a><\/h3>\n\t                        <span class=\"desc\"><\/span>\n\t                    <\/div>\n\t                <\/div>\n                \t                <div class=\"item-blog even\">\n\t                    <div class=\"inner\">\n\t                    \t\t                        \t<span class=\"date\">5 stycznia<\/span>\n\t                        \t                        <h3><a href=\"https:\/\/gorkakoscielnicka.pl\/?p=5727\">Intencje Mszy \u015aw. 08.01.24 &#8211; 14.01.24<\/a><\/h3>\n\t                        <span class=\"desc\"><\/span>\n\t                    <\/div>\n\t                <\/div>\n                \t                <div class=\"item-blog \">\n\t                    <div class=\"inner\">\n\t                    \t\t                        \t<span class=\"date\">30 grudnia<\/span>\n\t                        \t                        <h3><a href=\"https:\/\/gorkakoscielnicka.pl\/?p=5717\">Og\u0142oszenia duszpasterskie 31.12.2023<\/a><\/h3>\n\t                        <span class=\"desc\"><\/span>\n\t                    <\/div>\n\t                <\/div>\n                \t                <div class=\"item-blog even\">\n\t                    <div class=\"inner\">\n\t                    \t\t                        \t<span class=\"date\">30 grudnia<\/span>\n\t                        \t                        <h3><a href=\"https:\/\/gorkakoscielnicka.pl\/?p=5710\">Intencje Mszy \u015aw. 01.01.24 &#8211; 07.01.24<\/a><\/h3>\n\t                        <span class=\"desc\"><\/span>\n\t                    <\/div>\n\t                <\/div>\n                \t                <div class=\"item-blog \">\n\t                    <div class=\"inner\">\n\t                    \t\t                        \t<span class=\"date\">23 grudnia<\/span>\n\t                        \t                        <h3><a href=\"https:\/\/gorkakoscielnicka.pl\/?p=5704\">Og\u0142oszenia duszpasterskie 24.12.2023<\/a><\/h3>\n\t                        <span class=\"desc\"><\/span>\n\t                    <\/div>\n\t                <\/div>\n                \t                <div class=\"item-blog even\">\n\t                    <div class=\"inner\">\n\t                    \t\t                        \t<span class=\"date\">23 grudnia<\/span>\n\t                        \t                        <h3><a href=\"https:\/\/gorkakoscielnicka.pl\/?p=5698\">Intencje Mszy \u015aw. 25.12.23 &#8211; 31.12.23<\/a><\/h3>\n\t                        <span class=\"desc\"><\/span>\n\t                    <\/div>\n\t                <\/div>\n                \t                <div class=\"item-blog \">\n\t                    <div class=\"inner\">\n\t                    \t\t                        \t<span class=\"date\">16 grudnia<\/span>\n\t                        \t                        <h3><a href=\"https:\/\/gorkakoscielnicka.pl\/?p=5693\">Odwiedziny chorych i starszych<\/a><\/h3>\n\t                        <span class=\"desc\"><\/span>\n\t                    <\/div>\n\t                <\/div>\n                \t                <div class=\"item-blog even\">\n\t                    <div class=\"inner\">\n\t                    \t\t                        \t<span class=\"date\">16 grudnia<\/span>\n\t                        \t                        <h3><a href=\"https:\/\/gorkakoscielnicka.pl\/?p=5688\">2023 Miko\u0142aj<\/a><\/h3>\n\t                        <span class=\"desc\"><\/span>\n\t                    <\/div>\n\t                <\/div>\n                \t                <div class=\"item-blog \">\n\t                    <div class=\"inner\">\n\t                    \t\t                        \t<span class=\"date\">16 grudnia<\/span>\n\t                        \t                        <h3><a href=\"https:\/\/gorkakoscielnicka.pl\/?p=5647\">Intencje Mszy \u015aw. 18.12.23 &#8211; 24.12.23<\/a><\/h3>\n\t                        <span class=\"desc\"><\/span>\n\t                    <\/div>\n\t                <\/div>\n                \t                <div class=\"item-blog even\">\n\t                    <div class=\"inner\">\n\t                    \t\t                        \t<span class=\"date\">16 grudnia<\/span>\n\t                        \t                        <h3><a href=\"https:\/\/gorkakoscielnicka.pl\/?p=5654\">Og\u0142oszenia duszpasterskie 17.12.2023<\/a><\/h3>\n\t                        <span class=\"desc\"><\/span>\n\t                    <\/div>\n\t                <\/div>\n                \t                <div class=\"item-blog \">\n\t                    <div class=\"inner\">\n\t                    \t\t                        \t<span class=\"date\">9 grudnia<\/span>\n\t                        \t                        <h3><a href=\"https:\/\/gorkakoscielnicka.pl\/?p=5645\">Og\u0142oszenia duszpasterskie 10.12.2023<\/a><\/h3>\n\t                        <span class=\"desc\"><\/span>\n\t                    <\/div>\n\t                <\/div>\n                \t                <div class=\"item-blog even\">\n\t                    <div class=\"inner\">\n\t                    \t\t                        \t<span class=\"date\">9 grudnia<\/span>\n\t                        \t                        <h3><a href=\"https:\/\/gorkakoscielnicka.pl\/?p=5638\">Intencje Mszy \u015aw. 11.12.23 &#8211; 17.12.23<\/a><\/h3>\n\t                        <span class=\"desc\"><\/span>\n\t                    <\/div>\n\t                <\/div>\n                \t                <div class=\"item-blog \">\n\t                    <div class=\"inner\">\n\t                    \t\t                        \t<span class=\"date\">2 grudnia<\/span>\n\t                        \t                        <h3><a href=\"https:\/\/gorkakoscielnicka.pl\/?p=5634\">Intencje Mszy \u015aw. 04.12.23 &#8211; 10.12.23<\/a><\/h3>\n\t                        <span class=\"desc\"><\/span>\n\t                    <\/div>\n\t                <\/div>\n                \t                <div class=\"item-blog even\">\n\t                    <div class=\"inner\">\n\t                    \t\t                        \t<span class=\"date\">2 grudnia<\/span>\n\t                        \t                        <h3><a href=\"https:\/\/gorkakoscielnicka.pl\/?p=5627\">Og\u0142oszenia duszpasterskie 03.12.2023<\/a><\/h3>\n\t                        <span class=\"desc\"><\/span>\n\t                    <\/div>\n\t                <\/div>\n                \t                <div class=\"item-blog \">\n\t                    <div class=\"inner\">\n\t                    \t\t                        \t<span class=\"date\">25 listopada<\/span>\n\t                        \t                        <h3><a href=\"https:\/\/gorkakoscielnicka.pl\/?p=5623\">Og\u0142oszenia duszpasterskie 26.11.2023<\/a><\/h3>\n\t                        <span class=\"desc\"><\/span>\n\t                    <\/div>\n\t                <\/div>\n                \t                <div class=\"item-blog even\">\n\t                    <div class=\"inner\">\n\t                    \t\t                        \t<span class=\"date\">25 listopada<\/span>\n\t                        \t                        <h3><a href=\"https:\/\/gorkakoscielnicka.pl\/?p=5615\">Intencje Mszy \u015aw. 27.11.23 &#8211; 03.12.23<\/a><\/h3>\n\t                        <span class=\"desc\"><\/span>\n\t                    <\/div>\n\t                <\/div>\n                \t                <div class=\"item-blog \">\n\t                    <div class=\"inner\">\n\t                    \t\t                        \t<span class=\"date\">18 listopada<\/span>\n\t                        \t                        <h3><a href=\"https:\/\/gorkakoscielnicka.pl\/?p=5604\">Intencje Mszy \u015aw. 20.11.23 &#8211; 26.11.23<\/a><\/h3>\n\t                        <span class=\"desc\"><\/span>\n\t                    <\/div>\n\t                <\/div>\n                \t                <div class=\"item-blog even\">\n\t                    <div class=\"inner\">\n\t                    \t\t                        \t<span class=\"date\">18 listopada<\/span>\n\t                        \t                        <h3><a href=\"https:\/\/gorkakoscielnicka.pl\/?p=5610\">Og\u0142oszenia duszpasterskie 19.11.2023<\/a><\/h3>\n\t                        <span class=\"desc\"><\/span>\n\t                    <\/div>\n\t                <\/div>\n                \t                <div class=\"item-blog \">\n\t                    <div class=\"inner\">\n\t                    \t\t                        \t<span class=\"date\">10 listopada<\/span>\n\t                        \t                        <h3><a href=\"https:\/\/gorkakoscielnicka.pl\/?p=5598\">Og\u0142oszenia duszpasterskie 12.11.2023<\/a><\/h3>\n\t                        <span class=\"desc\"><\/span>\n\t                    <\/div>\n\t                <\/div>\n                \t                <div class=\"item-blog even\">\n\t                    <div class=\"inner\">\n\t                    \t\t                        \t<span class=\"date\">10 listopada<\/span>\n\t                        \t                        <h3><a href=\"https:\/\/gorkakoscielnicka.pl\/?p=5593\">Intencje Mszy \u015aw. 13.11.23 &#8211; 19.11.23<\/a><\/h3>\n\t                        <span class=\"desc\"><\/span>\n\t                    <\/div>\n\t                <\/div>\n                \t                <div class=\"item-blog \">\n\t                    <div class=\"inner\">\n\t                    \t\t                        \t<span class=\"date\">4 listopada<\/span>\n\t                        \t                        <h3><a href=\"https:\/\/gorkakoscielnicka.pl\/?p=5589\">Og\u0142oszenia duszpasterskie 05.11.2023<\/a><\/h3>\n\t                        <span class=\"desc\"><\/span>\n\t                    <\/div>\n\t                <\/div>\n                \t                <div class=\"item-blog even\">\n\t                    <div class=\"inner\">\n\t                    \t\t                        \t<span class=\"date\">4 listopada<\/span>\n\t                        \t                        <h3><a href=\"https:\/\/gorkakoscielnicka.pl\/?p=5583\">Intencje Mszy \u015aw. 06.11.23 &#8211; 12.11.23<\/a><\/h3>\n\t                        <span class=\"desc\"><\/span>\n\t                    <\/div>\n\t                <\/div>\n                \t                <div class=\"item-blog \">\n\t                    <div class=\"inner\">\n\t                    \t\t                        \t<span class=\"date\">1 listopada<\/span>\n\t                        \t                        <h3><a href=\"https:\/\/gorkakoscielnicka.pl\/?p=5580\">2023 Wszystkich \u015awi\u0119tych<\/a><\/h3>\n\t                        <span class=\"desc\"><\/span>\n\t                    <\/div>\n\t                <\/div>\n                \t                <div class=\"item-blog even\">\n\t                    <div class=\"inner\">\n\t                    \t\t                        \t<span class=\"date\">28 pa\u017adziernika<\/span>\n\t                        \t                        <h3><a href=\"https:\/\/gorkakoscielnicka.pl\/?p=5470\">Og\u0142oszenia duszpasterskie 29.10.2023<\/a><\/h3>\n\t                        <span class=\"desc\"><\/span>\n\t                    <\/div>\n\t                <\/div>\n                \t                <div class=\"item-blog \">\n\t                    <div class=\"inner\">\n\t                    \t\t                        \t<span class=\"date\">28 pa\u017adziernika<\/span>\n\t                        \t                        <h3><a href=\"https:\/\/gorkakoscielnicka.pl\/?p=5463\">Intencje Mszy \u015aw. 30.10.23 &#8211; 05.11.23<\/a><\/h3>\n\t                        <span class=\"desc\"><\/span>\n\t                    <\/div>\n\t                <\/div>\n                \t                <div class=\"item-blog even\">\n\t                    <div class=\"inner\">\n\t                    \t\t                        \t<span class=\"date\">22 pa\u017adziernika<\/span>\n\t                        \t                        <h3><a href=\"https:\/\/gorkakoscielnicka.pl\/?p=5457\">Intencje Mszy \u015aw. 23.10.23 &#8211; 29.10.23<\/a><\/h3>\n\t                        <span class=\"desc\"><\/span>\n\t                    <\/div>\n\t                <\/div>\n                \t                <div class=\"item-blog \">\n\t                    <div class=\"inner\">\n\t                    \t\t                        \t<span class=\"date\">22 pa\u017adziernika<\/span>\n\t                        \t                        <h3><a href=\"https:\/\/gorkakoscielnicka.pl\/?p=5450\">Og\u0142oszenia duszpasterskie 22.10.2023<\/a><\/h3>\n\t                        <span class=\"desc\"><\/span>\n\t                    <\/div>\n\t                <\/div>\n                \t                <div class=\"item-blog even\">\n\t                    <div class=\"inner\">\n\t                    \t\t                        \t<span class=\"date\">14 pa\u017adziernika<\/span>\n\t                        \t                        <h3><a href=\"https:\/\/gorkakoscielnicka.pl\/?p=5271\">Intencje Mszy \u015aw. 16.10.23 &#8211; 22.10.23<\/a><\/h3>\n\t                        <span class=\"desc\"><\/span>\n\t                    <\/div>\n\t                <\/div>\n                \t                <div class=\"item-blog \">\n\t                    <div class=\"inner\">\n\t                    \t\t                        \t<span class=\"date\">14 pa\u017adziernika<\/span>\n\t                        \t                        <h3><a href=\"https:\/\/gorkakoscielnicka.pl\/?p=5269\">Og\u0142oszenia duszpasterskie 15.10.2023<\/a><\/h3>\n\t                        <span class=\"desc\"><\/span>\n\t                    <\/div>\n\t                <\/div>\n                \t                <div class=\"item-blog even\">\n\t                    <div class=\"inner\">\n\t                    \t\t                        \t<span class=\"date\">7 pa\u017adziernika<\/span>\n\t                        \t                        <h3><a href=\"https:\/\/gorkakoscielnicka.pl\/?p=5267\">Intencje Mszy \u015aw. 09.10.23 &#8211; 15.10.23<\/a><\/h3>\n\t                        <span class=\"desc\"><\/span>\n\t                    <\/div>\n\t                <\/div>\n                \t                <div class=\"item-blog \">\n\t                    <div class=\"inner\">\n\t                    \t\t                        \t<span class=\"date\">7 pa\u017adziernika<\/span>\n\t                        \t                        <h3><a href=\"https:\/\/gorkakoscielnicka.pl\/?p=5265\">Og\u0142oszenia duszpasterskie 08.10.2023<\/a><\/h3>\n\t                        <span class=\"desc\"><\/span>\n\t                    <\/div>\n\t                <\/div>\n                \t                <div class=\"item-blog even\">\n\t                    <div class=\"inner\">\n\t                    \t\t                        \t<span class=\"date\">30 wrze\u015bnia<\/span>\n\t                        \t                        <h3><a href=\"https:\/\/gorkakoscielnicka.pl\/?p=5446\">2023 Bierzmowanie<\/a><\/h3>\n\t                        <span class=\"desc\">\u201eCzy mo\u017cna sobie wyobrazi\u0107...<\/span>\n\t                    <\/div>\n\t                <\/div>\n                \t                <div class=\"item-blog \">\n\t                    <div class=\"inner\">\n\t                    \t\t                        \t<span class=\"date\">30 wrze\u015bnia<\/span>\n\t                        \t                        <h3><a href=\"https:\/\/gorkakoscielnicka.pl\/?p=5263\">Intencje Mszy \u015aw. 02.10.23 &#8211; 08.10.23<\/a><\/h3>\n\t                        <span class=\"desc\"><\/span>\n\t                    <\/div>\n\t                <\/div>\n                \t                <div class=\"item-blog even\">\n\t                    <div class=\"inner\">\n\t                    \t\t                        \t<span class=\"date\">30 wrze\u015bnia<\/span>\n\t                        \t                        <h3><a href=\"https:\/\/gorkakoscielnicka.pl\/?p=5261\">Og\u0142oszenia duszpasterskie 01.10.2023<\/a><\/h3>\n\t                        <span class=\"desc\"><\/span>\n\t                    <\/div>\n\t                <\/div>\n                \t                <div class=\"item-blog \">\n\t                    <div class=\"inner\">\n\t                    \t\t                        \t<span class=\"date\">23 wrze\u015bnia<\/span>\n\t                        \t                        <h3><a href=\"https:\/\/gorkakoscielnicka.pl\/?p=5259\">Intencje Mszy \u015aw. 25.09.23 &#8211; 01.10.23<\/a><\/h3>\n\t                        <span class=\"desc\"><\/span>\n\t                    <\/div>\n\t                <\/div>\n                \t                <div class=\"item-blog even\">\n\t                    <div class=\"inner\">\n\t                    \t\t                        \t<span class=\"date\">23 wrze\u015bnia<\/span>\n\t                        \t                        <h3><a href=\"https:\/\/gorkakoscielnicka.pl\/?p=5237\">Og\u0142oszenia duszpasterskie 24.09.2023<\/a><\/h3>\n\t                        <span class=\"desc\"><\/span>\n\t                    <\/div>\n\t                <\/div>\n                \t                <div class=\"item-blog \">\n\t                    <div class=\"inner\">\n\t                    \t\t                        \t<span class=\"date\">17 wrze\u015bnia<\/span>\n\t                        \t                        <h3><a href=\"https:\/\/gorkakoscielnicka.pl\/?p=5235\">Og\u0142oszenia duszpasterskie 17.09.23<\/a><\/h3>\n\t                        <span class=\"desc\"><\/span>\n\t                    <\/div>\n\t                <\/div>\n                \t                <div class=\"item-blog even\">\n\t                    <div class=\"inner\">\n\t                    \t\t                        \t<span class=\"date\">17 wrze\u015bnia<\/span>\n\t                        \t                        <h3><a href=\"https:\/\/gorkakoscielnicka.pl\/?p=5228\">Intencje Mszy \u015aw. 18.09.23 &#8211; 24.09.23<\/a><\/h3>\n\t                        <span class=\"desc\"><\/span>\n\t                    <\/div>\n\t                <\/div>\n                \t                <div class=\"item-blog \">\n\t                    <div class=\"inner\">\n\t                    \t\t                        \t<span class=\"date\">9 wrze\u015bnia<\/span>\n\t                        \t                        <h3><a href=\"https:\/\/gorkakoscielnicka.pl\/?p=5225\">Og\u0142oszenia duszpasterskie 10.09.2023<\/a><\/h3>\n\t                        <span class=\"desc\"><\/span>\n\t                    <\/div>\n\t                <\/div>\n                \t                <div class=\"item-blog even\">\n\t                    <div class=\"inner\">\n\t                    \t\t                        \t<span class=\"date\">9 wrze\u015bnia<\/span>\n\t                        \t                        <h3><a href=\"https:\/\/gorkakoscielnicka.pl\/?p=5218\">Intencje Mszy \u015aw. 11.09.23 &#8211; 17.09.23<\/a><\/h3>\n\t                        <span class=\"desc\"><\/span>\n\t                    <\/div>\n\t                <\/div>\n                \t                <div class=\"item-blog \">\n\t                    <div class=\"inner\">\n\t                    \t\t                        \t<span class=\"date\">3 wrze\u015bnia<\/span>\n\t                        \t                        <h3><a href=\"https:\/\/gorkakoscielnicka.pl\/?p=5216\">Og\u0142oszenia duszpasterskie 04.09.2023<\/a><\/h3>\n\t                        <span class=\"desc\"><\/span>\n\t                    <\/div>\n\t                <\/div>\n                \t                <div class=\"item-blog even\">\n\t                    <div class=\"inner\">\n\t                    \t\t                        \t<span class=\"date\">3 wrze\u015bnia<\/span>\n\t                        \t                        <h3><a href=\"https:\/\/gorkakoscielnicka.pl\/?p=5208\">Intencje Mszy \u015aw. 04.09.23 &#8211; 10.09.23<\/a><\/h3>\n\t                        <span class=\"desc\"><\/span>\n\t                    <\/div>\n\t                <\/div>\n                \t                <div class=\"item-blog \">\n\t                    <div class=\"inner\">\n\t                    \t\t                        \t<span class=\"date\">27 sierpnia<\/span>\n\t                        \t                        <h3><a href=\"https:\/\/gorkakoscielnicka.pl\/?p=5344\">2023 Do\u017cynki Wolica | Odpust MB Cz\u0119stochowskiej<\/a><\/h3>\n\t                        <span class=\"desc\"><\/span>\n\t                    <\/div>\n\t                <\/div>\n                \t                <div class=\"item-blog even\">\n\t                    <div class=\"inner\">\n\t                    \t\t                        \t<span class=\"date\">26 sierpnia<\/span>\n\t                        \t                        <h3><a href=\"https:\/\/gorkakoscielnicka.pl\/?p=5206\">Og\u0142oszenia duszpasterskie 27.08.2023<\/a><\/h3>\n\t                        <span class=\"desc\"><\/span>\n\t                    <\/div>\n\t                <\/div>\n                \t                <div class=\"item-blog \">\n\t                    <div class=\"inner\">\n\t                    \t\t                        \t<span class=\"date\">26 sierpnia<\/span>\n\t                        \t                        <h3><a href=\"https:\/\/gorkakoscielnicka.pl\/?p=5199\">Intencje Mszy \u015aw. 28.08.23 &#8211; 03.09.23<\/a><\/h3>\n\t                        <span class=\"desc\"><\/span>\n\t                    <\/div>\n\t                <\/div>\n                \t                <div class=\"item-blog even\">\n\t                    <div class=\"inner\">\n\t                    \t\t                        \t<span class=\"date\">19 sierpnia<\/span>\n\t                        \t                        <h3><a href=\"https:\/\/gorkakoscielnicka.pl\/?p=5196\">Zapowiedzi nr 11\/2023<\/a><\/h3>\n\t                        <span class=\"desc\"><\/span>\n\t                    <\/div>\n\t                <\/div>\n                \t                <div class=\"item-blog \">\n\t                    <div class=\"inner\">\n\t                    \t\t                        \t<span class=\"date\">19 sierpnia<\/span>\n\t                        \t                        <h3><a href=\"https:\/\/gorkakoscielnicka.pl\/?p=5194\">Og\u0142oszenia duszpasterskie 20.08.2023<\/a><\/h3>\n\t                        <span class=\"desc\"><\/span>\n\t                    <\/div>\n\t                <\/div>\n                \t                <div class=\"item-blog even\">\n\t                    <div class=\"inner\">\n\t                    \t\t                        \t<span class=\"date\">19 sierpnia<\/span>\n\t                        \t                        <h3><a href=\"https:\/\/gorkakoscielnicka.pl\/?p=5185\">Intencje Mszy \u015aw.  21.08.23 &#8211; 27.08.23<\/a><\/h3>\n\t                        <span class=\"desc\"><\/span>\n\t                    <\/div>\n\t                <\/div>\n                \t                <div class=\"item-blog \">\n\t                    <div class=\"inner\">\n\t                    \t\t                        \t<span class=\"date\">12 sierpnia<\/span>\n\t                        \t                        <h3><a href=\"https:\/\/gorkakoscielnicka.pl\/?p=5172\">Og\u0142oszenia duszpasterskie 13.08.2023<\/a><\/h3>\n\t                        <span class=\"desc\"><\/span>\n\t                    <\/div>\n\t                <\/div>\n                \t                <div class=\"item-blog even\">\n\t                    <div class=\"inner\">\n\t                    \t\t                        \t<span class=\"date\">12 sierpnia<\/span>\n\t                        \t                        <h3><a href=\"https:\/\/gorkakoscielnicka.pl\/?p=5170\">Intencje Mszy \u015aw. 14.08.23 &#8211; 20.08.23<\/a><\/h3>\n\t                        <span class=\"desc\"><\/span>\n\t                    <\/div>\n\t                <\/div>\n                \t                <div class=\"item-blog \">\n\t                    <div class=\"inner\">\n\t                    \t\t                        \t<span class=\"date\">12 sierpnia<\/span>\n\t                        \t                        <h3><a href=\"https:\/\/gorkakoscielnicka.pl\/?p=5176\">Zapowiedzi nr 9\/2023 i 10\/2023<\/a><\/h3>\n\t                        <span class=\"desc\"><\/span>\n\t                    <\/div>\n\t                <\/div>\n                \t                <div class=\"item-blog even\">\n\t                    <div class=\"inner\">\n\t                    \t\t                        \t<span class=\"date\">6 sierpnia<\/span>\n\t                        \t                        <h3><a href=\"https:\/\/gorkakoscielnicka.pl\/?p=5307\">2023 Odpust G\u00f3rka Ko\u015bcielnicka<\/a><\/h3>\n\t                        <span class=\"desc\"><\/span>\n\t                    <\/div>\n\t                <\/div>\n                \t                <div class=\"item-blog \">\n\t                    <div class=\"inner\">\n\t                    \t\t                        \t<span class=\"date\">5 sierpnia<\/span>\n\t                        \t                        <h3><a href=\"https:\/\/gorkakoscielnicka.pl\/?p=5168\">Og\u0142oszenia duszpasterskie 06.08.2023<\/a><\/h3>\n\t                        <span class=\"desc\"><\/span>\n\t                    <\/div>\n\t                <\/div>\n                \t                <div class=\"item-blog even\">\n\t                    <div class=\"inner\">\n\t                    \t\t                        \t<span class=\"date\">5 sierpnia<\/span>\n\t                        \t                        <h3><a href=\"https:\/\/gorkakoscielnicka.pl\/?p=5156\">Intencje Mszy \u015aw. 07.08.23 &#8211; 13.08.23<\/a><\/h3>\n\t                        <span class=\"desc\"><\/span>\n\t                    <\/div>\n\t                <\/div>\n                \t                <div class=\"item-blog \">\n\t                    <div class=\"inner\">\n\t                    \t\t                        \t<span class=\"date\">28 lipca<\/span>\n\t                        \t                        <h3><a href=\"https:\/\/gorkakoscielnicka.pl\/?p=5152\">Zapowiedzi nr 8\/2023<\/a><\/h3>\n\t                        <span class=\"desc\"><\/span>\n\t                    <\/div>\n\t                <\/div>\n                \t                <div class=\"item-blog even\">\n\t                    <div class=\"inner\">\n\t                    \t\t                        \t<span class=\"date\">28 lipca<\/span>\n\t                        \t                        <h3><a href=\"https:\/\/gorkakoscielnicka.pl\/?p=5150\">Og\u0142oszenia duszpasterskie 30.07.2023<\/a><\/h3>\n\t                        <span class=\"desc\"><\/span>\n\t                    <\/div>\n\t                <\/div>\n                \t                <div class=\"item-blog \">\n\t                    <div class=\"inner\">\n\t                    \t\t                        \t<span class=\"date\">28 lipca<\/span>\n\t                        \t                        <h3><a href=\"https:\/\/gorkakoscielnicka.pl\/?p=5141\">Intencje Mszy \u015aw. 31.07.23 &#8211; 06.07.23<\/a><\/h3>\n\t                        <span class=\"desc\"><\/span>\n\t                    <\/div>\n\t                <\/div>\n                \t                <div class=\"item-blog even\">\n\t                    <div class=\"inner\">\n\t                    \t\t                        \t<span class=\"date\">22 lipca<\/span>\n\t                        \t                        <h3><a href=\"https:\/\/gorkakoscielnicka.pl\/?p=5125\">Og\u0142oszenia duszpasterskie 23.07.2023<\/a><\/h3>\n\t                        <span class=\"desc\"><\/span>\n\t                    <\/div>\n\t                <\/div>\n                \t                <div class=\"item-blog \">\n\t                    <div class=\"inner\">\n\t                    \t\t                        \t<span class=\"date\">22 lipca<\/span>\n\t                        \t                        <h3><a href=\"https:\/\/gorkakoscielnicka.pl\/?p=5118\">Intencje Mszy \u015aw. 24.07.23 &#8211; 30.07.23<\/a><\/h3>\n\t                        <span class=\"desc\"><\/span>\n\t                    <\/div>\n\t                <\/div>\n                \t                <div class=\"item-blog even\">\n\t                    <div class=\"inner\">\n\t                    \t\t                        \t<span class=\"date\">22 lipca<\/span>\n\t                        \t                        <h3><a href=\"https:\/\/gorkakoscielnicka.pl\/?p=5108\">Numery rachunk\u00f3w bankowych<\/a><\/h3>\n\t                        <span class=\"desc\">Konto na utrzymanie i...<\/span>\n\t                    <\/div>\n\t                <\/div>\n                \t                <div class=\"item-blog \">\n\t                    <div class=\"inner\">\n\t                    \t\t                        \t<span class=\"date\">21 lipca<\/span>\n\t                        \t                        <h3><a href=\"https:\/\/gorkakoscielnicka.pl\/?p=5095\">Organy w ko\u015bciele \u015bw. J\u00f3zefa<\/a><\/h3>\n\t                        <span class=\"desc\">Instrument zbudowano od pa\u017adziernika...<\/span>\n\t                    <\/div>\n\t                <\/div>\n                \t                <div class=\"item-blog even\">\n\t                    <div class=\"inner\">\n\t                    \t\t                        \t<span class=\"date\">21 lipca<\/span>\n\t                        \t                        <h3><a href=\"https:\/\/gorkakoscielnicka.pl\/?p=5082\">Organy w Ko\u015bciele Zabytkowym<\/a><\/h3>\n\t                        <span class=\"desc\"><\/span>\n\t                    <\/div>\n\t                <\/div>\n                \t                <div class=\"item-blog \">\n\t                    <div class=\"inner\">\n\t                    \t\t                        \t<span class=\"date\">21 lipca<\/span>\n\t                        \t                        <h3><a href=\"https:\/\/gorkakoscielnicka.pl\/?p=5052\">Muzyka Ko\u015bcielna &#8211; \u015aluby<\/a><\/h3>\n\t                        <span class=\"desc\">O doborze muzyki podczas...<\/span>\n\t                    <\/div>\n\t                <\/div>\n                \t                <div class=\"item-blog even\">\n\t                    <div class=\"inner\">\n\t                    \t\t                        \t<span class=\"date\">15 lipca<\/span>\n\t                        \t                        <h3><a href=\"https:\/\/gorkakoscielnicka.pl\/?p=5029\">Zapowiedzi przed\u015blubne nr 7\/2023<\/a><\/h3>\n\t                        <span class=\"desc\"><\/span>\n\t                    <\/div>\n\t                <\/div>\n                \t                <div class=\"item-blog \">\n\t                    <div class=\"inner\">\n\t                    \t\t                        \t<span class=\"date\">15 lipca<\/span>\n\t                        \t                        <h3><a href=\"https:\/\/gorkakoscielnicka.pl\/?p=4993\">Og\u0142oszenia duszpasterskie 16.07.2023<\/a><\/h3>\n\t                        <span class=\"desc\"><\/span>\n\t                    <\/div>\n\t                <\/div>\n                \t                <div class=\"item-blog even\">\n\t                    <div class=\"inner\">\n\t                    \t\t                        \t<span class=\"date\">15 lipca<\/span>\n\t                        \t                        <h3><a href=\"https:\/\/gorkakoscielnicka.pl\/?p=4991\">Intencje Mszy \u015aw. 17.07.23 &#8211; 23.07.23<\/a><\/h3>\n\t                        <span class=\"desc\"><\/span>\n\t                    <\/div>\n\t                <\/div>\n                \t                <div class=\"item-blog \">\n\t                    <div class=\"inner\">\n\t                    \t\t                        \t<span class=\"date\">15 lipca<\/span>\n\t                        \t                        <h3><a href=\"https:\/\/gorkakoscielnicka.pl\/?p=5100\">Youtube Krzysztof Muzyka<\/a><\/h3>\n\t                        <span class=\"desc\">Poni\u017cej zamieszczamy materia\u0142y z...<\/span>\n\t                    <\/div>\n\t                <\/div>\n                \t                <div class=\"item-blog even\">\n\t                    <div class=\"inner\">\n\t                    \t\t                        \t<span class=\"date\">8 lipca<\/span>\n\t                        \t                        <h3><a href=\"https:\/\/gorkakoscielnicka.pl\/?p=4989\">Og\u0142oszenia duszpasterskie 09.07.2023<\/a><\/h3>\n\t                        <span class=\"desc\"><\/span>\n\t                    <\/div>\n\t                <\/div>\n                \t                <div class=\"item-blog \">\n\t                    <div class=\"inner\">\n\t                    \t\t                        \t<span class=\"date\">8 lipca<\/span>\n\t                        \t                        <h3><a href=\"https:\/\/gorkakoscielnicka.pl\/?p=4987\">Intencje Mszy \u015aw. 10.07.23 &#8211; 16.07.23<\/a><\/h3>\n\t                        <span class=\"desc\"><\/span>\n\t                    <\/div>\n\t                <\/div>\n                \t                <div class=\"item-blog even\">\n\t                    <div class=\"inner\">\n\t                    \t\t                        \t<span class=\"date\">1 lipca<\/span>\n\t                        \t                        <h3><a href=\"https:\/\/gorkakoscielnicka.pl\/?p=4968\">Intencje Mszy \u015aw. 03.07.23 &#8211; 09.07.23<\/a><\/h3>\n\t                        <span class=\"desc\"><\/span>\n\t                    <\/div>\n\t                <\/div>\n                \t                <div class=\"item-blog \">\n\t                    <div class=\"inner\">\n\t                    \t\t                        \t<span class=\"date\">1 lipca<\/span>\n\t                        \t                        <h3><a href=\"https:\/\/gorkakoscielnicka.pl\/?p=4985\">Og\u0142oszenia duszpasterskie 02.07.2023<\/a><\/h3>\n\t                        <span class=\"desc\"><\/span>\n\t                    <\/div>\n\t                <\/div>\n                \t                <div class=\"item-blog even\">\n\t                    <div class=\"inner\">\n\t                    \t\t                        \t<span class=\"date\">24 czerwca<\/span>\n\t                        \t                        <h3><a href=\"https:\/\/gorkakoscielnicka.pl\/?p=4963\">Og\u0142oszenia duszpasterskie 25.06.2023<\/a><\/h3>\n\t                        <span class=\"desc\"><\/span>\n\t                    <\/div>\n\t                <\/div>\n                \t                <div class=\"item-blog \">\n\t                    <div class=\"inner\">\n\t                    \t\t                        \t<span class=\"date\">24 czerwca<\/span>\n\t                        \t                        <h3><a href=\"https:\/\/gorkakoscielnicka.pl\/?p=4956\">Intencje Mszy \u015aw. 26.06.23 &#8211; 02.07.23<\/a><\/h3>\n\t                        <span class=\"desc\"><\/span>\n\t                    <\/div>\n\t                <\/div>\n                \t                <div class=\"item-blog even\">\n\t                    <div class=\"inner\">\n\t                    \t\t                        \t<span class=\"date\">20 czerwca<\/span>\n\t                        \t                        <h3><a href=\"https:\/\/gorkakoscielnicka.pl\/?p=4933\">Kontakt<\/a><\/h3>\n\t                        <span class=\"desc\">Parafia pw. Wszystkich \u015awi\u0119tych...<\/span>\n\t                    <\/div>\n\t                <\/div>\n                \t                <div class=\"item-blog \">\n\t                    <div class=\"inner\">\n\t                    \t\t                        \t<span class=\"date\">20 czerwca<\/span>\n\t                        \t                        <h3><a href=\"https:\/\/gorkakoscielnicka.pl\/?p=4925\">Cmentarz<\/a><\/h3>\n\t                        <span class=\"desc\">Ko\u015bcielnicki cmentarz jest jednym...<\/span>\n\t                    <\/div>\n\t                <\/div>\n                \t                <div class=\"item-blog even\">\n\t                    <div class=\"inner\">\n\t                    \t\t                        \t<span class=\"date\">20 czerwca<\/span>\n\t                        \t                        <h3><a href=\"https:\/\/gorkakoscielnicka.pl\/?p=4917\">Ks. Proboszcz Stanis\u0142aw Palichleb E. C.<\/a><\/h3>\n\t                        <span class=\"desc\">Rok \u015bwi\u0119ce\u0144 1988, Wicedziekan...<\/span>\n\t                    <\/div>\n\t                <\/div>\n                \t                <div class=\"item-blog \">\n\t                    <div class=\"inner\">\n\t                    \t\t                        \t<span class=\"date\">17 czerwca<\/span>\n\t                        \t                        <h3><a href=\"https:\/\/gorkakoscielnicka.pl\/?p=4900\">Og\u0142oszenia duszpasterskie 18.06.2023<\/a><\/h3>\n\t                        <span class=\"desc\"><\/span>\n\t                    <\/div>\n\t                <\/div>\n                \t                <div class=\"item-blog even\">\n\t                    <div class=\"inner\">\n\t                    \t\t                        \t<span class=\"date\">17 czerwca<\/span>\n\t                        \t                        <h3><a href=\"https:\/\/gorkakoscielnicka.pl\/?p=4893\">Intencje Mszy \u015aw. 19.06.23 &#8211; 25.06.23<\/a><\/h3>\n\t                        <span class=\"desc\"><\/span>\n\t                    <\/div>\n\t                <\/div>\n                \t                <div class=\"item-blog \">\n\t                    <div class=\"inner\">\n\t                    \t\t                        \t<span class=\"date\">10 czerwca<\/span>\n\t                        \t                        <h3><a href=\"https:\/\/gorkakoscielnicka.pl\/?p=3578\">Intencje Mszy \u015aw. 12.06.23 &#8211; 18.06.23<\/a><\/h3>\n\t                        <span class=\"desc\"><\/span>\n\t                    <\/div>\n\t                <\/div>\n                \t                <div class=\"item-blog even\">\n\t                    <div class=\"inner\">\n\t                    \t\t                        \t<span class=\"date\">10 czerwca<\/span>\n\t                        \t                        <h3><a href=\"https:\/\/gorkakoscielnicka.pl\/?p=3570\">Og\u0142oszenia duszpasterskie 11.06.2023<\/a><\/h3>\n\t                        <span class=\"desc\"><\/span>\n\t                    <\/div>\n\t                <\/div>\n                \t                <div class=\"item-blog \">\n\t                    <div class=\"inner\">\n\t                    \t\t                        \t<span class=\"date\">8 czerwca<\/span>\n\t                        \t                        <h3><a href=\"https:\/\/gorkakoscielnicka.pl\/?p=5404\">2023 Bo\u017ce Cia\u0142o<\/a><\/h3>\n\t                        <span class=\"desc\">Foto B. Kubica<\/span>\n\t                    <\/div>\n\t                <\/div>\n                \t                <div class=\"item-blog even\">\n\t                    <div class=\"inner\">\n\t                    \t\t                        \t<span class=\"date\">2 czerwca<\/span>\n\t                        \t                        <h3><a href=\"https:\/\/gorkakoscielnicka.pl\/?p=3563\">Og\u0142oszenia duszpasterskie 04.06.2023<\/a><\/h3>\n\t                        <span class=\"desc\"><\/span>\n\t                    <\/div>\n\t                <\/div>\n                \t                <div class=\"item-blog \">\n\t                    <div class=\"inner\">\n\t                    \t\t                        \t<span class=\"date\">2 czerwca<\/span>\n\t                        \t                        <h3><a href=\"https:\/\/gorkakoscielnicka.pl\/?p=3558\">Intencje Mszy \u015aw. 05.06.23 &#8211; 11.06.23<\/a><\/h3>\n\t                        <span class=\"desc\"><\/span>\n\t                    <\/div>\n\t                <\/div>\n                \t                <div class=\"item-blog even\">\n\t                    <div class=\"inner\">\n\t                    \t\t                        \t<span class=\"date\">27 maja<\/span>\n\t                        \t                        <h3><a href=\"https:\/\/gorkakoscielnicka.pl\/?p=3555\">Og\u0142oszenia duszpasterskie 28.05.2023<\/a><\/h3>\n\t                        <span class=\"desc\"><\/span>\n\t                    <\/div>\n\t                <\/div>\n                \t                <div class=\"item-blog \">\n\t                    <div class=\"inner\">\n\t                    \t\t                        \t<span class=\"date\">27 maja<\/span>\n\t                        \t                        <h3><a href=\"https:\/\/gorkakoscielnicka.pl\/?p=3549\">Intencje Mszy \u015aw. 29.05.23 &#8211; 04.06.23<\/a><\/h3>\n\t                        <span class=\"desc\"><\/span>\n\t                    <\/div>\n\t                <\/div>\n                \t                <div class=\"item-blog even\">\n\t                    <div class=\"inner\">\n\t                    \t\t                        \t<span class=\"date\">20 maja<\/span>\n\t                        \t                        <h3><a href=\"https:\/\/gorkakoscielnicka.pl\/?p=3546\">Og\u0142oszenia duszpasterskie 21.05.2023<\/a><\/h3>\n\t                        <span class=\"desc\"><\/span>\n\t                    <\/div>\n\t                <\/div>\n                \t                <div class=\"item-blog \">\n\t                    <div class=\"inner\">\n\t                    \t\t                        \t<span class=\"date\">20 maja<\/span>\n\t                        \t                        <h3><a href=\"https:\/\/gorkakoscielnicka.pl\/?p=3539\">Intencje Mszy \u015aw. 22.05.23 &#8211; 28.05.23<\/a><\/h3>\n\t                        <span class=\"desc\"><\/span>\n\t                    <\/div>\n\t                <\/div>\n                \t                <div class=\"item-blog even\">\n\t                    <div class=\"inner\">\n\t                    \t\t                        \t<span class=\"date\">13 maja<\/span>\n\t                        \t                        <h3><a href=\"https:\/\/gorkakoscielnicka.pl\/?p=3536\">Og\u0142oszenia duszpasterskie 14.05.2023<\/a><\/h3>\n\t                        <span class=\"desc\"><\/span>\n\t                    <\/div>\n\t                <\/div>\n                \t                <div class=\"item-blog \">\n\t                    <div class=\"inner\">\n\t                    \t\t                        \t<span class=\"date\">13 maja<\/span>\n\t                        \t                        <h3><a href=\"https:\/\/gorkakoscielnicka.pl\/?p=3530\">Intencje Mszy \u015aw. 15.05.23 &#8211; 21.05.23<\/a><\/h3>\n\t                        <span class=\"desc\"><\/span>\n\t                    <\/div>\n\t                <\/div>\n                \t                <div class=\"item-blog even\">\n\t                    <div class=\"inner\">\n\t                    \t\t                        \t<span class=\"date\">7 maja<\/span>\n\t                        \t                        <h3><a href=\"https:\/\/gorkakoscielnicka.pl\/?p=4887\">2023 I Komunia \u015awi\u0119ta<\/a><\/h3>\n\t                        <span class=\"desc\"><\/span>\n\t                    <\/div>\n\t                <\/div>\n                \t                <div class=\"item-blog \">\n\t                    <div class=\"inner\">\n\t                    \t\t                        \t<span class=\"date\">6 maja<\/span>\n\t                        \t                        <h3><a href=\"https:\/\/gorkakoscielnicka.pl\/?p=3525\">Og\u0142oszenia duszpasterskie 07.05.2023<\/a><\/h3>\n\t                        <span class=\"desc\"><\/span>\n\t                    <\/div>\n\t                <\/div>\n                \t                <div class=\"item-blog even\">\n\t                    <div class=\"inner\">\n\t                    \t\t                        \t<span class=\"date\">6 maja<\/span>\n\t                        \t                        <h3><a href=\"https:\/\/gorkakoscielnicka.pl\/?p=3518\">Intencje Mszy \u015aw. 08.05.23 &#8211; 14.05.23<\/a><\/h3>\n\t                        <span class=\"desc\"><\/span>\n\t                    <\/div>\n\t                <\/div>\n                \t                <div class=\"item-blog \">\n\t                    <div class=\"inner\">\n\t                    \t\t                        \t<span class=\"date\">29 kwietnia<\/span>\n\t                        \t                        <h3><a href=\"https:\/\/gorkakoscielnicka.pl\/?p=3512\">Og\u0142oszenia duszpasterskie 30.04.2023<\/a><\/h3>\n\t                        <span class=\"desc\"><\/span>\n\t                    <\/div>\n\t                <\/div>\n                \t                <div class=\"item-blog even\">\n\t                    <div class=\"inner\">\n\t                    \t\t                        \t<span class=\"date\">29 kwietnia<\/span>\n\t                        \t                        <h3><a href=\"https:\/\/gorkakoscielnicka.pl\/?p=3508\">Intencje Mszy \u015aw. 01.05.23 &#8211; 07.05.23<\/a><\/h3>\n\t                        <span class=\"desc\"><\/span>\n\t                    <\/div>\n\t                <\/div>\n                \t                <div class=\"item-blog \">\n\t                    <div class=\"inner\">\n\t                    \t\t                        \t<span class=\"date\">22 kwietnia<\/span>\n\t                        \t                        <h3><a href=\"https:\/\/gorkakoscielnicka.pl\/?p=3503\">Og\u0142oszenia duszpasterskie 23.04.2023<\/a><\/h3>\n\t                        <span class=\"desc\"><\/span>\n\t                    <\/div>\n\t                <\/div>\n                \t                <div class=\"item-blog even\">\n\t                    <div class=\"inner\">\n\t                    \t\t                        \t<span class=\"date\">22 kwietnia<\/span>\n\t                        \t                        <h3><a href=\"https:\/\/gorkakoscielnicka.pl\/?p=3496\">Intencje Mszy \u015aw. 24.04.23 &#8211; 30.04.23<\/a><\/h3>\n\t                        <span class=\"desc\"><\/span>\n\t                    <\/div>\n\t                <\/div>\n                \t                <div class=\"item-blog \">\n\t                    <div class=\"inner\">\n\t                    \t\t                        \t<span class=\"date\">15 kwietnia<\/span>\n\t                        \t                        <h3><a href=\"https:\/\/gorkakoscielnicka.pl\/?p=3493\">Og\u0142oszenia duszpasterskie 16.04.2023<\/a><\/h3>\n\t                        <span class=\"desc\">O zaistnia\u0142ych przeszkodach nale\u017cy...<\/span>\n\t                    <\/div>\n\t                <\/div>\n                \t                <div class=\"item-blog even\">\n\t                    <div class=\"inner\">\n\t                    \t\t                        \t<span class=\"date\">15 kwietnia<\/span>\n\t                        \t                        <h3><a href=\"https:\/\/gorkakoscielnicka.pl\/?p=3486\">Intencje Mszy \u015aw. 17.04.23 &#8211; 23.04.23<\/a><\/h3>\n\t                        <span class=\"desc\"><\/span>\n\t                    <\/div>\n\t                <\/div>\n                \t                <div class=\"item-blog \">\n\t                    <div class=\"inner\">\n\t                    \t\t                        \t<span class=\"date\">9 kwietnia<\/span>\n\t                        \t                        <h3><a href=\"https:\/\/gorkakoscielnicka.pl\/?p=3481\">2023 Niedziela Zmartwychwstania<\/a><\/h3>\n\t                        <span class=\"desc\"><\/span>\n\t                    <\/div>\n\t                <\/div>\n                \t                <div class=\"item-blog even\">\n\t                    <div class=\"inner\">\n\t                    \t\t                        \t<span class=\"date\">8 kwietnia<\/span>\n\t                        \t                        <h3><a href=\"https:\/\/gorkakoscielnicka.pl\/?p=3336\">2023 Wielka Sobota | Liturgia Ognia i Wody<\/a><\/h3>\n\t                        <span class=\"desc\"><\/span>\n\t                    <\/div>\n\t                <\/div>\n                \t                <div class=\"item-blog \">\n\t                    <div class=\"inner\">\n\t                    \t\t                        \t<span class=\"date\">8 kwietnia<\/span>\n\t                        \t                        <h3><a href=\"https:\/\/gorkakoscielnicka.pl\/?p=2931\">Og\u0142oszenia duszpasterskie 09.04.2023<\/a><\/h3>\n\t                        <span class=\"desc\"><\/span>\n\t                    <\/div>\n\t                <\/div>\n                \t                <div class=\"item-blog even\">\n\t                    <div class=\"inner\">\n\t                    \t\t                        \t<span class=\"date\">8 kwietnia<\/span>\n\t                        \t                        <h3><a href=\"https:\/\/gorkakoscielnicka.pl\/?p=2926\">Intencje Mszy \u015aw. 10.04.23 &#8211; 16.04.23<\/a><\/h3>\n\t                        <span class=\"desc\"><\/span>\n\t                    <\/div>\n\t                <\/div>\n                \t                <div class=\"item-blog \">\n\t                    <div class=\"inner\">\n\t                    \t\t                        \t<span class=\"date\">7 kwietnia<\/span>\n\t                        \t                        <h3><a href=\"https:\/\/gorkakoscielnicka.pl\/?p=3175\">2023 Wielki Pi\u0105tek<\/a><\/h3>\n\t                        <span class=\"desc\"><\/span>\n\t                    <\/div>\n\t                <\/div>\n                \t                <div class=\"item-blog even\">\n\t                    <div class=\"inner\">\n\t                    \t\t                        \t<span class=\"date\">6 kwietnia<\/span>\n\t                        \t                        <h3><a href=\"https:\/\/gorkakoscielnicka.pl\/?p=3125\">2023 Wielki Czwartek<\/a><\/h3>\n\t                        <span class=\"desc\"><\/span>\n\t                    <\/div>\n\t                <\/div>\n                \t                <div class=\"item-blog \">\n\t                    <div class=\"inner\">\n\t                    \t\t                        \t<span class=\"date\">2 kwietnia<\/span>\n\t                        \t                        <h3><a href=\"https:\/\/gorkakoscielnicka.pl\/?p=3001\">2023 Niedziela Palmowa | Droga Krzy\u017cowa<\/a><\/h3>\n\t                        <span class=\"desc\"><\/span>\n\t                    <\/div>\n\t                <\/div>\n                \t                <div class=\"item-blog even\">\n\t                    <div class=\"inner\">\n\t                    \t\t                        \t<span class=\"date\">2 kwietnia<\/span>\n\t                        \t                        <h3><a href=\"https:\/\/gorkakoscielnicka.pl\/?p=2920\">Og\u0142oszenia duszpasterskie 02.04.2023<\/a><\/h3>\n\t                        <span class=\"desc\"><\/span>\n\t                    <\/div>\n\t                <\/div>\n                \t                <div class=\"item-blog \">\n\t                    <div class=\"inner\">\n\t                    \t\t                        \t<span class=\"date\">2 kwietnia<\/span>\n\t                        \t                        <h3><a href=\"https:\/\/gorkakoscielnicka.pl\/?p=2913\">Intencje Mszy \u015aw. 03.04.23 &#8211; 09.04.23<\/a><\/h3>\n\t                        <span class=\"desc\"><\/span>\n\t                    <\/div>\n\t                <\/div>\n                \t                <div class=\"item-blog even\">\n\t                    <div class=\"inner\">\n\t                    \t\t                        \t<span class=\"date\">25 marca<\/span>\n\t                        \t                        <h3><a href=\"https:\/\/gorkakoscielnicka.pl\/?p=2907\">Og\u0142oszenia duszpasterskie 26.03.2023<\/a><\/h3>\n\t                        <span class=\"desc\"><\/span>\n\t                    <\/div>\n\t                <\/div>\n                \t                <div class=\"item-blog \">\n\t                    <div class=\"inner\">\n\t                    \t\t                        \t<span class=\"date\">25 marca<\/span>\n\t                        \t                        <h3><a href=\"https:\/\/gorkakoscielnicka.pl\/?p=2900\">Intencje Mszy \u015aw. 27.03.23 &#8211; 02.04.23<\/a><\/h3>\n\t                        <span class=\"desc\"><\/span>\n\t                    <\/div>\n\t                <\/div>\n                \t                <div class=\"item-blog even\">\n\t                    <div class=\"inner\">\n\t                    \t\t                        \t<span class=\"date\">19 marca<\/span>\n\t                        \t                        <h3><a href=\"https:\/\/gorkakoscielnicka.pl\/?p=3058\">2023 Rekolekcje Parafialne | Odpust Parafialny<\/a><\/h3>\n\t                        <span class=\"desc\">19 marca 2023 rozpocz\u0119\u0142y...<\/span>\n\t                    <\/div>\n\t                <\/div>\n                \t                <div class=\"item-blog \">\n\t                    <div class=\"inner\">\n\t                    \t\t                        \t<span class=\"date\">19 marca<\/span>\n\t                        \t                        <h3><a href=\"https:\/\/gorkakoscielnicka.pl\/?p=2898\">Og\u0142oszenia duszpasterskie 19.03.2023<\/a><\/h3>\n\t                        <span class=\"desc\"><\/span>\n\t                    <\/div>\n\t                <\/div>\n                \t                <div class=\"item-blog even\">\n\t                    <div class=\"inner\">\n\t                    \t\t                        \t<span class=\"date\">19 marca<\/span>\n\t                        \t                        <h3><a href=\"https:\/\/gorkakoscielnicka.pl\/?p=2891\">Intencje Mszy \u015aw. 20.03.23 &#8211; 26.03.2023<\/a><\/h3>\n\t                        <span class=\"desc\"><\/span>\n\t                    <\/div>\n\t                <\/div>\n                \t                <div class=\"item-blog \">\n\t                    <div class=\"inner\">\n\t                    \t\t                        \t<span class=\"date\">12 marca<\/span>\n\t                        \t                        <h3><a href=\"https:\/\/gorkakoscielnicka.pl\/?p=2885\">Rekolekcje Parafialne Wielki Post 2023<\/a><\/h3>\n\t                        <span class=\"desc\"><\/span>\n\t                    <\/div>\n\t                <\/div>\n                \t                <div class=\"item-blog even\">\n\t                    <div class=\"inner\">\n\t                    \t\t                        \t<span class=\"date\">12 marca<\/span>\n\t                        \t                        <h3><a href=\"https:\/\/gorkakoscielnicka.pl\/?p=2883\">Og\u0142oszenia duszpasterskie 12.03.2023<\/a><\/h3>\n\t                        <span class=\"desc\"><\/span>\n\t                    <\/div>\n\t                <\/div>\n                \t                <div class=\"item-blog \">\n\t                    <div class=\"inner\">\n\t                    \t\t                        \t<span class=\"date\">12 marca<\/span>\n\t                        \t                        <h3><a href=\"https:\/\/gorkakoscielnicka.pl\/?p=2877\">Intencje Mszy \u015aw. 13.03.23 &#8211; 19.03.23<\/a><\/h3>\n\t                        <span class=\"desc\"><\/span>\n\t                    <\/div>\n\t                <\/div>\n                \t                <div class=\"item-blog even\">\n\t                    <div class=\"inner\">\n\t                    \t\t                        \t<span class=\"date\">4 marca<\/span>\n\t                        \t                        <h3><a href=\"https:\/\/gorkakoscielnicka.pl\/?p=2871\">Og\u0142oszenia duszpasterskie 05.03.2023<\/a><\/h3>\n\t                        <span class=\"desc\"><\/span>\n\t                    <\/div>\n\t                <\/div>\n                \t                <div class=\"item-blog \">\n\t                    <div class=\"inner\">\n\t                    \t\t                        \t<span class=\"date\">4 marca<\/span>\n\t                        \t                        <h3><a href=\"https:\/\/gorkakoscielnicka.pl\/?p=2867\">Intencje Mszy \u015aw. 06.03.23 &#8211; 12.03.23<\/a><\/h3>\n\t                        <span class=\"desc\"><\/span>\n\t                    <\/div>\n\t                <\/div>\n                \t                <div class=\"item-blog even\">\n\t                    <div class=\"inner\">\n\t                    \t\t                        \t<span class=\"date\">25 lutego<\/span>\n\t                        \t                        <h3><a href=\"https:\/\/gorkakoscielnicka.pl\/?p=2858\">Msze \u015awi\u0119te za + Rados\u0142aw Krok<\/a><\/h3>\n\t                        <span class=\"desc\"><\/span>\n\t                    <\/div>\n\t                <\/div>\n                \t                <div class=\"item-blog \">\n\t                    <div class=\"inner\">\n\t                    \t\t                        \t<span class=\"date\">25 lutego<\/span>\n\t                        \t                        <h3><a href=\"https:\/\/gorkakoscielnicka.pl\/?p=2854\">Og\u0142oszenia duszpasterskie 26.02.2023<\/a><\/h3>\n\t                        <span class=\"desc\"><\/span>\n\t                    <\/div>\n\t                <\/div>\n                \t                <div class=\"item-blog even\">\n\t                    <div class=\"inner\">\n\t                    \t\t                        \t<span class=\"date\">25 lutego<\/span>\n\t                        \t                        <h3><a href=\"https:\/\/gorkakoscielnicka.pl\/?p=2850\">Intencje Mszy \u015aw. 27.02.23 &#8211; 05.03.23<\/a><\/h3>\n\t                        <span class=\"desc\"><\/span>\n\t                    <\/div>\n\t                <\/div>\n                \t                <div class=\"item-blog \">\n\t                    <div class=\"inner\">\n\t                    \t\t                        \t<span class=\"date\">18 lutego<\/span>\n\t                        \t                        <h3><a href=\"https:\/\/gorkakoscielnicka.pl\/?p=2839\">Og\u0142oszenia duszpasterskie 19.02.2023<\/a><\/h3>\n\t                        <span class=\"desc\"><\/span>\n\t                    <\/div>\n\t                <\/div>\n                \t                <div class=\"item-blog even\">\n\t                    <div class=\"inner\">\n\t                    \t\t                        \t<span class=\"date\">18 lutego<\/span>\n\t                        \t                        <h3><a href=\"https:\/\/gorkakoscielnicka.pl\/?p=2831\">Intencje Mszy \u015aw. 20.02.23 &#8211; 26.02.23<\/a><\/h3>\n\t                        <span class=\"desc\"><\/span>\n\t                    <\/div>\n\t                <\/div>\n                \t                <div class=\"item-blog \">\n\t                    <div class=\"inner\">\n\t                    \t\t                        \t<span class=\"date\">10 lutego<\/span>\n\t                        \t                        <h3><a href=\"https:\/\/gorkakoscielnicka.pl\/?p=2828\">Og\u0142oszenia duszpasterskie 12.02.2023<\/a><\/h3>\n\t                        <span class=\"desc\"><\/span>\n\t                    <\/div>\n\t                <\/div>\n                \t                <div class=\"item-blog even\">\n\t                    <div class=\"inner\">\n\t                    \t\t                        \t<span class=\"date\">10 lutego<\/span>\n\t                        \t                        <h3><a href=\"https:\/\/gorkakoscielnicka.pl\/?p=2822\">Intencje Mszy \u015aw. 13.02.23 &#8211; 19.02.23<\/a><\/h3>\n\t                        <span class=\"desc\"><\/span>\n\t                    <\/div>\n\t                <\/div>\n                \t                <div class=\"item-blog \">\n\t                    <div class=\"inner\">\n\t                    \t\t                        \t<span class=\"date\">4 lutego<\/span>\n\t                        \t                        <h3><a href=\"https:\/\/gorkakoscielnicka.pl\/?p=2818\">Og\u0142oszenia duszpasterskie 05.02.2023<\/a><\/h3>\n\t                        <span class=\"desc\"><\/span>\n\t                    <\/div>\n\t                <\/div>\n                \t                <div class=\"item-blog even\">\n\t                    <div class=\"inner\">\n\t                    \t\t                        \t<span class=\"date\">4 lutego<\/span>\n\t                        \t                        <h3><a href=\"https:\/\/gorkakoscielnicka.pl\/?p=2812\">Intencje Mszy \u015aw. 06.02.23 &#8211; 12.02.23<\/a><\/h3>\n\t                        <span class=\"desc\"><\/span>\n\t                    <\/div>\n\t                <\/div>\n                \t                <div class=\"item-blog \">\n\t                    <div class=\"inner\">\n\t                    \t\t                        \t<span class=\"date\">28 stycznia<\/span>\n\t                        \t                        <h3><a href=\"https:\/\/gorkakoscielnicka.pl\/?p=2809\">Og\u0142oszenia duszpasterskie 29.01.2023<\/a><\/h3>\n\t                        <span class=\"desc\"><\/span>\n\t                    <\/div>\n\t                <\/div>\n                \t                <div class=\"item-blog even\">\n\t                    <div class=\"inner\">\n\t                    \t\t                        \t<span class=\"date\">28 stycznia<\/span>\n\t                        \t                        <h3><a href=\"https:\/\/gorkakoscielnicka.pl\/?p=2802\">Intencje Mszy \u015aw. 30.01.23 &#8211; 05.02.23<\/a><\/h3>\n\t                        <span class=\"desc\"><\/span>\n\t                    <\/div>\n\t                <\/div>\n                \t                <div class=\"item-blog \">\n\t                    <div class=\"inner\">\n\t                    \t\t                        \t<span class=\"date\">21 stycznia<\/span>\n\t                        \t                        <h3><a href=\"https:\/\/gorkakoscielnicka.pl\/?p=2800\">Porz\u0105dek Mszy \u015awi\u0119tych od lutego 2023<\/a><\/h3>\n\t                        <span class=\"desc\"><\/span>\n\t                    <\/div>\n\t                <\/div>\n                \t                <div class=\"item-blog even\">\n\t                    <div class=\"inner\">\n\t                    \t\t                        \t<span class=\"date\">21 stycznia<\/span>\n\t                        \t                        <h3><a href=\"https:\/\/gorkakoscielnicka.pl\/?p=2798\">Intencje Mszy \u015aw. 23.01.23 &#8211; 29.02.23<\/a><\/h3>\n\t                        <span class=\"desc\"><\/span>\n\t                    <\/div>\n\t                <\/div>\n                \t                <div class=\"item-blog \">\n\t                    <div class=\"inner\">\n\t                    \t\t                        \t<span class=\"date\">21 stycznia<\/span>\n\t                        \t                        <h3><a href=\"https:\/\/gorkakoscielnicka.pl\/?p=2789\">Og\u0142oszenia duszpasterskie 22.01.2023<\/a><\/h3>\n\t                        <span class=\"desc\"><\/span>\n\t                    <\/div>\n\t                <\/div>\n                \t                <div class=\"item-blog even\">\n\t                    <div class=\"inner\">\n\t                    \t\t                        \t<span class=\"date\">15 stycznia<\/span>\n\t                        \t                        <h3><a href=\"https:\/\/gorkakoscielnicka.pl\/?p=2786\">Og\u0142oszenia duszpasterskie 15.01.2023<\/a><\/h3>\n\t                        <span class=\"desc\"><\/span>\n\t                    <\/div>\n\t                <\/div>\n                \t                <div class=\"item-blog \">\n\t                    <div class=\"inner\">\n\t                    \t\t                        \t<span class=\"date\">15 stycznia<\/span>\n\t                        \t                        <h3><a href=\"https:\/\/gorkakoscielnicka.pl\/?p=2779\">Intencje Mszy \u015aw. 16.01.23 &#8211; 22.01.23<\/a><\/h3>\n\t                        <span class=\"desc\"><\/span>\n\t                    <\/div>\n\t                <\/div>\n                \t                <div class=\"item-blog even\">\n\t                    <div class=\"inner\">\n\t                    \t\t                        \t<span class=\"date\">14 stycznia<\/span>\n\t                        \t                        <h3><a href=\"https:\/\/gorkakoscielnicka.pl\/?p=3205\">2023 Z kol\u0119d\u0105 przez wieki<\/a><\/h3>\n\t                        <span class=\"desc\">14.01.2023 w klubie &#8222;Jedno\u015b\u0107&#8221;...<\/span>\n\t                    <\/div>\n\t                <\/div>\n                \t                <div class=\"item-blog \">\n\t                    <div class=\"inner\">\n\t                    \t\t                        \t<span class=\"date\">7 stycznia<\/span>\n\t                        \t                        <h3><a href=\"https:\/\/gorkakoscielnicka.pl\/?p=2776\">Intencje Mszy \u015aw. 09.01.23 &#8211; 15.01.23<\/a><\/h3>\n\t                        <span class=\"desc\"><\/span>\n\t                    <\/div>\n\t                <\/div>\n                \t                <div class=\"item-blog even\">\n\t                    <div class=\"inner\">\n\t                    \t\t                        \t<span class=\"date\">7 stycznia<\/span>\n\t                        \t                        <h3><a href=\"https:\/\/gorkakoscielnicka.pl\/?p=2769\">Og\u0142oszenia duszpasterskie 08.01.2023<\/a><\/h3>\n\t                        <span class=\"desc\"><\/span>\n\t                    <\/div>\n\t                <\/div>\n                \t                <div class=\"item-blog \">\n\t                    <div class=\"inner\">\n\t                    \t\t                        \t<span class=\"date\">31 grudnia<\/span>\n\t                        \t                        <h3><a href=\"https:\/\/gorkakoscielnicka.pl\/?p=2763\">Intencje Mszy \u015aw. 02.01.23 &#8211; 08.01.23<\/a><\/h3>\n\t                        <span class=\"desc\"><\/span>\n\t                    <\/div>\n\t                <\/div>\n                \t                <div class=\"item-blog even\">\n\t                    <div class=\"inner\">\n\t                    \t\t                        \t<span class=\"date\">31 grudnia<\/span>\n\t                        \t                        <h3><a href=\"https:\/\/gorkakoscielnicka.pl\/?p=2758\">Og\u0142oszenia duszpasterskie 01.01.2023<\/a><\/h3>\n\t                        <span class=\"desc\"><\/span>\n\t                    <\/div>\n\t                <\/div>\n                \t                <div class=\"item-blog \">\n\t                    <div class=\"inner\">\n\t                    \t\t                        \t<span class=\"date\">24 grudnia<\/span>\n\t                        \t                        <h3><a href=\"https:\/\/gorkakoscielnicka.pl\/?p=2754\">Og\u0142oszenia duszpasterskie 25.12.2022<\/a><\/h3>\n\t                        <span class=\"desc\"><\/span>\n\t                    <\/div>\n\t                <\/div>\n                \t                <div class=\"item-blog even\">\n\t                    <div class=\"inner\">\n\t                    \t\t                        \t<span class=\"date\">24 grudnia<\/span>\n\t                        \t                        <h3><a href=\"https:\/\/gorkakoscielnicka.pl\/?p=2749\">Intencje Mszy \u015aw. 26.12.22 &#8211; 01.01.23<\/a><\/h3>\n\t                        <span class=\"desc\"><\/span>\n\t                    <\/div>\n\t                <\/div>\n                \t                <div class=\"item-blog \">\n\t                    <div class=\"inner\">\n\t                    \t\t                        \t<span class=\"date\">17 grudnia<\/span>\n\t                        \t                        <h3><a href=\"https:\/\/gorkakoscielnicka.pl\/?p=2745\">Og\u0142oszenia duszpasterskie 18.12.2022<\/a><\/h3>\n\t                        <span class=\"desc\"><\/span>\n\t                    <\/div>\n\t                <\/div>\n                \t                <div class=\"item-blog even\">\n\t                    <div class=\"inner\">\n\t                    \t\t                        \t<span class=\"date\">17 grudnia<\/span>\n\t                        \t                        <h3><a href=\"https:\/\/gorkakoscielnicka.pl\/?p=2740\">Intencje Mszy \u015aw. 19.12.22 &#8211; 25.12.22<\/a><\/h3>\n\t                        <span class=\"desc\"><\/span>\n\t                    <\/div>\n\t                <\/div>\n                \t                <div class=\"item-blog \">\n\t                    <div class=\"inner\">\n\t                    \t\t                        \t<span class=\"date\">10 grudnia<\/span>\n\t                        \t                        <h3><a href=\"https:\/\/gorkakoscielnicka.pl\/?p=2730\">Intencje Mszy \u015aw. 12.12.22 &#8211; 18.12.22<\/a><\/h3>\n\t                        <span class=\"desc\"><\/span>\n\t                    <\/div>\n\t                <\/div>\n                \t                <div class=\"item-blog even\">\n\t                    <div class=\"inner\">\n\t                    \t\t                        \t<span class=\"date\">10 grudnia<\/span>\n\t                        \t                        <h3><a href=\"https:\/\/gorkakoscielnicka.pl\/?p=2727\">Og\u0142oszenia 11.12.2022<\/a><\/h3>\n\t                        <span class=\"desc\"><\/span>\n\t                    <\/div>\n\t                <\/div>\n                \t                <div class=\"item-blog \">\n\t                    <div class=\"inner\">\n\t                    \t\t                        \t<span class=\"date\">3 grudnia<\/span>\n\t                        \t                        <h3><a href=\"https:\/\/gorkakoscielnicka.pl\/?p=2723\">Intencje Mszy \u015aw. 05.12.22 &#8211; 11.12.22<\/a><\/h3>\n\t                        <span class=\"desc\"><\/span>\n\t                    <\/div>\n\t                <\/div>\n                \t                <div class=\"item-blog even\">\n\t                    <div class=\"inner\">\n\t                    \t\t                        \t<span class=\"date\">3 grudnia<\/span>\n\t                        \t                        <h3><a href=\"https:\/\/gorkakoscielnicka.pl\/?p=2720\">Og\u0142oszenia duszpasterskie 04.12.2022<\/a><\/h3>\n\t                        <span class=\"desc\"><\/span>\n\t                    <\/div>\n\t                <\/div>\n                \t                <div class=\"item-blog \">\n\t                    <div class=\"inner\">\n\t                    \t\t                        \t<span class=\"date\">26 listopada<\/span>\n\t                        \t                        <h3><a href=\"https:\/\/gorkakoscielnicka.pl\/?p=2714\">Og\u0142oszenia duszpasterskie 27.11.2022<\/a><\/h3>\n\t                        <span class=\"desc\"><\/span>\n\t                    <\/div>\n\t                <\/div>\n                \t                <div class=\"item-blog even\">\n\t                    <div class=\"inner\">\n\t                    \t\t                        \t<span class=\"date\">26 listopada<\/span>\n\t                        \t                        <h3><a href=\"https:\/\/gorkakoscielnicka.pl\/?p=2709\">Intencje Mszy \u015aw. 28.11.22 &#8211; 04.12.22<\/a><\/h3>\n\t                        <span class=\"desc\"><\/span>\n\t                    <\/div>\n\t                <\/div>\n                \t                <div class=\"item-blog \">\n\t                    <div class=\"inner\">\n\t                    \t\t                        \t<span class=\"date\">19 listopada<\/span>\n\t                        \t                        <h3><a href=\"https:\/\/gorkakoscielnicka.pl\/?p=2705\">Og\u0142oszenia duszpasterskie 20.11.2022<\/a><\/h3>\n\t                        <span class=\"desc\"><\/span>\n\t                    <\/div>\n\t                <\/div>\n                \t                <div class=\"item-blog even\">\n\t                    <div class=\"inner\">\n\t                    \t\t                        \t<span class=\"date\">19 listopada<\/span>\n\t                        \t                        <h3><a href=\"https:\/\/gorkakoscielnicka.pl\/?p=2700\">Intencje Mszy \u015aw. 21.11.22 &#8211; 27.11.22<\/a><\/h3>\n\t                        <span class=\"desc\"><\/span>\n\t                    <\/div>\n\t                <\/div>\n                \t                <div class=\"item-blog \">\n\t                    <div class=\"inner\">\n\t                    \t\t                        \t<span class=\"date\">13 listopada<\/span>\n\t                        \t                        <h3><a href=\"https:\/\/gorkakoscielnicka.pl\/?p=2695\">Og\u0142oszenia duszpasterskie 13.11.2022<\/a><\/h3>\n\t                        <span class=\"desc\"><\/span>\n\t                    <\/div>\n\t                <\/div>\n                \t                <div class=\"item-blog even\">\n\t                    <div class=\"inner\">\n\t                    \t\t                        \t<span class=\"date\">13 listopada<\/span>\n\t                        \t                        <h3><a href=\"https:\/\/gorkakoscielnicka.pl\/?p=2690\">Intencje Mszy \u015aw. 14.11.22 &#8211; 20.11.22<\/a><\/h3>\n\t                        <span class=\"desc\"><\/span>\n\t                    <\/div>\n\t                <\/div>\n                \t                <div class=\"item-blog \">\n\t                    <div class=\"inner\">\n\t                    \t\t                        \t<span class=\"date\">6 listopada<\/span>\n\t                        \t                        <h3><a href=\"https:\/\/gorkakoscielnicka.pl\/?p=2686\">Og\u0142oszenia 06.11.2022<\/a><\/h3>\n\t                        <span class=\"desc\"><\/span>\n\t                    <\/div>\n\t                <\/div>\n                \t                <div class=\"item-blog even\">\n\t                    <div class=\"inner\">\n\t                    \t\t                        \t<span class=\"date\">6 listopada<\/span>\n\t                        \t                        <h3><a href=\"https:\/\/gorkakoscielnicka.pl\/?p=2680\">Intencje Mszy \u015aw. 07.11.22 &#8211; 13.11.22<\/a><\/h3>\n\t                        <span class=\"desc\"><\/span>\n\t                    <\/div>\n\t                <\/div>\n                \t                <div class=\"item-blog \">\n\t                    <div class=\"inner\">\n\t                    \t\t                        \t<span class=\"date\">29 pa\u017adziernika<\/span>\n\t                        \t                        <h3><a href=\"https:\/\/gorkakoscielnicka.pl\/?p=2675\">Og\u0142oszenia duszpasterskie 30.10.2022<\/a><\/h3>\n\t                        <span class=\"desc\"><\/span>\n\t                    <\/div>\n\t                <\/div>\n                \t                <div class=\"item-blog even\">\n\t                    <div class=\"inner\">\n\t                    \t\t                        \t<span class=\"date\">29 pa\u017adziernika<\/span>\n\t                        \t                        <h3><a href=\"https:\/\/gorkakoscielnicka.pl\/?p=2670\">Intencje Mszy \u015aw. 31.10.22 &#8211; 06.11.22<\/a><\/h3>\n\t                        <span class=\"desc\"><\/span>\n\t                    <\/div>\n\t                <\/div>\n                \t                <div class=\"item-blog \">\n\t                    <div class=\"inner\">\n\t                    \t\t                        \t<span class=\"date\">23 pa\u017adziernika<\/span>\n\t                        \t                        <h3><a href=\"https:\/\/gorkakoscielnicka.pl\/?p=2663\">Og\u0142oszenia duszpasterskie 23.10.2022<\/a><\/h3>\n\t                        <span class=\"desc\"><\/span>\n\t                    <\/div>\n\t                <\/div>\n                \t                <div class=\"item-blog even\">\n\t                    <div class=\"inner\">\n\t                    \t\t                        \t<span class=\"date\">23 pa\u017adziernika<\/span>\n\t                        \t                        <h3><a href=\"https:\/\/gorkakoscielnicka.pl\/?p=2659\">Intencje Mszy \u015aw. 24.10.22 &#8211; 30.10.22<\/a><\/h3>\n\t                        <span class=\"desc\"><\/span>\n\t                    <\/div>\n\t                <\/div>\n                \t                <div class=\"item-blog \">\n\t                    <div class=\"inner\">\n\t                    \t\t                        \t<span class=\"date\">16 pa\u017adziernika<\/span>\n\t                        \t                        <h3><a href=\"https:\/\/gorkakoscielnicka.pl\/?p=2656\">Og\u0142oszenia duszpasterskie 16.10.2022<\/a><\/h3>\n\t                        <span class=\"desc\"><\/span>\n\t                    <\/div>\n\t                <\/div>\n                \t                <div class=\"item-blog even\">\n\t                    <div class=\"inner\">\n\t                    \t\t                        \t<span class=\"date\">16 pa\u017adziernika<\/span>\n\t                        \t                        <h3><a href=\"https:\/\/gorkakoscielnicka.pl\/?p=2652\">Intencje Mszy \u015aw. 17.10.22 &#8211; 23.10.22<\/a><\/h3>\n\t                        <span class=\"desc\"><\/span>\n\t                    <\/div>\n\t                <\/div>\n                \t                <div class=\"item-blog \">\n\t                    <div class=\"inner\">\n\t                    \t\t                        \t<span class=\"date\">7 pa\u017adziernika<\/span>\n\t                        \t                        <h3><a href=\"https:\/\/gorkakoscielnicka.pl\/?p=2646\">Intencje Mszy \u015aw. 10.10.22 &#8211; 16.10.22<\/a><\/h3>\n\t                        <span class=\"desc\"><\/span>\n\t                    <\/div>\n\t                <\/div>\n                \t                <div class=\"item-blog even\">\n\t                    <div class=\"inner\">\n\t                    \t\t                        \t<span class=\"date\">7 pa\u017adziernika<\/span>\n\t                        \t                        <h3><a href=\"https:\/\/gorkakoscielnicka.pl\/?p=2643\">Og\u0142oszenia duszpasterskie 09.10.2022<\/a><\/h3>\n\t                        <span class=\"desc\"><\/span>\n\t                    <\/div>\n\t                <\/div>\n                \t                <div class=\"item-blog \">\n\t                    <div class=\"inner\">\n\t                    \t\t                        \t<span class=\"date\">1 pa\u017adziernika<\/span>\n\t                        \t                        <h3><a href=\"https:\/\/gorkakoscielnicka.pl\/?p=2639\">Intencje Mszy \u015aw. 03.10.22 &#8211; 09.10.22<\/a><\/h3>\n\t                        <span class=\"desc\"><\/span>\n\t                    <\/div>\n\t                <\/div>\n                \t                <div class=\"item-blog even\">\n\t                    <div class=\"inner\">\n\t                    \t\t                        \t<span class=\"date\">1 pa\u017adziernika<\/span>\n\t                        \t                        <h3><a href=\"https:\/\/gorkakoscielnicka.pl\/?p=2636\">Og\u0142oszenia duszpasterskie 02.10.2022<\/a><\/h3>\n\t                        <span class=\"desc\"><\/span>\n\t                    <\/div>\n\t                <\/div>\n                \t                <div class=\"item-blog \">\n\t                    <div class=\"inner\">\n\t                    \t\t                        \t<span class=\"date\">25 wrze\u015bnia<\/span>\n\t                        \t                        <h3><a href=\"https:\/\/gorkakoscielnicka.pl\/?p=2633\">Og\u0142oszenia duszpasterskie 25.09.2022<\/a><\/h3>\n\t                        <span class=\"desc\"><\/span>\n\t                    <\/div>\n\t                <\/div>\n                \t                <div class=\"item-blog even\">\n\t                    <div class=\"inner\">\n\t                    \t\t                        \t<span class=\"date\">25 wrze\u015bnia<\/span>\n\t                        \t                        <h3><a href=\"https:\/\/gorkakoscielnicka.pl\/?p=2629\">Intencje Mszy \u015aw. 26.09.22 &#8211; 02.10.22<\/a><\/h3>\n\t                        <span class=\"desc\"><\/span>\n\t                    <\/div>\n\t                <\/div>\n                \t                <div class=\"item-blog \">\n\t                    <div class=\"inner\">\n\t                    \t\t                        \t<span class=\"date\">16 wrze\u015bnia<\/span>\n\t                        \t                        <h3><a href=\"https:\/\/gorkakoscielnicka.pl\/?p=2598\">2022 &#8211; Odpust Wolica<\/a><\/h3>\n\t                        <span class=\"desc\">Msze \u015awi\u0119t\u0105 odpustow\u0105 odprawi\u0142...<\/span>\n\t                    <\/div>\n\t                <\/div>\n                \t                <div class=\"item-blog even\">\n\t                    <div class=\"inner\">\n\t                    \t\t                        \t<span class=\"date\">16 wrze\u015bnia<\/span>\n\t                        \t                        <h3><a href=\"https:\/\/gorkakoscielnicka.pl\/?p=2594\">Intencje Mszy \u015aw. 19.09.22 &#8211; 25.09.22<\/a><\/h3>\n\t                        <span class=\"desc\"><\/span>\n\t                    <\/div>\n\t                <\/div>\n                \t                <div class=\"item-blog \">\n\t                    <div class=\"inner\">\n\t                    \t\t                        \t<span class=\"date\">16 wrze\u015bnia<\/span>\n\t                        \t                        <h3><a href=\"https:\/\/gorkakoscielnicka.pl\/?p=2591\">Og\u0142oszenia duszpasterskie 18.09.22<\/a><\/h3>\n\t                        <span class=\"desc\"><\/span>\n\t                    <\/div>\n\t                <\/div>\n                \t                <div class=\"item-blog even\">\n\t                    <div class=\"inner\">\n\t                    \t\t                        \t<span class=\"date\">10 wrze\u015bnia<\/span>\n\t                        \t                        <h3><a href=\"https:\/\/gorkakoscielnicka.pl\/?p=2586\">Og\u0142oszenia duszpasterskie 11.09.2022<\/a><\/h3>\n\t                        <span class=\"desc\"><\/span>\n\t                    <\/div>\n\t                <\/div>\n                \t                <div class=\"item-blog \">\n\t                    <div class=\"inner\">\n\t                    \t\t                        \t<span class=\"date\">10 wrze\u015bnia<\/span>\n\t                        \t                        <h3><a href=\"https:\/\/gorkakoscielnicka.pl\/?p=2582\">Intencje Mszy \u015aw. 12.09.22 &#8211; 18.09.22<\/a><\/h3>\n\t                        <span class=\"desc\"><\/span>\n\t                    <\/div>\n\t                <\/div>\n                \t                <div class=\"item-blog even\">\n\t                    <div class=\"inner\">\n\t                    \t\t                        \t<span class=\"date\">3 wrze\u015bnia<\/span>\n\t                        \t                        <h3><a href=\"https:\/\/gorkakoscielnicka.pl\/?p=2574\">Zapowiedzi 14-15\/2022<\/a><\/h3>\n\t                        <span class=\"desc\"><\/span>\n\t                    <\/div>\n\t                <\/div>\n                \t                <div class=\"item-blog \">\n\t                    <div class=\"inner\">\n\t                    \t\t                        \t<span class=\"date\">3 wrze\u015bnia<\/span>\n\t                        \t                        <h3><a href=\"https:\/\/gorkakoscielnicka.pl\/?p=2571\">Og\u0142oszenia duszpasterskie 04.09.2022<\/a><\/h3>\n\t                        <span class=\"desc\"><\/span>\n\t                    <\/div>\n\t                <\/div>\n                \t                <div class=\"item-blog even\">\n\t                    <div class=\"inner\">\n\t                    \t\t                        \t<span class=\"date\">3 wrze\u015bnia<\/span>\n\t                        \t                        <h3><a href=\"https:\/\/gorkakoscielnicka.pl\/?p=2567\">Intencje Mszy \u015aw. 05.09.22 &#8211; 11.09.22<\/a><\/h3>\n\t                        <span class=\"desc\"><\/span>\n\t                    <\/div>\n\t                <\/div>\n                \t                <div class=\"item-blog \">\n\t                    <div class=\"inner\">\n\t                    \t\t                        \t<span class=\"date\">28 sierpnia<\/span>\n\t                        \t                        <h3><a href=\"https:\/\/gorkakoscielnicka.pl\/?p=2562\">Zapowiedzi 13\/2022<\/a><\/h3>\n\t                        <span class=\"desc\"><\/span>\n\t                    <\/div>\n\t                <\/div>\n                \t                <div class=\"item-blog even\">\n\t                    <div class=\"inner\">\n\t                    \t\t                        \t<span class=\"date\">28 sierpnia<\/span>\n\t                        \t                        <h3><a href=\"https:\/\/gorkakoscielnicka.pl\/?p=2559\">Og\u0142oszenia duszpasterskie 28.08.2022<\/a><\/h3>\n\t                        <span class=\"desc\"><\/span>\n\t                    <\/div>\n\t                <\/div>\n                \t                <div class=\"item-blog \">\n\t                    <div class=\"inner\">\n\t                    \t\t                        \t<span class=\"date\">28 sierpnia<\/span>\n\t                        \t                        <h3><a href=\"https:\/\/gorkakoscielnicka.pl\/?p=2555\">Intencje Mszy \u015aw. 29.08.22 &#8211; 04.09.22<\/a><\/h3>\n\t                        <span class=\"desc\"><\/span>\n\t                    <\/div>\n\t                <\/div>\n                \t                <div class=\"item-blog even\">\n\t                    <div class=\"inner\">\n\t                    \t\t                        \t<span class=\"date\">20 sierpnia<\/span>\n\t                        \t                        <h3><a href=\"https:\/\/gorkakoscielnicka.pl\/?p=2547\">Og\u0142oszenia duszpasterskie 21.08.2022<\/a><\/h3>\n\t                        <span class=\"desc\"><\/span>\n\t                    <\/div>\n\t                <\/div>\n                \t                <div class=\"item-blog \">\n\t                    <div class=\"inner\">\n\t                    \t\t                        \t<span class=\"date\">20 sierpnia<\/span>\n\t                        \t                        <h3><a href=\"https:\/\/gorkakoscielnicka.pl\/?p=2543\">Intencje Mszy \u015aw. 22.08.22 &#8211; 28.08.22<\/a><\/h3>\n\t                        <span class=\"desc\"><\/span>\n\t                    <\/div>\n\t                <\/div>\n                \t                <div class=\"item-blog even\">\n\t                    <div class=\"inner\">\n\t                    \t\t                        \t<span class=\"date\">14 sierpnia<\/span>\n\t                        \t                        <h3><a href=\"https:\/\/gorkakoscielnicka.pl\/?p=2538\">Intencje Mszy \u015aw. 15.08.22 &#8211; 21.08.22<\/a><\/h3>\n\t                        <span class=\"desc\"><\/span>\n\t                    <\/div>\n\t                <\/div>\n                \t                <div class=\"item-blog \">\n\t                    <div class=\"inner\">\n\t                    \t\t                        \t<span class=\"date\">14 sierpnia<\/span>\n\t                        \t                        <h3><a href=\"https:\/\/gorkakoscielnicka.pl\/?p=2535\">Og\u0142oszenia duszpasterskie 14.08.2022<\/a><\/h3>\n\t                        <span class=\"desc\"><\/span>\n\t                    <\/div>\n\t                <\/div>\n                \t                <div class=\"item-blog even\">\n\t                    <div class=\"inner\">\n\t                    \t\t                        \t<span class=\"date\">9 sierpnia<\/span>\n\t                        \t                        <h3><a href=\"https:\/\/gorkakoscielnicka.pl\/?p=2530\">Zapowiedzi 12\/2022<\/a><\/h3>\n\t                        <span class=\"desc\"><\/span>\n\t                    <\/div>\n\t                <\/div>\n                \t                <div class=\"item-blog \">\n\t                    <div class=\"inner\">\n\t                    \t\t                        \t<span class=\"date\">5 sierpnia<\/span>\n\t                        \t                        <h3><a href=\"https:\/\/gorkakoscielnicka.pl\/?p=2527\">Og\u0142oszenia duszpasterskie 07.08.2022<\/a><\/h3>\n\t                        <span class=\"desc\"><\/span>\n\t                    <\/div>\n\t                <\/div>\n                \t                <div class=\"item-blog even\">\n\t                    <div class=\"inner\">\n\t                    \t\t                        \t<span class=\"date\">5 sierpnia<\/span>\n\t                        \t                        <h3><a href=\"https:\/\/gorkakoscielnicka.pl\/?p=2523\">Intencje Mszy \u015aw. 08.08.22 &#8211; 14.08.22<\/a><\/h3>\n\t                        <span class=\"desc\"><\/span>\n\t                    <\/div>\n\t                <\/div>\n                \t                <div class=\"item-blog \">\n\t                    <div class=\"inner\">\n\t                    \t\t                        \t<span class=\"date\">30 lipca<\/span>\n\t                        \t                        <h3><a href=\"https:\/\/gorkakoscielnicka.pl\/?p=2516\">Intencje Mszy \u015aw. 01.08.22 &#8211; 07.08.22<\/a><\/h3>\n\t                        <span class=\"desc\"><\/span>\n\t                    <\/div>\n\t                <\/div>\n                \t                <div class=\"item-blog even\">\n\t                    <div class=\"inner\">\n\t                    \t\t                        \t<span class=\"date\">30 lipca<\/span>\n\t                        \t                        <h3><a href=\"https:\/\/gorkakoscielnicka.pl\/?p=2513\">Og\u0142oszenia duszpasterskie 31.07.2022<\/a><\/h3>\n\t                        <span class=\"desc\"><\/span>\n\t                    <\/div>\n\t                <\/div>\n                \t                <div class=\"item-blog \">\n\t                    <div class=\"inner\">\n\t                    \t\t                        \t<span class=\"date\">23 lipca<\/span>\n\t                        \t                        <h3><a href=\"https:\/\/gorkakoscielnicka.pl\/?p=2508\">Zapowiedzi 11\/2022<\/a><\/h3>\n\t                        <span class=\"desc\"><\/span>\n\t                    <\/div>\n\t                <\/div>\n                \t                <div class=\"item-blog even\">\n\t                    <div class=\"inner\">\n\t                    \t\t                        \t<span class=\"date\">23 lipca<\/span>\n\t                        \t                        <h3><a href=\"https:\/\/gorkakoscielnicka.pl\/?p=2504\">Intencje Mszalne 25.07.22 &#8211; 31.07.22<\/a><\/h3>\n\t                        <span class=\"desc\"><\/span>\n\t                    <\/div>\n\t                <\/div>\n                \t                <div class=\"item-blog \">\n\t                    <div class=\"inner\">\n\t                    \t\t                        \t<span class=\"date\">23 lipca<\/span>\n\t                        \t                        <h3><a href=\"https:\/\/gorkakoscielnicka.pl\/?p=2501\">Og\u0142oszenia duszpasterskie 24.07.2022<\/a><\/h3>\n\t                        <span class=\"desc\"><\/span>\n\t                    <\/div>\n\t                <\/div>\n                \t                <div class=\"item-blog even\">\n\t                    <div class=\"inner\">\n\t                    \t\t                        \t<span class=\"date\">16 lipca<\/span>\n\t                        \t                        <h3><a href=\"https:\/\/gorkakoscielnicka.pl\/?p=2491\">Og\u0142oszenia duszpasterskie 17.07.2022<\/a><\/h3>\n\t                        <span class=\"desc\"><\/span>\n\t                    <\/div>\n\t                <\/div>\n                \t                <div class=\"item-blog \">\n\t                    <div class=\"inner\">\n\t                    \t\t                        \t<span class=\"date\">16 lipca<\/span>\n\t                        \t                        <h3><a href=\"https:\/\/gorkakoscielnicka.pl\/?p=2494\">Intencje Mszy \u015aw. 18.07.22 &#8211; 24.07.22<\/a><\/h3>\n\t                        <span class=\"desc\"><\/span>\n\t                    <\/div>\n\t                <\/div>\n                \t                <div class=\"item-blog even\">\n\t                    <div class=\"inner\">\n\t                    \t\t                        \t<span class=\"date\">9 lipca<\/span>\n\t                        \t                        <h3><a href=\"https:\/\/gorkakoscielnicka.pl\/?p=2484\">Og\u0142oszenia duszpasterskie 10.07.2022<\/a><\/h3>\n\t                        <span class=\"desc\"><\/span>\n\t                    <\/div>\n\t                <\/div>\n                \t                <div class=\"item-blog \">\n\t                    <div class=\"inner\">\n\t                    \t\t                        \t<span class=\"date\">9 lipca<\/span>\n\t                        \t                        <h3><a href=\"https:\/\/gorkakoscielnicka.pl\/?p=2487\">Intencje Mszy \u015aw. 11.07.22 &#8211; 17.07.22<\/a><\/h3>\n\t                        <span class=\"desc\"><\/span>\n\t                    <\/div>\n\t                <\/div>\n                \t                <div class=\"item-blog even\">\n\t                    <div class=\"inner\">\n\t                    \t\t                        \t<span class=\"date\">2 lipca<\/span>\n\t                        \t                        <h3><a href=\"https:\/\/gorkakoscielnicka.pl\/?p=2480\">Intencje Mszy \u015aw. 04.07.22 &#8211; 10.07.22<\/a><\/h3>\n\t                        <span class=\"desc\"><\/span>\n\t                    <\/div>\n\t                <\/div>\n                \t                <div class=\"item-blog \">\n\t                    <div class=\"inner\">\n\t                    \t\t                        \t<span class=\"date\">2 lipca<\/span>\n\t                        \t                        <h3><a href=\"https:\/\/gorkakoscielnicka.pl\/?p=2477\">Og\u0142oszenia duszpasterskie 03.07.2022<\/a><\/h3>\n\t                        <span class=\"desc\"><\/span>\n\t                    <\/div>\n\t                <\/div>\n                \t                <div class=\"item-blog even\">\n\t                    <div class=\"inner\">\n\t                    \t\t                        \t<span class=\"date\">25 czerwca<\/span>\n\t                        \t                        <h3><a href=\"https:\/\/gorkakoscielnicka.pl\/?p=2227\">Og\u0142oszenia duszpasterskie 26.06.2022<\/a><\/h3>\n\t                        <span class=\"desc\"><\/span>\n\t                    <\/div>\n\t                <\/div>\n                \t                <div class=\"item-blog \">\n\t                    <div class=\"inner\">\n\t                    \t\t                        \t<span class=\"date\">25 czerwca<\/span>\n\t                        \t                        <h3><a href=\"https:\/\/gorkakoscielnicka.pl\/?p=2223\">Intencje Mszy \u015aw. 27.06.22 &#8211; 03.07.22<\/a><\/h3>\n\t                        <span class=\"desc\"><\/span>\n\t                    <\/div>\n\t                <\/div>\n                \t                <div class=\"item-blog even\">\n\t                    <div class=\"inner\">\n\t                    \t\t                        \t<span class=\"date\">18 czerwca<\/span>\n\t                        \t                        <h3><a href=\"https:\/\/gorkakoscielnicka.pl\/?p=2219\">Zapowiedzi 10\/2022<\/a><\/h3>\n\t                        <span class=\"desc\"><\/span>\n\t                    <\/div>\n\t                <\/div>\n                \t                <div class=\"item-blog \">\n\t                    <div class=\"inner\">\n\t                    \t\t                        \t<span class=\"date\">18 czerwca<\/span>\n\t                        \t                        <h3><a href=\"https:\/\/gorkakoscielnicka.pl\/?p=2216\">Og\u0142oszenia duszpasterskie 19.06.2022<\/a><\/h3>\n\t                        <span class=\"desc\"><\/span>\n\t                    <\/div>\n\t                <\/div>\n                \t                <div class=\"item-blog even\">\n\t                    <div class=\"inner\">\n\t                    \t\t                        \t<span class=\"date\">18 czerwca<\/span>\n\t                        \t                        <h3><a href=\"https:\/\/gorkakoscielnicka.pl\/?p=2212\">Intencje Mszy \u015aw. 20.06.22 &#8211; 26.06.22<\/a><\/h3>\n\t                        <span class=\"desc\"><\/span>\n\t                    <\/div>\n\t                <\/div>\n                \t                <div class=\"item-blog \">\n\t                    <div class=\"inner\">\n\t                    \t\t                        \t<span class=\"date\">16 czerwca<\/span>\n\t                        \t                        <h3><a href=\"https:\/\/gorkakoscielnicka.pl\/?p=2402\">Bo\u017ce Cia\u0142o 2022 &#8211; Wolica<\/a><\/h3>\n\t                        <span class=\"desc\">Nades\u0142a\u0142 p. Mateusz Kucharczyk<\/span>\n\t                    <\/div>\n\t                <\/div>\n                \t                <div class=\"item-blog even\">\n\t                    <div class=\"inner\">\n\t                    \t\t                        \t<span class=\"date\">10 czerwca<\/span>\n\t                        \t                        <h3><a href=\"https:\/\/gorkakoscielnicka.pl\/?p=2207\">Zapowiedzi 9\/2022<\/a><\/h3>\n\t                        <span class=\"desc\"><\/span>\n\t                    <\/div>\n\t                <\/div>\n                \t                <div class=\"item-blog \">\n\t                    <div class=\"inner\">\n\t                    \t\t                        \t<span class=\"date\">10 czerwca<\/span>\n\t                        \t                        <h3><a href=\"https:\/\/gorkakoscielnicka.pl\/?p=2204\">Og\u0142oszenia duszpasterskie 12.06.2022<\/a><\/h3>\n\t                        <span class=\"desc\"><\/span>\n\t                    <\/div>\n\t                <\/div>\n                \t                <div class=\"item-blog even\">\n\t                    <div class=\"inner\">\n\t                    \t\t                        \t<span class=\"date\">10 czerwca<\/span>\n\t                        \t                        <h3><a href=\"https:\/\/gorkakoscielnicka.pl\/?p=2200\">Intencje Mszy \u015aw. 13.06.22 &#8211; 19.06.22<\/a><\/h3>\n\t                        <span class=\"desc\"><\/span>\n\t                    <\/div>\n\t                <\/div>\n                \t                <div class=\"item-blog \">\n\t                    <div class=\"inner\">\n\t                    \t\t                        \t<span class=\"date\">5 czerwca<\/span>\n\t                        \t                        <h3><a href=\"https:\/\/gorkakoscielnicka.pl\/?p=2196\">Zapowiedzi 7\/2022 i 8\/2022<\/a><\/h3>\n\t                        <span class=\"desc\"><\/span>\n\t                    <\/div>\n\t                <\/div>\n                \t                <div class=\"item-blog even\">\n\t                    <div class=\"inner\">\n\t                    \t\t                        \t<span class=\"date\">5 czerwca<\/span>\n\t                        \t                        <h3><a href=\"https:\/\/gorkakoscielnicka.pl\/?p=2193\">Og\u0142oszenia duszpasterskie 05.06.2022<\/a><\/h3>\n\t                        <span class=\"desc\"><\/span>\n\t                    <\/div>\n\t                <\/div>\n                \t                <div class=\"item-blog \">\n\t                    <div class=\"inner\">\n\t                    \t\t                        \t<span class=\"date\">5 czerwca<\/span>\n\t                        \t                        <h3><a href=\"https:\/\/gorkakoscielnicka.pl\/?p=2189\">Intencje Mszy \u015aw. 06.06.22 &#8211; 12.06.22<\/a><\/h3>\n\t                        <span class=\"desc\"><\/span>\n\t                    <\/div>\n\t                <\/div>\n                \t                <div class=\"item-blog even\">\n\t                    <div class=\"inner\">\n\t                    \t\t                        \t<span class=\"date\">29 maja<\/span>\n\t                        \t                        <h3><a href=\"https:\/\/gorkakoscielnicka.pl\/?p=2186\">Zapowiedzi 6\/2022<\/a><\/h3>\n\t                        <span class=\"desc\"><\/span>\n\t                    <\/div>\n\t                <\/div>\n                \t                <div class=\"item-blog \">\n\t                    <div class=\"inner\">\n\t                    \t\t                        \t<span class=\"date\">29 maja<\/span>\n\t                        \t                        <h3><a href=\"https:\/\/gorkakoscielnicka.pl\/?p=2182\">Intencje Mszy \u015aw. 30.05.22 &#8211; 05.06.22<\/a><\/h3>\n\t                        <span class=\"desc\"><\/span>\n\t                    <\/div>\n\t                <\/div>\n                \t                <div class=\"item-blog even\">\n\t                    <div class=\"inner\">\n\t                    \t\t                        \t<span class=\"date\">29 maja<\/span>\n\t                        \t                        <h3><a href=\"https:\/\/gorkakoscielnicka.pl\/?p=2178\">Og\u0142oszenia duszpasterskie 29.05.2022<\/a><\/h3>\n\t                        <span class=\"desc\"><\/span>\n\t                    <\/div>\n\t                <\/div>\n                \t                <div class=\"item-blog \">\n\t                    <div class=\"inner\">\n\t                    \t\t                        \t<span class=\"date\">21 maja<\/span>\n\t                        \t                        <h3><a href=\"https:\/\/gorkakoscielnicka.pl\/?p=2173\">Zapowiedzi 5\/2022<\/a><\/h3>\n\t                        <span class=\"desc\"><\/span>\n\t                    <\/div>\n\t                <\/div>\n                \t                <div class=\"item-blog even\">\n\t                    <div class=\"inner\">\n\t                    \t\t                        \t<span class=\"date\">21 maja<\/span>\n\t                        \t                        <h3><a href=\"https:\/\/gorkakoscielnicka.pl\/?p=2170\">Og\u0142oszenia duszpasterskie 22.05.2022<\/a><\/h3>\n\t                        <span class=\"desc\"><\/span>\n\t                    <\/div>\n\t                <\/div>\n                \t                <div class=\"item-blog \">\n\t                    <div class=\"inner\">\n\t                    \t\t                        \t<span class=\"date\">21 maja<\/span>\n\t                        \t                        <h3><a href=\"https:\/\/gorkakoscielnicka.pl\/?p=2166\">Intencje Mszy \u015aw. 22.05.22 &#8211; 29.05.22<\/a><\/h3>\n\t                        <span class=\"desc\"><\/span>\n\t                    <\/div>\n\t                <\/div>\n                \t                <div class=\"item-blog even\">\n\t                    <div class=\"inner\">\n\t                    \t\t                        \t<span class=\"date\">15 maja<\/span>\n\t                        \t                        <h3><a href=\"https:\/\/gorkakoscielnicka.pl\/?p=2230\">Peregrynacja Ikony \u015awi\u0119tej Rodziny 2022<\/a><\/h3>\n\t                        <span class=\"desc\"><\/span>\n\t                    <\/div>\n\t                <\/div>\n                \t                <div class=\"item-blog \">\n\t                    <div class=\"inner\">\n\t                    \t\t                        \t<span class=\"date\">13 maja<\/span>\n\t                        \t                        <h3><a href=\"https:\/\/gorkakoscielnicka.pl\/?p=2163\">Msze \u015awi\u0119te 14.05.2022 &#8211; przypomnienie<\/a><\/h3>\n\t                        <span class=\"desc\"><\/span>\n\t                    <\/div>\n\t                <\/div>\n                \t                <div class=\"item-blog even\">\n\t                    <div class=\"inner\">\n\t                    \t\t                        \t<span class=\"date\">13 maja<\/span>\n\t                        \t                        <h3><a href=\"https:\/\/gorkakoscielnicka.pl\/?p=2160\">Og\u0142oszenia duszpasterskie 15.05.2022<\/a><\/h3>\n\t                        <span class=\"desc\"><\/span>\n\t                    <\/div>\n\t                <\/div>\n                \t                <div class=\"item-blog \">\n\t                    <div class=\"inner\">\n\t                    \t\t                        \t<span class=\"date\">13 maja<\/span>\n\t                        \t                        <h3><a href=\"https:\/\/gorkakoscielnicka.pl\/?p=2156\">Intencje Mszy \u015aw. 15.05.22 &#8211; 22.05.22<\/a><\/h3>\n\t                        <span class=\"desc\"><\/span>\n\t                    <\/div>\n\t                <\/div>\n                \t                <div class=\"item-blog even\">\n\t                    <div class=\"inner\">\n\t                    \t\t                        \t<span class=\"date\">7 maja<\/span>\n\t                        \t                        <h3><a href=\"https:\/\/gorkakoscielnicka.pl\/?p=2149\">Intencje Mszy \u015aw. 09.05.22 &#8211; 15.05.22<\/a><\/h3>\n\t                        <span class=\"desc\"><\/span>\n\t                    <\/div>\n\t                <\/div>\n                \t                <div class=\"item-blog \">\n\t                    <div class=\"inner\">\n\t                    \t\t                        \t<span class=\"date\">7 maja<\/span>\n\t                        \t                        <h3><a href=\"https:\/\/gorkakoscielnicka.pl\/?p=2145\">Og\u0142oszenia duszpasterskie 08.05.2022<\/a><\/h3>\n\t                        <span class=\"desc\"><\/span>\n\t                    <\/div>\n\t                <\/div>\n                \t                <div class=\"item-blog even\">\n\t                    <div class=\"inner\">\n\t                    \t\t                        \t<span class=\"date\">1 maja<\/span>\n\t                        \t                        <h3><a href=\"https:\/\/gorkakoscielnicka.pl\/?p=2443\">Pierwsza Komunia \u015awi\u0119ta 2022<\/a><\/h3>\n\t                        <span class=\"desc\"><\/span>\n\t                    <\/div>\n\t                <\/div>\n                \t                <div class=\"item-blog \">\n\t                    <div class=\"inner\">\n\t                    \t\t                        \t<span class=\"date\">30 kwietnia<\/span>\n\t                        \t                        <h3><a href=\"https:\/\/gorkakoscielnicka.pl\/?p=2142\">Zapowiedzi 3\/22 i 4\/22<\/a><\/h3>\n\t                        <span class=\"desc\"><\/span>\n\t                    <\/div>\n\t                <\/div>\n                \t                <div class=\"item-blog even\">\n\t                    <div class=\"inner\">\n\t                    \t\t                        \t<span class=\"date\">30 kwietnia<\/span>\n\t                        \t                        <h3><a href=\"https:\/\/gorkakoscielnicka.pl\/?p=2139\">Og\u0142oszenia duszpasterskie 01.05.2022<\/a><\/h3>\n\t                        <span class=\"desc\"><\/span>\n\t                    <\/div>\n\t                <\/div>\n                \t                <div class=\"item-blog \">\n\t                    <div class=\"inner\">\n\t                    \t\t                        \t<span class=\"date\">30 kwietnia<\/span>\n\t                        \t                        <h3><a href=\"https:\/\/gorkakoscielnicka.pl\/?p=2135\">Intencje Mszy \u015aw. 02.05.22 &#8211; 08.05.22<\/a><\/h3>\n\t                        <span class=\"desc\"><\/span>\n\t                    <\/div>\n\t                <\/div>\n                \t                <div class=\"item-blog even\">\n\t                    <div class=\"inner\">\n\t                    \t\t                        \t<span class=\"date\">24 kwietnia<\/span>\n\t                        \t                        <h3><a href=\"https:\/\/gorkakoscielnicka.pl\/?p=2072\">Rezurekcja 2022<\/a><\/h3>\n\t                        <span class=\"desc\"><\/span>\n\t                    <\/div>\n\t                <\/div>\n                \t                <div class=\"item-blog \">\n\t                    <div class=\"inner\">\n\t                    \t\t                        \t<span class=\"date\">24 kwietnia<\/span>\n\t                        \t                        <h3><a href=\"https:\/\/gorkakoscielnicka.pl\/?p=2004\">Wielka Sobota 2022<\/a><\/h3>\n\t                        <span class=\"desc\"><\/span>\n\t                    <\/div>\n\t                <\/div>\n                \t                <div class=\"item-blog even\">\n\t                    <div class=\"inner\">\n\t                    \t\t                        \t<span class=\"date\">23 kwietnia<\/span>\n\t                        \t                        <h3><a href=\"https:\/\/gorkakoscielnicka.pl\/?p=1999\">Og\u0142oszenia duszpasterskie 24.04.2022<\/a><\/h3>\n\t                        <span class=\"desc\"><\/span>\n\t                    <\/div>\n\t                <\/div>\n                \t                <div class=\"item-blog \">\n\t                    <div class=\"inner\">\n\t                    \t\t                        \t<span class=\"date\">23 kwietnia<\/span>\n\t                        \t                        <h3><a href=\"https:\/\/gorkakoscielnicka.pl\/?p=1995\">Intencje Mszy \u015aw. 25.04.22 &#8211; 01.05.22<\/a><\/h3>\n\t                        <span class=\"desc\"><\/span>\n\t                    <\/div>\n\t                <\/div>\n                \t                <div class=\"item-blog even\">\n\t                    <div class=\"inner\">\n\t                    \t\t                        \t<span class=\"date\">17 kwietnia<\/span>\n\t                        \t                        <h3><a href=\"https:\/\/gorkakoscielnicka.pl\/?p=1991\">Og\u0142oszenia duszpasterskie 17.04.2022<\/a><\/h3>\n\t                        <span class=\"desc\"><\/span>\n\t                    <\/div>\n\t                <\/div>\n                \t                <div class=\"item-blog \">\n\t                    <div class=\"inner\">\n\t                    \t\t                        \t<span class=\"date\">17 kwietnia<\/span>\n\t                        \t                        <h3><a href=\"https:\/\/gorkakoscielnicka.pl\/?p=1987\">Intencje Mszy \u015aw. 18.04.22<\/a><\/h3>\n\t                        <span class=\"desc\"><\/span>\n\t                    <\/div>\n\t                <\/div>\n                \t                <div class=\"item-blog even\">\n\t                    <div class=\"inner\">\n\t                    \t\t                        \t<span class=\"date\">15 kwietnia<\/span>\n\t                        \t                        <h3><a href=\"https:\/\/gorkakoscielnicka.pl\/?p=1946\">Wielki Pi\u0105tek 2022<\/a><\/h3>\n\t                        <span class=\"desc\">Wolica &#8211; Kaplica Matki...<\/span>\n\t                    <\/div>\n\t                <\/div>\n                \t                <div class=\"item-blog \">\n\t                    <div class=\"inner\">\n\t                    \t\t                        \t<span class=\"date\">14 kwietnia<\/span>\n\t                        \t                        <h3><a href=\"https:\/\/gorkakoscielnicka.pl\/?p=1839\">Wielki Czwartek 2022<\/a><\/h3>\n\t                        <span class=\"desc\">Wolica &#8211; Kaplica Matki...<\/span>\n\t                    <\/div>\n\t                <\/div>\n                \t                <div class=\"item-blog even\">\n\t                    <div class=\"inner\">\n\t                    \t\t                        \t<span class=\"date\">10 kwietnia<\/span>\n\t                        \t                        <h3><a href=\"https:\/\/gorkakoscielnicka.pl\/?p=1738\">Parafialna Droga Krzy\u017cowa 2022<\/a><\/h3>\n\t                        <span class=\"desc\"><\/span>\n\t                    <\/div>\n\t                <\/div>\n                \t                <div class=\"item-blog \">\n\t                    <div class=\"inner\">\n\t                    \t\t                        \t<span class=\"date\">10 kwietnia<\/span>\n\t                        \t                        <h3><a href=\"https:\/\/gorkakoscielnicka.pl\/?p=1821\">Niedziela Palmowa 2022<\/a><\/h3>\n\t                        <span class=\"desc\"><\/span>\n\t                    <\/div>\n\t                <\/div>\n                \t                <div class=\"item-blog even\">\n\t                    <div class=\"inner\">\n\t                    \t\t                        \t<span class=\"date\">9 kwietnia<\/span>\n\t                        \t                        <h3><a href=\"https:\/\/gorkakoscielnicka.pl\/?p=1736\">Po\u015bwi\u0119cenie pokarm\u00f3w &#8211; Wielka Sobota 2022<\/a><\/h3>\n\t                        <span class=\"desc\">&nbsp;&nbsp;&nbsp;&nbsp;&nbsp;&nbsp;&nbsp;&nbsp;&nbsp;&nbsp;&nbsp;WIELKA SOBOTA&nbsp;&nbsp;&nbsp;16&nbsp;&nbsp;KWIETNIA&nbsp;&nbsp;2022 G\u00f3rka &#8211;&nbsp;godz....<\/span>\n\t                    <\/div>\n\t                <\/div>\n                \t                <div class=\"item-blog \">\n\t                    <div class=\"inner\">\n\t                    \t\t                        \t<span class=\"date\">9 kwietnia<\/span>\n\t                        \t                        <h3><a href=\"https:\/\/gorkakoscielnicka.pl\/?p=1732\">Adoracja Krzy\u017ca &#8211; Wielki Pi\u0105tek 2022<\/a><\/h3>\n\t                        <span class=\"desc\"><\/span>\n\t                    <\/div>\n\t                <\/div>\n                \t                <div class=\"item-blog even\">\n\t                    <div class=\"inner\">\n\t                    \t\t                        \t<span class=\"date\">9 kwietnia<\/span>\n\t                        \t                        <h3><a href=\"https:\/\/gorkakoscielnicka.pl\/?p=1729\">Og\u0142oszenia duszpasterskie 10.04.2022<\/a><\/h3>\n\t                        <span class=\"desc\"><\/span>\n\t                    <\/div>\n\t                <\/div>\n                \t                <div class=\"item-blog \">\n\t                    <div class=\"inner\">\n\t                    \t\t                        \t<span class=\"date\">9 kwietnia<\/span>\n\t                        \t                        <h3><a href=\"https:\/\/gorkakoscielnicka.pl\/?p=1725\">Intencje Mszy \u015aw. 11.04.22 &#8211; 17.04.22<\/a><\/h3>\n\t                        <span class=\"desc\"><\/span>\n\t                    <\/div>\n\t                <\/div>\n                \t                <div class=\"item-blog even\">\n\t                    <div class=\"inner\">\n\t                    \t\t                        \t<span class=\"date\">3 kwietnia<\/span>\n\t                        \t                        <h3><a href=\"https:\/\/gorkakoscielnicka.pl\/?p=1719\">Intencje Mszy \u015aw. 04.04.22 &#8211; 10.04.22<\/a><\/h3>\n\t                        <span class=\"desc\"><\/span>\n\t                    <\/div>\n\t                <\/div>\n                \t                <div class=\"item-blog \">\n\t                    <div class=\"inner\">\n\t                    \t\t                        \t<span class=\"date\">3 kwietnia<\/span>\n\t                        \t                        <h3><a href=\"https:\/\/gorkakoscielnicka.pl\/?p=1716\">Og\u0142oszenia duszpasterskie 03.04.2022<\/a><\/h3>\n\t                        <span class=\"desc\"><\/span>\n\t                    <\/div>\n\t                <\/div>\n                \t                <div class=\"item-blog even\">\n\t                    <div class=\"inner\">\n\t                    \t\t                        \t<span class=\"date\">30 marca<\/span>\n\t                        \t                        <h3><a href=\"https:\/\/gorkakoscielnicka.pl\/?p=1789\">Rekolekcje 2022<\/a><\/h3>\n\t                        <span class=\"desc\"><\/span>\n\t                    <\/div>\n\t                <\/div>\n                \t                <div class=\"item-blog \">\n\t                    <div class=\"inner\">\n\t                    \t\t                        \t<span class=\"date\">27 marca<\/span>\n\t                        \t                        <h3><a href=\"https:\/\/gorkakoscielnicka.pl\/?p=1709\">Zapowiedzi 2\/2022<\/a><\/h3>\n\t                        <span class=\"desc\"><\/span>\n\t                    <\/div>\n\t                <\/div>\n                \t                <div class=\"item-blog even\">\n\t                    <div class=\"inner\">\n\t                    \t\t                        \t<span class=\"date\">27 marca<\/span>\n\t                        \t                        <h3><a href=\"https:\/\/gorkakoscielnicka.pl\/?p=1706\">Og\u0142oszenia 27.03.2022<\/a><\/h3>\n\t                        <span class=\"desc\"><\/span>\n\t                    <\/div>\n\t                <\/div>\n                \t                <div class=\"item-blog \">\n\t                    <div class=\"inner\">\n\t                    \t\t                        \t<span class=\"date\">27 marca<\/span>\n\t                        \t                        <h3><a href=\"https:\/\/gorkakoscielnicka.pl\/?p=1702\">Intencje Mszy \u015aw. 28.03.22 &#8211; 03.04.22<\/a><\/h3>\n\t                        <span class=\"desc\"><\/span>\n\t                    <\/div>\n\t                <\/div>\n                \t                <div class=\"item-blog even\">\n\t                    <div class=\"inner\">\n\t                    \t\t                        \t<span class=\"date\">19 marca<\/span>\n\t                        \t                        <h3><a href=\"https:\/\/gorkakoscielnicka.pl\/?p=1690\">Intencje Mszy \u015aw. 21.03.22 &#8211; 27.03.22<\/a><\/h3>\n\t                        <span class=\"desc\"><\/span>\n\t                    <\/div>\n\t                <\/div>\n                \t                <div class=\"item-blog \">\n\t                    <div class=\"inner\">\n\t                    \t\t                        \t<span class=\"date\">19 marca<\/span>\n\t                        \t                        <h3><a href=\"https:\/\/gorkakoscielnicka.pl\/?p=1687\">Og\u0142oszenia duszpasterskie 20.03.2022<\/a><\/h3>\n\t                        <span class=\"desc\"><\/span>\n\t                    <\/div>\n\t                <\/div>\n                \t                <div class=\"item-blog even\">\n\t                    <div class=\"inner\">\n\t                    \t\t                        \t<span class=\"date\">13 marca<\/span>\n\t                        \t                        <h3><a href=\"https:\/\/gorkakoscielnicka.pl\/?p=1683\">Zapowiedzi 1\/2022<\/a><\/h3>\n\t                        <span class=\"desc\"><\/span>\n\t                    <\/div>\n\t                <\/div>\n                \t                <div class=\"item-blog \">\n\t                    <div class=\"inner\">\n\t                    \t\t                        \t<span class=\"date\">13 marca<\/span>\n\t                        \t                        <h3><a href=\"https:\/\/gorkakoscielnicka.pl\/?p=1677\">Intencje Mszy \u015aw. 14.03.22 &#8211; 20.03.22<\/a><\/h3>\n\t                        <span class=\"desc\"><\/span>\n\t                    <\/div>\n\t                <\/div>\n                \t                <div class=\"item-blog even\">\n\t                    <div class=\"inner\">\n\t                    \t\t                        \t<span class=\"date\">13 marca<\/span>\n\t                        \t                        <h3><a href=\"https:\/\/gorkakoscielnicka.pl\/?p=1674\">Og\u0142oszenia duszpasterskie 13.03.2022<\/a><\/h3>\n\t                        <span class=\"desc\"><\/span>\n\t                    <\/div>\n\t                <\/div>\n                \t                <div class=\"item-blog \">\n\t                    <div class=\"inner\">\n\t                    \t\t                        \t<span class=\"date\">6 marca<\/span>\n\t                        \t                        <h3><a href=\"https:\/\/gorkakoscielnicka.pl\/?p=1507\">Og\u0142oszenia duszpasterskie 06.03.2022<\/a><\/h3>\n\t                        <span class=\"desc\"><\/span>\n\t                    <\/div>\n\t                <\/div>\n                \t                <div class=\"item-blog even\">\n\t                    <div class=\"inner\">\n\t                    \t\t                        \t<span class=\"date\">6 marca<\/span>\n\t                        \t                        <h3><a href=\"https:\/\/gorkakoscielnicka.pl\/?p=1503\">Intencje Mszy \u015aw. 07.03.22 &#8211; 13.03.22<\/a><\/h3>\n\t                        <span class=\"desc\"><\/span>\n\t                    <\/div>\n\t                <\/div>\n                \t                <div class=\"item-blog \">\n\t                    <div class=\"inner\">\n\t                    \t\t                        \t<span class=\"date\">5 marca<\/span>\n\t                        \t                        <h3><a href=\"https:\/\/gorkakoscielnicka.pl\/?p=1385\">60-lecie kap\u0142a\u0144stwa ks. J\u00f3zefa Hojnowskiego<\/a><\/h3>\n\t                        <span class=\"desc\">W dniu 13.02.2022 obchodzili\u015bmy...<\/span>\n\t                    <\/div>\n\t                <\/div>\n                \t                <div class=\"item-blog even\">\n\t                    <div class=\"inner\">\n\t                    \t\t                        \t<span class=\"date\">26 lutego<\/span>\n\t                        \t                        <h3><a href=\"https:\/\/gorkakoscielnicka.pl\/?p=1342\">Intencje Mszy \u015aw. 28.02.22 &#8211; 06.03.22<\/a><\/h3>\n\t                        <span class=\"desc\"><\/span>\n\t                    <\/div>\n\t                <\/div>\n                \t                <div class=\"item-blog \">\n\t                    <div class=\"inner\">\n\t                    \t\t                        \t<span class=\"date\">26 lutego<\/span>\n\t                        \t                        <h3><a href=\"https:\/\/gorkakoscielnicka.pl\/?p=1339\">Og\u0142oszenia duszpasterskie 27.02.2022<\/a><\/h3>\n\t                        <span class=\"desc\"><\/span>\n\t                    <\/div>\n\t                <\/div>\n                \t                <div class=\"item-blog even\">\n\t                    <div class=\"inner\">\n\t                    \t\t                        \t<span class=\"date\">19 lutego<\/span>\n\t                        \t                        <h3><a href=\"https:\/\/gorkakoscielnicka.pl\/?p=1334\">Og\u0142oszenia duszpasterskie 20.02.2022<\/a><\/h3>\n\t                        <span class=\"desc\"><\/span>\n\t                    <\/div>\n\t                <\/div>\n                \t                <div class=\"item-blog \">\n\t                    <div class=\"inner\">\n\t                    \t\t                        \t<span class=\"date\">19 lutego<\/span>\n\t                        \t                        <h3><a href=\"https:\/\/gorkakoscielnicka.pl\/?p=1330\">Intencje Mszy \u015aw. 21.02.22 &#8211; 27.02.22<\/a><\/h3>\n\t                        <span class=\"desc\"><\/span>\n\t                    <\/div>\n\t                <\/div>\n                \t                <div class=\"item-blog even\">\n\t                    <div class=\"inner\">\n\t                    \t\t                        \t<span class=\"date\">13 lutego<\/span>\n\t                        \t                        <h3><a href=\"https:\/\/gorkakoscielnicka.pl\/?p=1327\">Og\u0142oszenia duszpasterskie 13.02.2022<\/a><\/h3>\n\t                        <span class=\"desc\"><\/span>\n\t                    <\/div>\n\t                <\/div>\n                \t                <div class=\"item-blog \">\n\t                    <div class=\"inner\">\n\t                    \t\t                        \t<span class=\"date\">13 lutego<\/span>\n\t                        \t                        <h3><a href=\"https:\/\/gorkakoscielnicka.pl\/?p=1323\">Intencje Mszy \u015aw.  14.02.22 &#8211; 20.02.22<\/a><\/h3>\n\t                        <span class=\"desc\"><\/span>\n\t                    <\/div>\n\t                <\/div>\n                \t                <div class=\"item-blog even\">\n\t                    <div class=\"inner\">\n\t                    \t\t                        \t<span class=\"date\">5 lutego<\/span>\n\t                        \t                        <h3><a href=\"https:\/\/gorkakoscielnicka.pl\/?p=1318\">Og\u0142oszenia duszpasterskie 06.02.2022<\/a><\/h3>\n\t                        <span class=\"desc\"><\/span>\n\t                    <\/div>\n\t                <\/div>\n                \t                <div class=\"item-blog \">\n\t                    <div class=\"inner\">\n\t                    \t\t                        \t<span class=\"date\">5 lutego<\/span>\n\t                        \t                        <h3><a href=\"https:\/\/gorkakoscielnicka.pl\/?p=1314\">Intencje Mszy \u015aw. 07.02.22 &#8211; 13.02.22<\/a><\/h3>\n\t                        <span class=\"desc\"><\/span>\n\t                    <\/div>\n\t                <\/div>\n                \t                <div class=\"item-blog even\">\n\t                    <div class=\"inner\">\n\t                    \t\t                        \t<span class=\"date\">29 stycznia<\/span>\n\t                        \t                        <h3><a href=\"https:\/\/gorkakoscielnicka.pl\/?p=1311\">Og\u0142oszenia duszpasterskie 30.01.2022<\/a><\/h3>\n\t                        <span class=\"desc\"><\/span>\n\t                    <\/div>\n\t                <\/div>\n                \t                <div class=\"item-blog \">\n\t                    <div class=\"inner\">\n\t                    \t\t                        \t<span class=\"date\">29 stycznia<\/span>\n\t                        \t                        <h3><a href=\"https:\/\/gorkakoscielnicka.pl\/?p=1306\">Intencje Mszy \u015aw. 31.01.22 &#8211; 06.02.22<\/a><\/h3>\n\t                        <span class=\"desc\"><\/span>\n\t                    <\/div>\n\t                <\/div>\n                \t                <div class=\"item-blog even\">\n\t                    <div class=\"inner\">\n\t                    \t\t                        \t<span class=\"date\">22 stycznia<\/span>\n\t                        \t                        <h3><a href=\"https:\/\/gorkakoscielnicka.pl\/?p=1300\">Intencje Mszy \u015aw. 24.01.22 &#8211; 30.01.22<\/a><\/h3>\n\t                        <span class=\"desc\"><\/span>\n\t                    <\/div>\n\t                <\/div>\n                \t                <div class=\"item-blog \">\n\t                    <div class=\"inner\">\n\t                    \t\t                        \t<span class=\"date\">22 stycznia<\/span>\n\t                        \t                        <h3><a href=\"https:\/\/gorkakoscielnicka.pl\/?p=1297\">Og\u0142oszenia duszpasterskie 23.01.2022<\/a><\/h3>\n\t                        <span class=\"desc\"><\/span>\n\t                    <\/div>\n\t                <\/div>\n                \t                <div class=\"item-blog even\">\n\t                    <div class=\"inner\">\n\t                    \t\t                        \t<span class=\"date\">15 stycznia<\/span>\n\t                        \t                        <h3><a href=\"https:\/\/gorkakoscielnicka.pl\/?p=1294\">Og\u0142oszenia duszpasterskie 16.01.2022<\/a><\/h3>\n\t                        <span class=\"desc\"><\/span>\n\t                    <\/div>\n\t                <\/div>\n                \t                <div class=\"item-blog \">\n\t                    <div class=\"inner\">\n\t                    \t\t                        \t<span class=\"date\">15 stycznia<\/span>\n\t                        \t                        <h3><a href=\"https:\/\/gorkakoscielnicka.pl\/?p=1290\">Intencje Mszy \u015aw. 17.01.22 &#8211; 23.01.22<\/a><\/h3>\n\t                        <span class=\"desc\"><\/span>\n\t                    <\/div>\n\t                <\/div>\n                \t                <div class=\"item-blog even\">\n\t                    <div class=\"inner\">\n\t                    \t\t                        \t<span class=\"date\">7 stycznia<\/span>\n\t                        \t                        <h3><a href=\"https:\/\/gorkakoscielnicka.pl\/?p=1283\">Intencje Mszy \u015aw. 10.01.22 &#8211; 16.01.22<\/a><\/h3>\n\t                        <span class=\"desc\"><\/span>\n\t                    <\/div>\n\t                <\/div>\n                \t                <div class=\"item-blog \">\n\t                    <div class=\"inner\">\n\t                    \t\t                        \t<span class=\"date\">7 stycznia<\/span>\n\t                        \t                        <h3><a href=\"https:\/\/gorkakoscielnicka.pl\/?p=1280\">Og\u0142oszenia duszpasterskie 09.01.2022<\/a><\/h3>\n\t                        <span class=\"desc\"><\/span>\n\t                    <\/div>\n\t                <\/div>\n                \t                <div class=\"item-blog even\">\n\t                    <div class=\"inner\">\n\t                    \t\t                        \t<span class=\"date\">2 stycznia<\/span>\n\t                        \t                        <h3><a href=\"https:\/\/gorkakoscielnicka.pl\/?p=1275\">Intencje Mszy \u015aw. 03.01.22 &#8211; 09.01.22<\/a><\/h3>\n\t                        <span class=\"desc\"><\/span>\n\t                    <\/div>\n\t                <\/div>\n                \t                <div class=\"item-blog \">\n\t                    <div class=\"inner\">\n\t                    \t\t                        \t<span class=\"date\">2 stycznia<\/span>\n\t                        \t                        <h3><a href=\"https:\/\/gorkakoscielnicka.pl\/?p=1272\">Og\u0142oszenia duszpasterskie 02.01.2022<\/a><\/h3>\n\t                        <span class=\"desc\"><\/span>\n\t                    <\/div>\n\t                <\/div>\n                \t                <div class=\"item-blog even\">\n\t                    <div class=\"inner\">\n\t                    \t\t                        \t<span class=\"date\">1 stycznia<\/span>\n\t                        \t                        <h3><a href=\"https:\/\/gorkakoscielnicka.pl\/?p=1476\">Bo\u017ce Narodzenie 2021<\/a><\/h3>\n\t                        <span class=\"desc\">Wystr\u00f3j ko\u015bcio\u0142\u00f3w na Bo\u017ce...<\/span>\n\t                    <\/div>\n\t                <\/div>\n                \t                <div class=\"item-blog \">\n\t                    <div class=\"inner\">\n\t                    \t\t                        \t<span class=\"date\">1 stycznia<\/span>\n\t                        \t                        <h3><a href=\"https:\/\/gorkakoscielnicka.pl\/?p=1266\">Og\u0142oszenia duszpasterskie na 01.01.2022<\/a><\/h3>\n\t                        <span class=\"desc\"><\/span>\n\t                    <\/div>\n\t                <\/div>\n                \t                <div class=\"item-blog even\">\n\t                    <div class=\"inner\">\n\t                    \t\t                        \t<span class=\"date\">26 grudnia<\/span>\n\t                        \t                        <h3><a href=\"https:\/\/gorkakoscielnicka.pl\/?p=1262\">Intencje Mszy \u015aw. 27.12.21 &#8211; 02.01.22<\/a><\/h3>\n\t                        <span class=\"desc\"><\/span>\n\t                    <\/div>\n\t                <\/div>\n                \t                <div class=\"item-blog \">\n\t                    <div class=\"inner\">\n\t                    \t\t                        \t<span class=\"date\">26 grudnia<\/span>\n\t                        \t                        <h3><a href=\"https:\/\/gorkakoscielnicka.pl\/?p=1259\">Og\u0142oszenia duszpasterskie 26.12.2021<\/a><\/h3>\n\t                        <span class=\"desc\"><\/span>\n\t                    <\/div>\n\t                <\/div>\n                \t                <div class=\"item-blog even\">\n\t                    <div class=\"inner\">\n\t                    \t\t                        \t<span class=\"date\">17 grudnia<\/span>\n\t                        \t                        <h3><a href=\"https:\/\/gorkakoscielnicka.pl\/?p=1254\">Og\u0142oszenia duszpasterskie 19.12.2021<\/a><\/h3>\n\t                        <span class=\"desc\"><\/span>\n\t                    <\/div>\n\t                <\/div>\n                \t                <div class=\"item-blog \">\n\t                    <div class=\"inner\">\n\t                    \t\t                        \t<span class=\"date\">17 grudnia<\/span>\n\t                        \t                        <h3><a href=\"https:\/\/gorkakoscielnicka.pl\/?p=1250\">Intencje Mszy \u015aw. 20.12.21 &#8211; 26.12.21<\/a><\/h3>\n\t                        <span class=\"desc\"><\/span>\n\t                    <\/div>\n\t                <\/div>\n                \t                <div class=\"item-blog even\">\n\t                    <div class=\"inner\">\n\t                    \t\t                        \t<span class=\"date\">12 grudnia<\/span>\n\t                        \t                        <h3><a href=\"https:\/\/gorkakoscielnicka.pl\/?p=1242\">Intencje Mszy \u015aw. 13.12.21 &#8211; 19.12.21<\/a><\/h3>\n\t                        <span class=\"desc\"><\/span>\n\t                    <\/div>\n\t                <\/div>\n                \t                <div class=\"item-blog \">\n\t                    <div class=\"inner\">\n\t                    \t\t                        \t<span class=\"date\">12 grudnia<\/span>\n\t                        \t                        <h3><a href=\"https:\/\/gorkakoscielnicka.pl\/?p=1239\">Og\u0142oszenia duszpasterskie 12.12.2021<\/a><\/h3>\n\t                        <span class=\"desc\"><\/span>\n\t                    <\/div>\n\t                <\/div>\n                \t                <div class=\"item-blog even\">\n\t                    <div class=\"inner\">\n\t                    \t\t                        \t<span class=\"date\">5 grudnia<\/span>\n\t                        \t                        <h3><a href=\"https:\/\/gorkakoscielnicka.pl\/?p=1236\">Og\u0142oszenia duszpasterskie 05.12.2021<\/a><\/h3>\n\t                        <span class=\"desc\"><\/span>\n\t                    <\/div>\n\t                <\/div>\n                \t                <div class=\"item-blog \">\n\t                    <div class=\"inner\">\n\t                    \t\t                        \t<span class=\"date\">5 grudnia<\/span>\n\t                        \t                        <h3><a href=\"https:\/\/gorkakoscielnicka.pl\/?p=1232\">Intencje Mszy \u015aw. 06.12.21 &#8211; 12.12.21<\/a><\/h3>\n\t                        <span class=\"desc\"><\/span>\n\t                    <\/div>\n\t                <\/div>\n                \t                <div class=\"item-blog even\">\n\t                    <div class=\"inner\">\n\t                    \t\t                        \t<span class=\"date\">28 listopada<\/span>\n\t                        \t                        <h3><a href=\"https:\/\/gorkakoscielnicka.pl\/?p=1226\">Intencje Mszy \u015aw. 29.11.21 &#8211; 05.12.21<\/a><\/h3>\n\t                        <span class=\"desc\"><\/span>\n\t                    <\/div>\n\t                <\/div>\n                \t                <div class=\"item-blog \">\n\t                    <div class=\"inner\">\n\t                    \t\t                        \t<span class=\"date\">28 listopada<\/span>\n\t                        \t                        <h3><a href=\"https:\/\/gorkakoscielnicka.pl\/?p=1223\">Og\u0142oszenia duszpasterskie 28.11.2021<\/a><\/h3>\n\t                        <span class=\"desc\"><\/span>\n\t                    <\/div>\n\t                <\/div>\n                \t                <div class=\"item-blog even\">\n\t                    <div class=\"inner\">\n\t                    \t\t                        \t<span class=\"date\">20 listopada<\/span>\n\t                        \t                        <h3><a href=\"https:\/\/gorkakoscielnicka.pl\/?p=1219\">Og\u0142oszenia duszpasterskie 21.11.2021<\/a><\/h3>\n\t                        <span class=\"desc\"><\/span>\n\t                    <\/div>\n\t                <\/div>\n                \t                <div class=\"item-blog \">\n\t                    <div class=\"inner\">\n\t                    \t\t                        \t<span class=\"date\">20 listopada<\/span>\n\t                        \t                        <h3><a href=\"https:\/\/gorkakoscielnicka.pl\/?p=1215\">Intencje Mszy \u015aw. 22.11.21 &#8211; 28.11.21<\/a><\/h3>\n\t                        <span class=\"desc\"><\/span>\n\t                    <\/div>\n\t                <\/div>\n                \t                <div class=\"item-blog even\">\n\t                    <div class=\"inner\">\n\t                    \t\t                        \t<span class=\"date\">13 listopada<\/span>\n\t                        \t                        <h3><a href=\"https:\/\/gorkakoscielnicka.pl\/?p=1193\">Og\u0142oszenia duszpasterskie 14.11.2021<\/a><\/h3>\n\t                        <span class=\"desc\"><\/span>\n\t                    <\/div>\n\t                <\/div>\n                \t                <div class=\"item-blog \">\n\t                    <div class=\"inner\">\n\t                    \t\t                        \t<span class=\"date\">13 listopada<\/span>\n\t                        \t                        <h3><a href=\"https:\/\/gorkakoscielnicka.pl\/?p=1189\">Intencje Mszy \u015aw. 15.11.21 &#8211; 21.11.21<\/a><\/h3>\n\t                        <span class=\"desc\"><\/span>\n\t                    <\/div>\n\t                <\/div>\n                \t                <div class=\"item-blog even\">\n\t                    <div class=\"inner\">\n\t                    \t\t                        \t<span class=\"date\">6 listopada<\/span>\n\t                        \t                        <h3><a href=\"https:\/\/gorkakoscielnicka.pl\/?p=1050\">Intencje Mszy \u015aw. 08.11.21 &#8211; 14.11.21<\/a><\/h3>\n\t                        <span class=\"desc\"><\/span>\n\t                    <\/div>\n\t                <\/div>\n                \t                <div class=\"item-blog \">\n\t                    <div class=\"inner\">\n\t                    \t\t                        \t<span class=\"date\">6 listopada<\/span>\n\t                        \t                        <h3><a href=\"https:\/\/gorkakoscielnicka.pl\/?p=1047\">Og\u0142oszenia duszpasterskie 07.11.2021<\/a><\/h3>\n\t                        <span class=\"desc\"><\/span>\n\t                    <\/div>\n\t                <\/div>\n                \t                <div class=\"item-blog even\">\n\t                    <div class=\"inner\">\n\t                    \t\t                        \t<span class=\"date\">2 listopada<\/span>\n\t                        \t                        <h3><a href=\"https:\/\/gorkakoscielnicka.pl\/?p=1621\">Wszystkich \u015awi\u0119tych 2021<\/a><\/h3>\n\t                        <span class=\"desc\"><\/span>\n\t                    <\/div>\n\t                <\/div>\n                \t                <div class=\"item-blog \">\n\t                    <div class=\"inner\">\n\t                    \t\t                        \t<span class=\"date\">30 pa\u017adziernika<\/span>\n\t                        \t                        <h3><a href=\"https:\/\/gorkakoscielnicka.pl\/?p=1042\">Intencje Mszy \u015aw. 01.11.21 &#8211; 07.11.21<\/a><\/h3>\n\t                        <span class=\"desc\"><\/span>\n\t                    <\/div>\n\t                <\/div>\n                \t                <div class=\"item-blog even\">\n\t                    <div class=\"inner\">\n\t                    \t\t                        \t<span class=\"date\">30 pa\u017adziernika<\/span>\n\t                        \t                        <h3><a href=\"https:\/\/gorkakoscielnicka.pl\/?p=1039\">Og\u0142oszenia duszpasterskie 31.10.2021<\/a><\/h3>\n\t                        <span class=\"desc\"><\/span>\n\t                    <\/div>\n\t                <\/div>\n                \t                <div class=\"item-blog \">\n\t                    <div class=\"inner\">\n\t                    \t\t                        \t<span class=\"date\">23 pa\u017adziernika<\/span>\n\t                        \t                        <h3><a href=\"https:\/\/gorkakoscielnicka.pl\/?p=1020\">Og\u0142oszenia duszpasterskie 24.10.2021<\/a><\/h3>\n\t                        <span class=\"desc\"><\/span>\n\t                    <\/div>\n\t                <\/div>\n                \t                <div class=\"item-blog even\">\n\t                    <div class=\"inner\">\n\t                    \t\t                        \t<span class=\"date\">23 pa\u017adziernika<\/span>\n\t                        \t                        <h3><a href=\"https:\/\/gorkakoscielnicka.pl\/?p=1016\">Intencje Mszy \u015aw. 25.11.21 &#8211; 31.11.21<\/a><\/h3>\n\t                        <span class=\"desc\"><\/span>\n\t                    <\/div>\n\t                <\/div>\n                \t                <div class=\"item-blog \">\n\t                    <div class=\"inner\">\n\t                    \t\t                        \t<span class=\"date\">16 pa\u017adziernika<\/span>\n\t                        \t                        <h3><a href=\"https:\/\/gorkakoscielnicka.pl\/?p=1013\">AKCJA PROFILAKTYCZNA \u201eZADBAJMY O SWOJE ZDROWIE\u201d.<\/a><\/h3>\n\t                        <span class=\"desc\">W dniu 24.10 tj...<\/span>\n\t                    <\/div>\n\t                <\/div>\n                \t                <div class=\"item-blog even\">\n\t                    <div class=\"inner\">\n\t                    \t\t                        \t<span class=\"date\">16 pa\u017adziernika<\/span>\n\t                        \t                        <h3><a href=\"https:\/\/gorkakoscielnicka.pl\/?p=1010\">Og\u0142oszenia duszpasterskie 17.10.2021<\/a><\/h3>\n\t                        <span class=\"desc\"><\/span>\n\t                    <\/div>\n\t                <\/div>\n                \t                <div class=\"item-blog \">\n\t                    <div class=\"inner\">\n\t                    \t\t                        \t<span class=\"date\">16 pa\u017adziernika<\/span>\n\t                        \t                        <h3><a href=\"https:\/\/gorkakoscielnicka.pl\/?p=1006\">Intencje Mszy \u015aw. 18.10.21 &#8211; 24.10.21<\/a><\/h3>\n\t                        <span class=\"desc\"><\/span>\n\t                    <\/div>\n\t                <\/div>\n                \t                <div class=\"item-blog even\">\n\t                    <div class=\"inner\">\n\t                    \t\t                        \t<span class=\"date\">9 pa\u017adziernika<\/span>\n\t                        \t                        <h3><a href=\"https:\/\/gorkakoscielnicka.pl\/?p=1002\">Og\u0142oszenia duszpasterskie 10.10.2021<\/a><\/h3>\n\t                        <span class=\"desc\"><\/span>\n\t                    <\/div>\n\t                <\/div>\n                \t                <div class=\"item-blog \">\n\t                    <div class=\"inner\">\n\t                    \t\t                        \t<span class=\"date\">9 pa\u017adziernika<\/span>\n\t                        \t                        <h3><a href=\"https:\/\/gorkakoscielnicka.pl\/?p=998\">Intencje Mszy \u015aw. 11.10.21 &#8211; 17.10.21<\/a><\/h3>\n\t                        <span class=\"desc\"><\/span>\n\t                    <\/div>\n\t                <\/div>\n                \t                <div class=\"item-blog even\">\n\t                    <div class=\"inner\">\n\t                    \t\t                        \t<span class=\"date\">9 pa\u017adziernika<\/span>\n\t                        \t                        <h3><a href=\"https:\/\/gorkakoscielnicka.pl\/?p=1510\">Bierzmowanie 2021<\/a><\/h3>\n\t                        <span class=\"desc\">W sobot\u0119 9.10.2021 odby\u0142o...<\/span>\n\t                    <\/div>\n\t                <\/div>\n                \t                <div class=\"item-blog \">\n\t                    <div class=\"inner\">\n\t                    \t\t                        \t<span class=\"date\">3 pa\u017adziernika<\/span>\n\t                        \t                        <h3><a href=\"https:\/\/gorkakoscielnicka.pl\/?p=992\">Zapowiedzi 16\/2021<\/a><\/h3>\n\t                        <span class=\"desc\"><\/span>\n\t                    <\/div>\n\t                <\/div>\n                \t                <div class=\"item-blog even\">\n\t                    <div class=\"inner\">\n\t                    \t\t                        \t<span class=\"date\">3 pa\u017adziernika<\/span>\n\t                        \t                        <h3><a href=\"https:\/\/gorkakoscielnicka.pl\/?p=989\">Og\u0142oszenia duszpasterskie 03.10.2021<\/a><\/h3>\n\t                        <span class=\"desc\"><\/span>\n\t                    <\/div>\n\t                <\/div>\n                \t                <div class=\"item-blog \">\n\t                    <div class=\"inner\">\n\t                    \t\t                        \t<span class=\"date\">3 pa\u017adziernika<\/span>\n\t                        \t                        <h3><a href=\"https:\/\/gorkakoscielnicka.pl\/?p=985\">Intencje Mszy \u015aw. 04.10.21 &#8211; 10.10.21<\/a><\/h3>\n\t                        <span class=\"desc\"><\/span>\n\t                    <\/div>\n\t                <\/div>\n                \t                <div class=\"item-blog even\">\n\t                    <div class=\"inner\">\n\t                    \t\t                        \t<span class=\"date\">26 wrze\u015bnia<\/span>\n\t                        \t                        <h3><a href=\"https:\/\/gorkakoscielnicka.pl\/?p=978\">Intencje Mszy \u015aw. 27.09.21 &#8211; 03.10.21<\/a><\/h3>\n\t                        <span class=\"desc\"><\/span>\n\t                    <\/div>\n\t                <\/div>\n                \t                <div class=\"item-blog \">\n\t                    <div class=\"inner\">\n\t                    \t\t                        \t<span class=\"date\">26 wrze\u015bnia<\/span>\n\t                        \t                        <h3><a href=\"https:\/\/gorkakoscielnicka.pl\/?p=975\">Og\u0142oszenia duszpasterskie 26.09.2021<\/a><\/h3>\n\t                        <span class=\"desc\"><\/span>\n\t                    <\/div>\n\t                <\/div>\n                \t                <div class=\"item-blog even\">\n\t                    <div class=\"inner\">\n\t                    \t\t                        \t<span class=\"date\">19 wrze\u015bnia<\/span>\n\t                        \t                        <h3><a href=\"https:\/\/gorkakoscielnicka.pl\/?p=968\">Og\u0142oszenia duszpasterskie 19.09.2021<\/a><\/h3>\n\t                        <span class=\"desc\"><\/span>\n\t                    <\/div>\n\t                <\/div>\n                \t                <div class=\"item-blog \">\n\t                    <div class=\"inner\">\n\t                    \t\t                        \t<span class=\"date\">19 wrze\u015bnia<\/span>\n\t                        \t                        <h3><a href=\"https:\/\/gorkakoscielnicka.pl\/?p=964\">Intencje Mszy \u015aw. 20.09.21 &#8211; 26.09.21<\/a><\/h3>\n\t                        <span class=\"desc\"><\/span>\n\t                    <\/div>\n\t                <\/div>\n                \t                <div class=\"item-blog even\">\n\t                    <div class=\"inner\">\n\t                    \t\t                        \t<span class=\"date\">12 wrze\u015bnia<\/span>\n\t                        \t                        <h3><a href=\"https:\/\/gorkakoscielnicka.pl\/?p=960\">Og\u0142oszenia duszpasterskie 12.09.21<\/a><\/h3>\n\t                        <span class=\"desc\"><\/span>\n\t                    <\/div>\n\t                <\/div>\n                \t                <div class=\"item-blog \">\n\t                    <div class=\"inner\">\n\t                    \t\t                        \t<span class=\"date\">12 wrze\u015bnia<\/span>\n\t                        \t                        <h3><a href=\"https:\/\/gorkakoscielnicka.pl\/?p=956\">Intencje Mszy \u015aw. 13.09.21 &#8211; 19.09.21<\/a><\/h3>\n\t                        <span class=\"desc\"><\/span>\n\t                    <\/div>\n\t                <\/div>\n                \t                <div class=\"item-blog even\">\n\t                    <div class=\"inner\">\n\t                    \t\t                        \t<span class=\"date\">5 wrze\u015bnia<\/span>\n\t                        \t                        <h3><a href=\"https:\/\/gorkakoscielnicka.pl\/?p=952\">Intencje Mszy \u015aw. 06.09.21 &#8211; 12.09.21<\/a><\/h3>\n\t                        <span class=\"desc\"><\/span>\n\t                    <\/div>\n\t                <\/div>\n                \t                <div class=\"item-blog \">\n\t                    <div class=\"inner\">\n\t                    \t\t                        \t<span class=\"date\">5 wrze\u015bnia<\/span>\n\t                        \t                        <h3><a href=\"https:\/\/gorkakoscielnicka.pl\/?p=949\">Og\u0142oszenia duszpasterskie 05.09.2021<\/a><\/h3>\n\t                        <span class=\"desc\"><\/span>\n\t                    <\/div>\n\t                <\/div>\n                \t                <div class=\"item-blog even\">\n\t                    <div class=\"inner\">\n\t                    \t\t                        \t<span class=\"date\">28 sierpnia<\/span>\n\t                        \t                        <h3><a href=\"https:\/\/gorkakoscielnicka.pl\/?p=945\">Zapowiedzi 15\/2021<\/a><\/h3>\n\t                        <span class=\"desc\"><\/span>\n\t                    <\/div>\n\t                <\/div>\n                \t                <div class=\"item-blog \">\n\t                    <div class=\"inner\">\n\t                    \t\t                        \t<span class=\"date\">28 sierpnia<\/span>\n\t                        \t                        <h3><a href=\"https:\/\/gorkakoscielnicka.pl\/?p=942\">Og\u0142oszenia duszpasterskie 29.08.2021<\/a><\/h3>\n\t                        <span class=\"desc\"><\/span>\n\t                    <\/div>\n\t                <\/div>\n                \t                <div class=\"item-blog even\">\n\t                    <div class=\"inner\">\n\t                    \t\t                        \t<span class=\"date\">28 sierpnia<\/span>\n\t                        \t                        <h3><a href=\"https:\/\/gorkakoscielnicka.pl\/?p=938\">Intencje Mszy \u015aw. 30.08.21 &#8211; 05.09.21<\/a><\/h3>\n\t                        <span class=\"desc\"><\/span>\n\t                    <\/div>\n\t                <\/div>\n                \t                <div class=\"item-blog \">\n\t                    <div class=\"inner\">\n\t                    \t\t                        \t<span class=\"date\">26 sierpnia<\/span>\n\t                        \t                        <h3><a href=\"https:\/\/gorkakoscielnicka.pl\/?p=1444\">Odpust w kaplicy na Wolicy 2021<\/a><\/h3>\n\t                        <span class=\"desc\">Msze \u015awi\u0119t\u0105 odprawi\u0142 ks....<\/span>\n\t                    <\/div>\n\t                <\/div>\n                \t                <div class=\"item-blog even\">\n\t                    <div class=\"inner\">\n\t                    \t\t                        \t<span class=\"date\">21 sierpnia<\/span>\n\t                        \t                        <h3><a href=\"https:\/\/gorkakoscielnicka.pl\/?p=934\">Og\u0142oszenia duszpasterskie 22.08.2021<\/a><\/h3>\n\t                        <span class=\"desc\"><\/span>\n\t                    <\/div>\n\t                <\/div>\n                \t                <div class=\"item-blog \">\n\t                    <div class=\"inner\">\n\t                    \t\t                        \t<span class=\"date\">21 sierpnia<\/span>\n\t                        \t                        <h3><a href=\"https:\/\/gorkakoscielnicka.pl\/?p=930\">Intencje Mszy \u015aw. 23.08.21 &#8211; 29.08.21<\/a><\/h3>\n\t                        <span class=\"desc\"><\/span>\n\t                    <\/div>\n\t                <\/div>\n                \t                <div class=\"item-blog even\">\n\t                    <div class=\"inner\">\n\t                    \t\t                        \t<span class=\"date\">15 sierpnia<\/span>\n\t                        \t                        <h3><a href=\"https:\/\/gorkakoscielnicka.pl\/?p=926\">Zapowiedzi 14\/2021<\/a><\/h3>\n\t                        <span class=\"desc\"><\/span>\n\t                    <\/div>\n\t                <\/div>\n                \t                <div class=\"item-blog \">\n\t                    <div class=\"inner\">\n\t                    \t\t                        \t<span class=\"date\">15 sierpnia<\/span>\n\t                        \t                        <h3><a href=\"https:\/\/gorkakoscielnicka.pl\/?p=922\">Intencje Mszy \u015aw. 16.08.2021 &#8211; 22.08.2021<\/a><\/h3>\n\t                        <span class=\"desc\"><\/span>\n\t                    <\/div>\n\t                <\/div>\n                \t                <div class=\"item-blog even\">\n\t                    <div class=\"inner\">\n\t                    \t\t                        \t<span class=\"date\">15 sierpnia<\/span>\n\t                        \t                        <h3><a href=\"https:\/\/gorkakoscielnicka.pl\/?p=919\">Og\u0142oszenia duszpasterskie 15.08.21<\/a><\/h3>\n\t                        <span class=\"desc\"><\/span>\n\t                    <\/div>\n\t                <\/div>\n                \t                <div class=\"item-blog \">\n\t                    <div class=\"inner\">\n\t                    \t\t                        \t<span class=\"date\">8 sierpnia<\/span>\n\t                        \t                        <h3><a href=\"https:\/\/gorkakoscielnicka.pl\/?p=914\">Og\u0142oszenia duszpasterskie 08.08.2021<\/a><\/h3>\n\t                        <span class=\"desc\"><\/span>\n\t                    <\/div>\n\t                <\/div>\n                \t                <div class=\"item-blog even\">\n\t                    <div class=\"inner\">\n\t                    \t\t                        \t<span class=\"date\">8 sierpnia<\/span>\n\t                        \t                        <h3><a href=\"https:\/\/gorkakoscielnicka.pl\/?p=910\">Intencje Mszy \u015aw. 09.08.21 &#8211; 15.08.21<\/a><\/h3>\n\t                        <span class=\"desc\"><\/span>\n\t                    <\/div>\n\t                <\/div>\n                \t                <div class=\"item-blog \">\n\t                    <div class=\"inner\">\n\t                    \t\t                        \t<span class=\"date\">1 sierpnia<\/span>\n\t                        \t                        <h3><a href=\"https:\/\/gorkakoscielnicka.pl\/?p=1434\">Odpust w Ko\u015bciele Zabytkowym 2021<\/a><\/h3>\n\t                        <span class=\"desc\">Odpust na Matki Bo\u017cej...<\/span>\n\t                    <\/div>\n\t                <\/div>\n                \t                <div class=\"item-blog even\">\n\t                    <div class=\"inner\">\n\t                    \t\t                        \t<span class=\"date\">1 sierpnia<\/span>\n\t                        \t                        <h3><a href=\"https:\/\/gorkakoscielnicka.pl\/?p=905\">Zapowiedzi 13\/2021<\/a><\/h3>\n\t                        <span class=\"desc\"><\/span>\n\t                    <\/div>\n\t                <\/div>\n                \t                <div class=\"item-blog \">\n\t                    <div class=\"inner\">\n\t                    \t\t                        \t<span class=\"date\">1 sierpnia<\/span>\n\t                        \t                        <h3><a href=\"https:\/\/gorkakoscielnicka.pl\/?p=901\">Intencje Mszy \u015aw. 02.08.21 &#8211; 08.08.21<\/a><\/h3>\n\t                        <span class=\"desc\"><\/span>\n\t                    <\/div>\n\t                <\/div>\n                \t                <div class=\"item-blog even\">\n\t                    <div class=\"inner\">\n\t                    \t\t                        \t<span class=\"date\">1 sierpnia<\/span>\n\t                        \t                        <h3><a href=\"https:\/\/gorkakoscielnicka.pl\/?p=898\">Og\u0142oszenia duszpasterskie 1.08.2021<\/a><\/h3>\n\t                        <span class=\"desc\"><\/span>\n\t                    <\/div>\n\t                <\/div>\n                \t                <div class=\"item-blog \">\n\t                    <div class=\"inner\">\n\t                    \t\t                        \t<span class=\"date\">24 lipca<\/span>\n\t                        \t                        <h3><a href=\"https:\/\/gorkakoscielnicka.pl\/?p=893\">Og\u0142oszenia duszpasterskie 25.07.2021<\/a><\/h3>\n\t                        <span class=\"desc\"><\/span>\n\t                    <\/div>\n\t                <\/div>\n                \t                <div class=\"item-blog even\">\n\t                    <div class=\"inner\">\n\t                    \t\t                        \t<span class=\"date\">24 lipca<\/span>\n\t                        \t                        <h3><a href=\"https:\/\/gorkakoscielnicka.pl\/?p=889\">Intencje Mszy \u015aw. 26.07.21 &#8211; 01.08.21<\/a><\/h3>\n\t                        <span class=\"desc\"><\/span>\n\t                    <\/div>\n\t                <\/div>\n                \t                <div class=\"item-blog \">\n\t                    <div class=\"inner\">\n\t                    \t\t                        \t<span class=\"date\">17 lipca<\/span>\n\t                        \t                        <h3><a href=\"https:\/\/gorkakoscielnicka.pl\/?p=874\">Zapowiedzi 11\/2021 i 12\/2021<\/a><\/h3>\n\t                        <span class=\"desc\"><\/span>\n\t                    <\/div>\n\t                <\/div>\n                \t                <div class=\"item-blog even\">\n\t                    <div class=\"inner\">\n\t                    \t\t                        \t<span class=\"date\">17 lipca<\/span>\n\t                        \t                        <h3><a href=\"https:\/\/gorkakoscielnicka.pl\/?p=870\">Intencje Mszy \u015aw. 19.07.21 &#8211; 25.07.21<\/a><\/h3>\n\t                        <span class=\"desc\"><\/span>\n\t                    <\/div>\n\t                <\/div>\n                \t                <div class=\"item-blog \">\n\t                    <div class=\"inner\">\n\t                    \t\t                        \t<span class=\"date\">17 lipca<\/span>\n\t                        \t                        <h3><a href=\"https:\/\/gorkakoscielnicka.pl\/?p=867\">Og\u0142oszenia duszpasterskie 18.07.2021<\/a><\/h3>\n\t                        <span class=\"desc\"><\/span>\n\t                    <\/div>\n\t                <\/div>\n                \t                <div class=\"item-blog even\">\n\t                    <div class=\"inner\">\n\t                    \t\t                        \t<span class=\"date\">10 lipca<\/span>\n\t                        \t                        <h3><a href=\"https:\/\/gorkakoscielnicka.pl\/?p=859\">Intencje Mszy \u015aw. 12.07.21 &#8211; 18.07.21<\/a><\/h3>\n\t                        <span class=\"desc\"><\/span>\n\t                    <\/div>\n\t                <\/div>\n                \t                <div class=\"item-blog \">\n\t                    <div class=\"inner\">\n\t                    \t\t                        \t<span class=\"date\">10 lipca<\/span>\n\t                        \t                        <h3><a href=\"https:\/\/gorkakoscielnicka.pl\/?p=856\">Og\u0142oszenia duszpasterskie 11.07.2021<\/a><\/h3>\n\t                        <span class=\"desc\"><\/span>\n\t                    <\/div>\n\t                <\/div>\n                \t                <div class=\"item-blog even\">\n\t                    <div class=\"inner\">\n\t                    \t\t                        \t<span class=\"date\">10 lipca<\/span>\n\t                        \t                        <h3><a href=\"https:\/\/gorkakoscielnicka.pl\/?p=853\">Zapowiedzi 10\/2021<\/a><\/h3>\n\t                        <span class=\"desc\"><\/span>\n\t                    <\/div>\n\t                <\/div>\n                \t                <div class=\"item-blog \">\n\t                    <div class=\"inner\">\n\t                    \t\t                        \t<span class=\"date\">4 lipca<\/span>\n\t                        \t                        <h3><a href=\"https:\/\/gorkakoscielnicka.pl\/?p=848\">Og\u0142oszenia duszpasterskie 04.07.2021<\/a><\/h3>\n\t                        <span class=\"desc\"><\/span>\n\t                    <\/div>\n\t                <\/div>\n                \t                <div class=\"item-blog even\">\n\t                    <div class=\"inner\">\n\t                    \t\t                        \t<span class=\"date\">4 lipca<\/span>\n\t                        \t                        <h3><a href=\"https:\/\/gorkakoscielnicka.pl\/?p=844\">Intencje Mszy \u015aw. 05.07.21 &#8211; 11.07.21<\/a><\/h3>\n\t                        <span class=\"desc\"><\/span>\n\t                    <\/div>\n\t                <\/div>\n                \t                <div class=\"item-blog \">\n\t                    <div class=\"inner\">\n\t                    \t\t                        \t<span class=\"date\">26 czerwca<\/span>\n\t                        \t                        <h3><a href=\"https:\/\/gorkakoscielnicka.pl\/?p=839\">Intencje Mszy \u015aw. 28.06.21 &#8211; 04.07.21<\/a><\/h3>\n\t                        <span class=\"desc\">Intencje Mszy \u015aw.<\/span>\n\t                    <\/div>\n\t                <\/div>\n                \t                <div class=\"item-blog even\">\n\t                    <div class=\"inner\">\n\t                    \t\t                        \t<span class=\"date\">26 czerwca<\/span>\n\t                        \t                        <h3><a href=\"https:\/\/gorkakoscielnicka.pl\/?p=836\">Og\u0142oszenia duszpasterskie 27.06.2021<\/a><\/h3>\n\t                        <span class=\"desc\">Og\u0142oszenia<\/span>\n\t                    <\/div>\n\t                <\/div>\n                \t                <div class=\"item-blog \">\n\t                    <div class=\"inner\">\n\t                    \t\t                        \t<span class=\"date\">19 czerwca<\/span>\n\t                        \t                        <h3><a href=\"https:\/\/gorkakoscielnicka.pl\/?p=830\">Zapowiedzi 8\/2021 i 9\/2021<\/a><\/h3>\n\t                        <span class=\"desc\">Zapowiedzi<\/span>\n\t                    <\/div>\n\t                <\/div>\n                \t                <div class=\"item-blog even\">\n\t                    <div class=\"inner\">\n\t                    \t\t                        \t<span class=\"date\">19 czerwca<\/span>\n\t                        \t                        <h3><a href=\"https:\/\/gorkakoscielnicka.pl\/?p=827\">Og\u0142oszenia duszpasterskie 20.06.2021<\/a><\/h3>\n\t                        <span class=\"desc\">Og\u0142oszenia duszpasterskie<\/span>\n\t                    <\/div>\n\t                <\/div>\n                \t                <div class=\"item-blog \">\n\t                    <div class=\"inner\">\n\t                    \t\t                        \t<span class=\"date\">19 czerwca<\/span>\n\t                        \t                        <h3><a href=\"https:\/\/gorkakoscielnicka.pl\/?p=822\">Intencje Mszy \u015aw. 21.06.21 &#8211; 27.06.21<\/a><\/h3>\n\t                        <span class=\"desc\">Intencje Mszy \u015aw. <\/span>\n\t                    <\/div>\n\t                <\/div>\n                \t                <div class=\"item-blog even\">\n\t                    <div class=\"inner\">\n\t                    \t\t                        \t<span class=\"date\">12 czerwca<\/span>\n\t                        \t                        <h3><a href=\"https:\/\/gorkakoscielnicka.pl\/?p=810\">Og\u0142oszenia duszpasterskie 13.06.2021<\/a><\/h3>\n\t                        <span class=\"desc\">Og\u0142oszenia duszpasterskie<\/span>\n\t                    <\/div>\n\t                <\/div>\n                \t                <div class=\"item-blog \">\n\t                    <div class=\"inner\">\n\t                    \t\t                        \t<span class=\"date\">12 czerwca<\/span>\n\t                        \t                        <h3><a href=\"https:\/\/gorkakoscielnicka.pl\/?p=805\">Intencje Mszy \u015aw. 14.06.21 &#8211; 20.06.21<\/a><\/h3>\n\t                        <span class=\"desc\">Intencje Mszy \u015aw. <\/span>\n\t                    <\/div>\n\t                <\/div>\n                \t                <div class=\"item-blog even\">\n\t                    <div class=\"inner\">\n\t                    \t\t                        \t<span class=\"date\">5 czerwca<\/span>\n\t                        \t                        <h3><a href=\"https:\/\/gorkakoscielnicka.pl\/?p=782\">Zapowiedzi 7\/2021<\/a><\/h3>\n\t                        <span class=\"desc\"><\/span>\n\t                    <\/div>\n\t                <\/div>\n                \t                <div class=\"item-blog \">\n\t                    <div class=\"inner\">\n\t                    \t\t                        \t<span class=\"date\">5 czerwca<\/span>\n\t                        \t                        <h3><a href=\"https:\/\/gorkakoscielnicka.pl\/?p=777\">Og\u0142oszenia duszpasterskie 06.06.2021<\/a><\/h3>\n\t                        <span class=\"desc\"><\/span>\n\t                    <\/div>\n\t                <\/div>\n                \t                <div class=\"item-blog even\">\n\t                    <div class=\"inner\">\n\t                    \t\t                        \t<span class=\"date\">5 czerwca<\/span>\n\t                        \t                        <h3><a href=\"https:\/\/gorkakoscielnicka.pl\/?p=771\">Intencje Mszy \u015aw. 07.06.21 &#8211; 13.06.21<\/a><\/h3>\n\t                        <span class=\"desc\"><\/span>\n\t                    <\/div>\n\t                <\/div>\n                \t                <div class=\"item-blog \">\n\t                    <div class=\"inner\">\n\t                    \t\t                        \t<span class=\"date\">3 czerwca<\/span>\n\t                        \t                        <h3><a href=\"https:\/\/gorkakoscielnicka.pl\/?p=1460\">Wolica Bo\u017ce Cia\u0142o 2021<\/a><\/h3>\n\t                        <span class=\"desc\"><\/span>\n\t                    <\/div>\n\t                <\/div>\n                \t                <div class=\"item-blog even\">\n\t                    <div class=\"inner\">\n\t                    \t\t                        \t<span class=\"date\">30 maja<\/span>\n\t                        \t                        <h3><a href=\"https:\/\/gorkakoscielnicka.pl\/?p=766\">Zapowiedzi nr 6\/2021<\/a><\/h3>\n\t                        <span class=\"desc\">Zapowiedzi<\/span>\n\t                    <\/div>\n\t                <\/div>\n                \t                <div class=\"item-blog \">\n\t                    <div class=\"inner\">\n\t                    \t\t                        \t<span class=\"date\">30 maja<\/span>\n\t                        \t                        <h3><a href=\"https:\/\/gorkakoscielnicka.pl\/?p=764\">Intencje Mszy \u015aw. 31.05.21 &#8211; 06.06.21<\/a><\/h3>\n\t                        <span class=\"desc\">Intencje Mszy \u015aw. 31.05.21...<\/span>\n\t                    <\/div>\n\t                <\/div>\n                \t                <div class=\"item-blog even\">\n\t                    <div class=\"inner\">\n\t                    \t\t                        \t<span class=\"date\">30 maja<\/span>\n\t                        \t                        <h3><a href=\"https:\/\/gorkakoscielnicka.pl\/?p=762\">Og\u0142oszenia duszpasterskie 30.05.21<\/a><\/h3>\n\t                        <span class=\"desc\">UROCZYSTO\u015a\u0106 NAJ\u015aWI\u0118TSZEJ TR\u00d3JCY 1....<\/span>\n\t                    <\/div>\n\t                <\/div>\n                \t                <div class=\"item-blog \">\n\t                    <div class=\"inner\">\n\t                    \t\t                        \t<span class=\"date\">22 maja<\/span>\n\t                        \t                        <h3><a href=\"https:\/\/gorkakoscielnicka.pl\/?p=759\">Zapowiedzi 5\/2021<\/a><\/h3>\n\t                        <span class=\"desc\">Zapowiedzi<\/span>\n\t                    <\/div>\n\t                <\/div>\n                \t                <div class=\"item-blog even\">\n\t                    <div class=\"inner\">\n\t                    \t\t                        \t<span class=\"date\">22 maja<\/span>\n\t                        \t                        <h3><a href=\"https:\/\/gorkakoscielnicka.pl\/?p=757\">Intencje Mszy \u015aw. 24.05.21 &#8211; 30.05.21<\/a><\/h3>\n\t                        <span class=\"desc\">Intencje Mszy \u015aw. 24.05.21...<\/span>\n\t                    <\/div>\n\t                <\/div>\n                \t                <div class=\"item-blog \">\n\t                    <div class=\"inner\">\n\t                    \t\t                        \t<span class=\"date\">22 maja<\/span>\n\t                        \t                        <h3><a href=\"https:\/\/gorkakoscielnicka.pl\/?p=755\">Og\u0142oszenia duszpasterskie 23.05.21<\/a><\/h3>\n\t                        <span class=\"desc\">OG\u0141OSZENIA DUSZPASTERSKIE W PARAFII...<\/span>\n\t                    <\/div>\n\t                <\/div>\n                \t                <div class=\"item-blog even\">\n\t                    <div class=\"inner\">\n\t                    \t\t                        \t<span class=\"date\">15 maja<\/span>\n\t                        \t                        <h3><a href=\"https:\/\/gorkakoscielnicka.pl\/?p=749\">Zapowiedzi nr 4\/2021<\/a><\/h3>\n\t                        <span class=\"desc\">Zapowiedzi<\/span>\n\t                    <\/div>\n\t                <\/div>\n                \t                <div class=\"item-blog \">\n\t                    <div class=\"inner\">\n\t                    \t\t                        \t<span class=\"date\">15 maja<\/span>\n\t                        \t                        <h3><a href=\"https:\/\/gorkakoscielnicka.pl\/?p=747\">Intencje Mszy \u015aw. 17.05.21 &#8211; 23.05.21<\/a><\/h3>\n\t                        <span class=\"desc\">Intencje Mszy \u015aw. 17.05.21...<\/span>\n\t                    <\/div>\n\t                <\/div>\n                \t                <div class=\"item-blog even\">\n\t                    <div class=\"inner\">\n\t                    \t\t                        \t<span class=\"date\">15 maja<\/span>\n\t                        \t                        <h3><a href=\"https:\/\/gorkakoscielnicka.pl\/?p=745\">Og\u0142oszenia duszpasterskie 16.05.2021<\/a><\/h3>\n\t                        <span class=\"desc\">WNIEBOWST\u0104PIENIE PA\u0143SKIE 1. Uroczysto\u015b\u0107...<\/span>\n\t                    <\/div>\n\t                <\/div>\n                \t                <div class=\"item-blog \">\n\t                    <div class=\"inner\">\n\t                    \t\t                        \t<span class=\"date\">9 maja<\/span>\n\t                        \t                        <h3><a href=\"https:\/\/gorkakoscielnicka.pl\/?p=739\">Zapowiedzi nr 3\/2021<\/a><\/h3>\n\t                        <span class=\"desc\">Zapowiedzi<\/span>\n\t                    <\/div>\n\t                <\/div>\n                \t                <div class=\"item-blog even\">\n\t                    <div class=\"inner\">\n\t                    \t\t                        \t<span class=\"date\">9 maja<\/span>\n\t                        \t                        <h3><a href=\"https:\/\/gorkakoscielnicka.pl\/?p=737\">Intencje Mszy \u015aw. 10.05.21 &#8211; 16.05.21<\/a><\/h3>\n\t                        <span class=\"desc\">Intencje Mszy \u015aw. 10.05.21...<\/span>\n\t                    <\/div>\n\t                <\/div>\n                \t                <div class=\"item-blog \">\n\t                    <div class=\"inner\">\n\t                    \t\t                        \t<span class=\"date\">8 maja<\/span>\n\t                        \t                        <h3><a href=\"https:\/\/gorkakoscielnicka.pl\/?p=735\">Og\u0142oszenia duszpasterskie 09.05.2021<\/a><\/h3>\n\t                        <span class=\"desc\">Og\u0142oszenia duszpasterskie 09.05.2021<\/span>\n\t                    <\/div>\n\t                <\/div>\n                \t                <div class=\"item-blog even\">\n\t                    <div class=\"inner\">\n\t                    \t\t                        \t<span class=\"date\">1 maja<\/span>\n\t                        \t                        <h3><a href=\"https:\/\/gorkakoscielnicka.pl\/?p=724\">Zapowiedzi 2\/2021<\/a><\/h3>\n\t                        <span class=\"desc\">Zapowiedzi<\/span>\n\t                    <\/div>\n\t                <\/div>\n                \t                <div class=\"item-blog \">\n\t                    <div class=\"inner\">\n\t                    \t\t                        \t<span class=\"date\">1 maja<\/span>\n\t                        \t                        <h3><a href=\"https:\/\/gorkakoscielnicka.pl\/?p=722\">Intencje Mszy \u015aw. 03.05.21 &#8211; 09.05.21<\/a><\/h3>\n\t                        <span class=\"desc\">Intencje Mszy \u015aw. 03.05.21...<\/span>\n\t                    <\/div>\n\t                <\/div>\n                \t                <div class=\"item-blog even\">\n\t                    <div class=\"inner\">\n\t                    \t\t                        \t<span class=\"date\">1 maja<\/span>\n\t                        \t                        <h3><a href=\"https:\/\/gorkakoscielnicka.pl\/?p=720\">Og\u0142oszenia duszpasterskie 02.05.2021<\/a><\/h3>\n\t                        <span class=\"desc\">\u00a0V\u00a0NIEDZIELA\u00a0\u00a0WIELKANOCNA 1. Ko\u015bci\u00f3\u0142 jest...<\/span>\n\t                    <\/div>\n\t                <\/div>\n                \t                <div class=\"item-blog \">\n\t                    <div class=\"inner\">\n\t                    \t\t                        \t<span class=\"date\">23 kwietnia<\/span>\n\t                        \t                        <h3><a href=\"https:\/\/gorkakoscielnicka.pl\/?p=717\">Intencje Mszy \u015aw. 26.04.21 &#8211; 02.05.21<\/a><\/h3>\n\t                        <span class=\"desc\">Intencje Mszy \u015aw. 26.04.21...<\/span>\n\t                    <\/div>\n\t                <\/div>\n                \t                <div class=\"item-blog even\">\n\t                    <div class=\"inner\">\n\t                    \t\t                        \t<span class=\"date\">23 kwietnia<\/span>\n\t                        \t                        <h3><a href=\"https:\/\/gorkakoscielnicka.pl\/?p=715\">Og\u0142oszenia duszpasterskie 25.04.2021<\/a><\/h3>\n\t                        <span class=\"desc\">IV\u00a0NIEDZIELA\u00a0\u00a0WIELKANOCNA 1. Prze\u017cywamy dzi\u015b&nbsp;Niedziel\u0119...<\/span>\n\t                    <\/div>\n\t                <\/div>\n                \t                <div class=\"item-blog \">\n\t                    <div class=\"inner\">\n\t                    \t\t                        \t<span class=\"date\">17 kwietnia<\/span>\n\t                        \t                        <h3><a href=\"https:\/\/gorkakoscielnicka.pl\/?p=709\">Og\u0142oszenia duszpasterskie 18.04.2021<\/a><\/h3>\n\t                        <span class=\"desc\">III&nbsp;NIEDZIELA&nbsp;&nbsp;WIELKANOCNA 1. Jeste\u015bmy Ko\u015bcio\u0142em...<\/span>\n\t                    <\/div>\n\t                <\/div>\n                \t                <div class=\"item-blog even\">\n\t                    <div class=\"inner\">\n\t                    \t\t                        \t<span class=\"date\">17 kwietnia<\/span>\n\t                        \t                        <h3><a href=\"https:\/\/gorkakoscielnicka.pl\/?p=710\">Intencje Mszy \u015aw. 19.04.21 &#8211; 25.04.21<\/a><\/h3>\n\t                        <span class=\"desc\">Intencje Mszy \u015aw. 19.04.21...<\/span>\n\t                    <\/div>\n\t                <\/div>\n                \t                <div class=\"item-blog \">\n\t                    <div class=\"inner\">\n\t                    \t\t                        \t<span class=\"date\">10 kwietnia<\/span>\n\t                        \t                        <h3><a href=\"https:\/\/gorkakoscielnicka.pl\/?p=704\">Zapowiedzi 1\/2021<\/a><\/h3>\n\t                        <span class=\"desc\">Zapowiedzi<\/span>\n\t                    <\/div>\n\t                <\/div>\n                \t                <div class=\"item-blog even\">\n\t                    <div class=\"inner\">\n\t                    \t\t                        \t<span class=\"date\">10 kwietnia<\/span>\n\t                        \t                        <h3><a href=\"https:\/\/gorkakoscielnicka.pl\/?p=702\">Intencje Mszy \u015aw. 12.04.21 &#8211; 18.04.21<\/a><\/h3>\n\t                        <span class=\"desc\">Intencje Mszy \u015aw. 12.04.21...<\/span>\n\t                    <\/div>\n\t                <\/div>\n                \t                <div class=\"item-blog \">\n\t                    <div class=\"inner\">\n\t                    \t\t                        \t<span class=\"date\">10 kwietnia<\/span>\n\t                        \t                        <h3><a href=\"https:\/\/gorkakoscielnicka.pl\/?p=700\">Og\u0142oszenia duszpasterskie 11.04.2021<\/a><\/h3>\n\t                        <span class=\"desc\">\u00a0NIEDZIELA\u00a0\u00a0MI\u0141OSIERDZIA\u00a0\u00a0BO\u017bEGO 1. Dzi\u015b przypada...<\/span>\n\t                    <\/div>\n\t                <\/div>\n                \t                <div class=\"item-blog even\">\n\t                    <div class=\"inner\">\n\t                    \t\t                        \t<span class=\"date\">7 kwietnia<\/span>\n\t                        \t                        <h3><a href=\"https:\/\/gorkakoscielnicka.pl\/?p=697\">2021 Triduum Paschalne<\/a><\/h3>\n\t                        <span class=\"desc\"><\/span>\n\t                    <\/div>\n\t                <\/div>\n                \t                <div class=\"item-blog \">\n\t                    <div class=\"inner\">\n\t                    \t\t                        \t<span class=\"date\">3 kwietnia<\/span>\n\t                        \t                        <h3><a href=\"https:\/\/gorkakoscielnicka.pl\/?p=377\">Intencje Mszy \u015aw. 05.04.21 &#8211; 11.04.21<\/a><\/h3>\n\t                        <span class=\"desc\">Intencje Mszy \u015aw. 05.04.21...<\/span>\n\t                    <\/div>\n\t                <\/div>\n                \t                <div class=\"item-blog even\">\n\t                    <div class=\"inner\">\n\t                    \t\t                        \t<span class=\"date\">3 kwietnia<\/span>\n\t                        \t                        <h3><a href=\"https:\/\/gorkakoscielnicka.pl\/?p=375\">Og\u0142oszenia duszpasterskie 04.04.2021<\/a><\/h3>\n\t                        <span class=\"desc\">OG\u0141OSZENIA DUSZPASTERSKIE W PARAFII...<\/span>\n\t                    <\/div>\n\t                <\/div>\n                \t                <div class=\"item-blog \">\n\t                    <div class=\"inner\">\n\t                    \t\t                        \t<span class=\"date\">27 marca<\/span>\n\t                        \t                        <h3><a href=\"https:\/\/gorkakoscielnicka.pl\/?p=363\">Adoracja Pana Jezusa w Grobie 2021<\/a><\/h3>\n\t                        <span class=\"desc\">Harmonogram Adoracji Pana Jezusa\nw...<\/span>\n\t                    <\/div>\n\t                <\/div>\n                \t                <div class=\"item-blog even\">\n\t                    <div class=\"inner\">\n\t                    \t\t                        \t<span class=\"date\">27 marca<\/span>\n\t                        \t                        <h3><a href=\"https:\/\/gorkakoscielnicka.pl\/?p=361\">Po\u015bwi\u0119cenie pokarm\u00f3w<\/a><\/h3>\n\t                        <span class=\"desc\">Harmonogram po\u015bwi\u0119cenia pokarm\u00f3w.<\/span>\n\t                    <\/div>\n\t                <\/div>\n                \t                <div class=\"item-blog \">\n\t                    <div class=\"inner\">\n\t                    \t\t                        \t<span class=\"date\">27 marca<\/span>\n\t                        \t                        <h3><a href=\"https:\/\/gorkakoscielnicka.pl\/?p=358\">Intencje Mszy \u015aw. 29.03.2021 &#8211; 04.04.2021<\/a><\/h3>\n\t                        <span class=\"desc\">Intencje Mszy \u015aw. 29.03.2021...<\/span>\n\t                    <\/div>\n\t                <\/div>\n                \t                <div class=\"item-blog even\">\n\t                    <div class=\"inner\">\n\t                    \t\t                        \t<span class=\"date\">27 marca<\/span>\n\t                        \t                        <h3><a href=\"https:\/\/gorkakoscielnicka.pl\/?p=355\">Og\u0142oszenia duszpasterskie 28.03.2021<\/a><\/h3>\n\t                        <span class=\"desc\">NIEDZIELA PALMOWA&nbsp;&nbsp;M\u0118KI PA\u0143SKIEJ 1....<\/span>\n\t                    <\/div>\n\t                <\/div>\n                \t                <div class=\"item-blog \">\n\t                    <div class=\"inner\">\n\t                    \t\t                        \t<span class=\"date\">22 marca<\/span>\n\t                        \t                        <h3><a href=\"https:\/\/gorkakoscielnicka.pl\/?p=323\">2021 &#8211; Rekolekcje<\/a><\/h3>\n\t                        <span class=\"desc\">Rekolekcje prowadzi\u0142 ks. Ryszard...<\/span>\n\t                    <\/div>\n\t                <\/div>\n                \t                <div class=\"item-blog even\">\n\t                    <div class=\"inner\">\n\t                    \t\t                        \t<span class=\"date\">20 marca<\/span>\n\t                        \t                        <h3><a href=\"https:\/\/gorkakoscielnicka.pl\/?p=295\">Intencje Mszy \u015aw. 22.03.2021 &#8211; 28.03.2021<\/a><\/h3>\n\t                        <span class=\"desc\">Aktualne Intencje Mszy \u015aw.<\/span>\n\t                    <\/div>\n\t                <\/div>\n                \t                <div class=\"item-blog \">\n\t                    <div class=\"inner\">\n\t                    \t\t                        \t<span class=\"date\">20 marca<\/span>\n\t                        \t                        <h3><a href=\"https:\/\/gorkakoscielnicka.pl\/?p=293\">Og\u0142oszenia duszpasterskie 21.03.2021<\/a><\/h3>\n\t                        <span class=\"desc\">V NIEDZIELA WIELKIEGO POSTU...<\/span>\n\t                    <\/div>\n\t                <\/div>\n                \t                <div class=\"item-blog even\">\n\t                    <div class=\"inner\">\n\t                    \t\t                        \t<span class=\"date\">19 marca<\/span>\n\t                        \t                        <h3><a href=\"https:\/\/gorkakoscielnicka.pl\/?p=285\">2021 &#8211; Wielki Post &#8211; Ko\u015bci\u00f3\u0142 \u015aw. J\u00f3zefa<\/a><\/h3>\n\t                        <span class=\"desc\"><\/span>\n\t                    <\/div>\n\t                <\/div>\n                \t                <div class=\"item-blog \">\n\t                    <div class=\"inner\">\n\t                    \t\t                        \t<span class=\"date\">15 marca<\/span>\n\t                        \t                        <h3><a href=\"https:\/\/gorkakoscielnicka.pl\/?p=204\">Ko\u015bci\u00f3\u0142 Zabytkowy<\/a><\/h3>\n\t                        <span class=\"desc\"><\/span>\n\t                    <\/div>\n\t                <\/div>\n                \t                <div class=\"item-blog even\">\n\t                    <div class=\"inner\">\n\t                    \t\t                        \t<span class=\"date\">15 marca<\/span>\n\t                        \t                        <h3><a href=\"https:\/\/gorkakoscielnicka.pl\/?p=202\">Ko\u015bci\u00f3\u0142 \u015aw. J\u00f3zefa<\/a><\/h3>\n\t                        <span class=\"desc\"><\/span>\n\t                    <\/div>\n\t                <\/div>\n                \t                <div class=\"item-blog \">\n\t                    <div class=\"inner\">\n\t                    \t\t                        \t<span class=\"date\">15 marca<\/span>\n\t                        \t                        <h3><a href=\"https:\/\/gorkakoscielnicka.pl\/?p=199\">Kaplica Wolica<\/a><\/h3>\n\t                        <span class=\"desc\"><\/span>\n\t                    <\/div>\n\t                <\/div>\n                \t                <div class=\"item-blog even\">\n\t                    <div class=\"inner\">\n\t                    \t\t                        \t<span class=\"date\">15 marca<\/span>\n\t                        \t                        <h3><a href=\"https:\/\/gorkakoscielnicka.pl\/?p=175\">Historia parafii<\/a><\/h3>\n\t                        <span class=\"desc\">Z inicjatywy ks. J\u00f3zefa...<\/span>\n\t                    <\/div>\n\t                <\/div>\n                \t                <div class=\"item-blog \">\n\t                    <div class=\"inner\">\n\t                    \t\t                        \t<span class=\"date\">15 marca<\/span>\n\t                        \t                        <h3><a href=\"https:\/\/gorkakoscielnicka.pl\/?p=158\">Pogrzeb<\/a><\/h3>\n\t                        <span class=\"desc\">Sprawy zwi\u0105zane z pogrzebem...<\/span>\n\t                    <\/div>\n\t                <\/div>\n                \t                <div class=\"item-blog even\">\n\t                    <div class=\"inner\">\n\t                    \t\t                        \t<span class=\"date\">15 marca<\/span>\n\t                        \t                        <h3><a href=\"https:\/\/gorkakoscielnicka.pl\/?p=156\">Namaszczenie chorych<\/a><\/h3>\n\t                        <span class=\"desc\">Choruje kto\u015b w\u015br\u00f3d was?...<\/span>\n\t                    <\/div>\n\t                <\/div>\n                \t                <div class=\"item-blog \">\n\t                    <div class=\"inner\">\n\t                    \t\t                        \t<span class=\"date\">15 marca<\/span>\n\t                        \t                        <h3><a href=\"https:\/\/gorkakoscielnicka.pl\/?p=154\">Przygotowanie do ma\u0142\u017ce\u0144stwa<\/a><\/h3>\n\t                        <span class=\"desc\">Przygotowanie do sakramentu ma\u0142\u017ce\u0144stwa:...<\/span>\n\t                    <\/div>\n\t                <\/div>\n                \t                <div class=\"item-blog even\">\n\t                    <div class=\"inner\">\n\t                    \t\t                        \t<span class=\"date\">15 marca<\/span>\n\t                        \t                        <h3><a href=\"https:\/\/gorkakoscielnicka.pl\/?p=152\">I Komunia \u015awi\u0119ta<\/a><\/h3>\n\t                        <span class=\"desc\">I KOMUNIA \u015aWI\u0118TA W...<\/span>\n\t                    <\/div>\n\t                <\/div>\n                \t                <div class=\"item-blog \">\n\t                    <div class=\"inner\">\n\t                    \t\t                        \t<span class=\"date\">15 marca<\/span>\n\t                        \t                        <h3><a href=\"https:\/\/gorkakoscielnicka.pl\/?p=150\">Spowied\u017a<\/a><\/h3>\n\t                        <span class=\"desc\">Mo\u017cliwo\u015b\u0107 skorzystania z sakramentu...<\/span>\n\t                    <\/div>\n\t                <\/div>\n                \t                <div class=\"item-blog even\">\n\t                    <div class=\"inner\">\n\t                    \t\t                        \t<span class=\"date\">13 marca<\/span>\n\t                        \t                        <h3><a href=\"https:\/\/gorkakoscielnicka.pl\/?p=145\">Rekolekcje Wielkopostne 14.03.21 &#8211; 16.03.21<\/a><\/h3>\n\t                        <span class=\"desc\">Aktualny program Rekolekcji Wielkopostnych<\/span>\n\t                    <\/div>\n\t                <\/div>\n                \t                <div class=\"item-blog \">\n\t                    <div class=\"inner\">\n\t                    \t\t                        \t<span class=\"date\">13 marca<\/span>\n\t                        \t                        <h3><a href=\"https:\/\/gorkakoscielnicka.pl\/?p=143\">Intencje Mszy \u015aw. 15.03.21 &#8211; 21.03.21<\/a><\/h3>\n\t                        <span class=\"desc\">Intencje Mszy \u015aw. 15.03.21...<\/span>\n\t                    <\/div>\n\t                <\/div>\n                \t                <div class=\"item-blog even\">\n\t                    <div class=\"inner\">\n\t                    \t\t                        \t<span class=\"date\">13 marca<\/span>\n\t                        \t                        <h3><a href=\"https:\/\/gorkakoscielnicka.pl\/?p=141\">Og\u0142oszenia IV Niedziela Wielkiego Postu<\/a><\/h3>\n\t                        <span class=\"desc\">IV NIEDZIELA WIELKIEGO POSTU...<\/span>\n\t                    <\/div>\n\t                <\/div>\n                \t                <div class=\"item-blog \">\n\t                    <div class=\"inner\">\n\t                    \t\t                        \t<span class=\"date\">12 marca<\/span>\n\t                        \t                        <h3><a href=\"https:\/\/gorkakoscielnicka.pl\/?p=57\">Transmisja<\/a><\/h3>\n\t                        <span class=\"desc\"><\/span>\n\t                    <\/div>\n\t                <\/div>\n                \t                <div class=\"item-blog even\">\n\t                    <div class=\"inner\">\n\t                    \t\t                        \t<span class=\"date\">12 marca<\/span>\n\t                        \t                        <h3><a href=\"https:\/\/gorkakoscielnicka.pl\/?p=52\">Msza \u015awi\u0119ta<\/a><\/h3>\n\t                        <span class=\"desc\">Eucharystia jest \u201e\u017ar\u00f3d\u0142em i...<\/span>\n\t                    <\/div>\n\t                <\/div>\n                \t                <div class=\"item-blog \">\n\t                    <div class=\"inner\">\n\t                    \t\t                        \t<span class=\"date\">12 marca<\/span>\n\t                        \t                        <h3><a href=\"https:\/\/gorkakoscielnicka.pl\/?p=50\">Bierzmowanie<\/a><\/h3>\n\t                        <span class=\"desc\">Bierzmowanie okre\u015blane jest sakramentem...<\/span>\n\t                    <\/div>\n\t                <\/div>\n                \t                <div class=\"item-blog even\">\n\t                    <div class=\"inner\">\n\t                    \t\t                        \t<span class=\"date\">12 marca<\/span>\n\t                        \t                        <h3><a href=\"https:\/\/gorkakoscielnicka.pl\/?p=47\">Chrzest<\/a><\/h3>\n\t                        <span class=\"desc\">CHRZEST Co nale\u017cy przygotowa\u0107,...<\/span>\n\t                    <\/div>\n\t                <\/div>\n                \t                <div class=\"item-blog \">\n\t                    <div class=\"inner\">\n\t                    \t\t                        \t<span class=\"date\">12 marca<\/span>\n\t                        \t                        <h3><a href=\"https:\/\/gorkakoscielnicka.pl\/?p=1\">III NIEDZIELA WIELKIEGO POSTU<\/a><\/h3>\n\t                        <span class=\"desc\">III NIEDZIELA WIELKIEGO POSTU...<\/span>\n\t                    <\/div>\n\t                <\/div>\n                \t                <div class=\"item-blog even\">\n\t                    <div class=\"inner\">\n\t                    \t\t                        \t<span class=\"date\">19 lutego<\/span>\n\t                        \t                        <h3><a href=\"https:\/\/gorkakoscielnicka.pl\/?p=274\">2020 &#8211; Adwent i \u015awi\u0119ta Bo\u017cego Narodzenia<\/a><\/h3>\n\t                        <span class=\"desc\"><\/span>\n\t                    <\/div>\n\t                <\/div>\n                \t                <div class=\"item-blog \">\n\t                    <div class=\"inner\">\n\t                    \t\t                        \t<span class=\"date\">11 listopada<\/span>\n\t                        \t                        <h3><a href=\"https:\/\/gorkakoscielnicka.pl\/?p=1130\">Crouch goes Home to Jesus<\/a><\/h3>\n\t                        <span class=\"desc\">Lorem ipsum dolor sit...<\/span>\n\t                    <\/div>\n\t                <\/div>\n                \t                <div class=\"item-blog even\">\n\t                    <div class=\"inner\">\n\t                    \t\t                        \t<span class=\"date\">10 listopada<\/span>\n\t                        \t                        <h3><a href=\"https:\/\/gorkakoscielnicka.pl\/?p=1131\">Our Most Christian Congress?<\/a><\/h3>\n\t                        <span class=\"desc\">Lorem ipsum dolor sit...<\/span>\n\t                    <\/div>\n\t                <\/div>\n                \t                <div class=\"item-blog \">\n\t                    <div class=\"inner\">\n\t                    \t\t                        \t<span class=\"date\">9 listopada<\/span>\n\t                        \t                        <h3><a href=\"https:\/\/gorkakoscielnicka.pl\/?p=1128\">Lin: 'God Is Challenging Me!&#8217;<\/a><\/h3>\n\t                        <span class=\"desc\">Lorem ipsum dolor sit...<\/span>\n\t                    <\/div>\n\t                <\/div>\n                \t                <div class=\"item-blog even\">\n\t                    <div class=\"inner\">\n\t                    \t\t                        \t<span class=\"date\">8 listopada<\/span>\n\t                        \t                        <h3><a href=\"https:\/\/gorkakoscielnicka.pl\/?p=1129\">10 Bible Verses for 2017<\/a><\/h3>\n\t                        <span class=\"desc\">Lorem ipsum dolor sit...<\/span>\n\t                    <\/div>\n\t                <\/div>\n                \t                <div class=\"item-blog \">\n\t                    <div class=\"inner\">\n\t                    \t\t                        \t<span class=\"date\">4 lutego<\/span>\n\t                        \t                        <h3><a href=\"https:\/\/gorkakoscielnicka.pl\/?p=1132\">Paris Hostage Crises Over<\/a><\/h3>\n\t                        <span class=\"desc\">Lorem ipsum dolor sit...<\/span>\n\t                    <\/div>\n\t                <\/div>\n                \t                <div class=\"item-blog even\">\n\t                    <div class=\"inner\">\n\t                    \t\t                        \t<span class=\"date\">3 lutego<\/span>\n\t                        \t                        <h3><a href=\"https:\/\/gorkakoscielnicka.pl\/?p=1133\">Mitt Romney 'S Presidential Run<\/a><\/h3>\n\t                        <span class=\"desc\">Lorem ipsum dolor sit...<\/span>\n\t                    <\/div>\n\t                <\/div>\n                \t                <div class=\"item-blog \">\n\t                    <div class=\"inner\">\n\t                    \t\t                        \t<span class=\"date\">1 lutego<\/span>\n\t                        \t                        <h3><a href=\"https:\/\/gorkakoscielnicka.pl\/?p=1134\">5 Million Join Jesus Parade<\/a><\/h3>\n\t                        <span class=\"desc\">Lorem ipsum dolor sit...<\/span>\n\t                    <\/div>\n\t                <\/div>\n                \t                <div class=\"item-blog even\">\n\t                    <div class=\"inner\">\n\t                    \t\t                        \t<span class=\"date\">4 stycznia<\/span>\n\t                        \t                        <h3><a href=\"https:\/\/gorkakoscielnicka.pl\/?p=1135\">Does Science Point to God?<\/a><\/h3>\n\t                        <span class=\"desc\">Lorem ipsum dolor sit...<\/span>\n\t                    <\/div>\n\t                <\/div>\n                            <\/div>\n        <\/div>\n    <\/div>\n    <div class=\"clearfix\"><\/div>\n\n[\/vc_column][\/vc_row]<\/p>\n","protected":false},"excerpt":{"rendered":"<p>[vc_row fullwidth=&#8221;yes&#8221; css=&#8221;.vc_custom_1501668917565{padding-top: 0px !important;padding-bottom: 0px !important;}&#8221;][vc_column][\/vc_column][\/vc_row][vc_row css=&#8221;.vc_custom_1687037486292{border-radius: 2px !important;}&#8221;][vc_column width=&#8221;1\/3&#8243;][\/vc_column][vc_column width=&#8221;1\/3&#8243; animate=&#8221;fadein&#8221; offset=&#8221;vc_col-lg-4&#8243;][\/vc_column][vc_column width=&#8221;1\/3&#8243;][vc_wp_search title=&#8221;Szukaj&#8221;][\/vc_column][\/vc_row][vc_row disable_element=&#8221;yes&#8221; fullwidth=&#8221;yes&#8221; el_class=&#8221;bg-color&#8221; css=&#8221;.vc_custom_1687032216888{padding-top: 0px !important;padding-bottom: 0px !important;}&#8221;][vc_column][\/vc_column][\/vc_row][vc_row disable_element=&#8221;yes&#8221; css=&#8221;.vc_custom_1687032327717{padding-top: 45px !important;padding-bottom: 45px !important;background-color: [&hellip;]<\/p>\n","protected":false},"author":1,"featured_media":0,"parent":0,"menu_order":0,"comment_status":"closed","ping_status":"closed","template":"page-templates\/template-canvas.php","meta":{"om_disable_all_campaigns":false,"_uag_custom_page_level_css":"","ngg_post_thumbnail":0,"footnotes":""},"class_list":["post-1109","page","type-page","status-publish","hentry"],"guten_post_layout_featured_media_urls":{"full":false,"thumbnail":false,"medium":false,"medium_large":false,"large":false,"1536x1536":false,"2048x2048":false,"guten_post_layout_landscape_large":false,"guten_post_layout_portrait_large":false,"guten_post_layout_square_large":false,"guten_post_layout_landscape":false,"guten_post_layout_portrait":false,"guten_post_layout_square":false,"events-homepage-thumb":false,"woocommerce_thumbnail":false,"woocommerce_single":false,"woocommerce_gallery_thumbnail":false,"shop_catalog":false,"shop_single":false,"shop_thumbnail":false},"uagb_featured_image_src":{"full":false,"thumbnail":false,"medium":false,"medium_large":false,"large":false,"1536x1536":false,"2048x2048":false,"guten_post_layout_landscape_large":false,"guten_post_layout_portrait_large":false,"guten_post_layout_square_large":false,"guten_post_layout_landscape":false,"guten_post_layout_portrait":false,"guten_post_layout_square":false,"events-homepage-thumb":false,"woocommerce_thumbnail":false,"woocommerce_single":false,"woocommerce_gallery_thumbnail":false,"shop_catalog":false,"shop_single":false,"shop_thumbnail":false},"uagb_author_info":{"display_name":"admin9110","author_link":"https:\/\/gorkakoscielnicka.pl\/?author=1"},"uagb_comment_info":0,"uagb_excerpt":"[vc_row fullwidth=&#8221;yes&#8221; css=&#8221;.vc_custom_1501668917565{padding-top: 0px !important;padding-bottom: 0px !important;}&#8221;][vc_column][\/vc_column][\/vc_row][vc_row css=&#8221;.vc_custom_1687037486292{border-radius: 2px !important;}&#8221;][vc_column width=&#8221;1\/3&#8243;][\/vc_column][vc_column width=&#8221;1\/3&#8243; animate=&#8221;fadein&#8221; offset=&#8221;vc_col-lg-4&#8243;][\/vc_column][vc_column width=&#8221;1\/3&#8243;][vc_wp_search title=&#8221;Szukaj&#8221;][\/vc_column][\/vc_row][vc_row disable_element=&#8221;yes&#8221; fullwidth=&#8221;yes&#8221; el_class=&#8221;bg-color&#8221; css=&#8221;.vc_custom_1687032216888{padding-top: 0px !important;padding-bottom: 0px !important;}&#8221;][vc_column][\/vc_column][\/vc_row][vc_row disable_element=&#8221;yes&#8221; css=&#8221;.vc_custom_1687032327717{padding-top: 45px !important;padding-bottom: 45px !important;background-color: [&hellip;]","jetpack_sharing_enabled":true,"_links":{"self":[{"href":"https:\/\/gorkakoscielnicka.pl\/index.php?rest_route=\/wp\/v2\/pages\/1109","targetHints":{"allow":["GET"]}}],"collection":[{"href":"https:\/\/gorkakoscielnicka.pl\/index.php?rest_route=\/wp\/v2\/pages"}],"about":[{"href":"https:\/\/gorkakoscielnicka.pl\/index.php?rest_route=\/wp\/v2\/types\/page"}],"author":[{"embeddable":true,"href":"https:\/\/gorkakoscielnicka.pl\/index.php?rest_route=\/wp\/v2\/users\/1"}],"replies":[{"embeddable":true,"href":"https:\/\/gorkakoscielnicka.pl\/index.php?rest_route=%2Fwp%2Fv2%2Fcomments&post=1109"}],"version-history":[{"count":177,"href":"https:\/\/gorkakoscielnicka.pl\/index.php?rest_route=\/wp\/v2\/pages\/1109\/revisions"}],"predecessor-version":[{"id":4954,"href":"https:\/\/gorkakoscielnicka.pl\/index.php?rest_route=\/wp\/v2\/pages\/1109\/revisions\/4954"}],"wp:attachment":[{"href":"https:\/\/gorkakoscielnicka.pl\/index.php?rest_route=%2Fwp%2Fv2%2Fmedia&parent=1109"}],"curies":[{"name":"wp","href":"https:\/\/api.w.org\/{rel}","templated":true}]}}